{"version":"1.0","provider_name":"Haus am Strom","provider_url":"https:\/\/www.hausamstrom.de\/cs\/","author_name":"Haus am Strom Redaktion","author_url":"https:\/\/www.hausamstrom.de\/cs\/author\/eidechse-has\/","title":"trvalka obl\u00edben\u00e1 - Haus am Strom","type":"rich","width":600,"height":338,"html":"<blockquote class=\"wp-embedded-content\" data-secret=\"X1oVGxeLh6\"><a href=\"https:\/\/www.hausamstrom.de\/cs\/program\/zajisten\/trvalka-oblibena\/\">trvalka obl\u00edben\u00e1<\/a><\/blockquote><iframe sandbox=\"allow-scripts\" security=\"restricted\" src=\"https:\/\/www.hausamstrom.de\/cs\/program\/zajisten\/trvalka-oblibena\/embed\/#?secret=X1oVGxeLh6\" width=\"600\" height=\"338\" title=\"&#8222;trvalka obl\u00edben\u00e1&#8220; &#8212; Haus am Strom\" data-secret=\"X1oVGxeLh6\" frameborder=\"0\" marginwidth=\"0\" marginheight=\"0\" scrolling=\"no\" class=\"wp-embedded-content\"><\/iframe><script type=\"text\/javascript\">\n\/* <![CDATA[ *\/\n\/*! This file is auto-generated *\/\n!function(d,l){\"use strict\";l.querySelector&&d.addEventListener&&\"undefined\"!=typeof URL&&(d.wp=d.wp||{},d.wp.receiveEmbedMessage||(d.wp.receiveEmbedMessage=function(e){var t=e.data;if((t||t.secret||t.message||t.value)&&!\/[^a-zA-Z0-9]\/.test(t.secret)){for(var s,r,n,a=l.querySelectorAll('iframe[data-secret=\"'+t.secret+'\"]'),o=l.querySelectorAll('blockquote[data-secret=\"'+t.secret+'\"]'),c=new RegExp(\"^https?:$\",\"i\"),i=0;i<o.length;i++)o[i].style.display=\"none\";for(i=0;i<a.length;i++)s=a[i],e.source===s.contentWindow&&(s.removeAttribute(\"style\"),\"height\"===t.message?(1e3<(r=parseInt(t.value,10))?r=1e3:~~r<200&&(r=200),s.height=r):\"link\"===t.message&&(r=new URL(s.getAttribute(\"src\")),n=new URL(t.value),c.test(n.protocol))&&n.host===r.host&&l.activeElement===s&&(d.top.location.href=t.value))}},d.addEventListener(\"message\",d.wp.receiveEmbedMessage,!1),l.addEventListener(\"DOMContentLoaded\",function(){for(var e,t,s=l.querySelectorAll(\"iframe.wp-embedded-content\"),r=0;r<s.length;r++)(t=(e=s[r]).getAttribute(\"data-secret\"))||(t=Math.random().toString(36).substring(2,12),e.src+=\"#?secret=\"+t,e.setAttribute(\"data-secret\",t)),e.contentWindow.postMessage({message:\"ready\",secret:t},\"*\")},!1)))}(window,document);\n\/\/# sourceURL=https:\/\/www.hausamstrom.de\/wp-includes\/js\/wp-embed.min.js\n\/* ]]> *\/\n<\/script>\n","description":"[vc_row][vc_column width=\u201d1\/3\u2033][vc_single_image image=\u201d6006\u2033 img_size=\u201dmedium\u201d alignment=\u201dcenter\u201d][\/vc_column][vc_column width=\u201d2\/3\u2033][vc_column_text] Vstup do sv\u011bta vodn\u00ed dobrodru\u017estv\u00ed [\/vc_column_text][vc_btn title=\u201d\u010d\u00edst d\u00e1l\u201d color=\u201dprimary\u201d css=\u201d\u201d link=\u201durl:https%3A%2F%2Fwww.hausamstrom.de%2Fcs%2Ftrvalka-oblibena%2Fvstup-na-experimentalni-vystavu%2F\u201d][\/vc_column][\/vc_row][vc_row][vc_column][vc_separator][\/vc_column][\/vc_row][vc_row][vc_column width=\u201d1\/3\u2033][vc_single_image image=\u201d5037\u2033 img_size=\u201dmedium\u201d alignment=\u201dcenter\u201d][\/vc_column][vc_column width=\u201d2\/3\u2033][vc_column_text] Komentovan\u00e1 prohl\u00eddka vodn\u00edm dobrodru\u017en\u00fdm sv\u011btem [\/vc_column_text][vc_btn title=\u201d\u010d\u00edst d\u00e1l\u201d color=\u201dprimary\u201d css=\u201d\u201d link=\u201durl:https%3A%2F%2Fhausamstrom.de%2Fprogramm%2Fbuchbares%2Fdauerbrenner%2Ffuehrung-durch-die-erlebnisausstellung%2F\u201d][\/vc_column][\/vc_row][vc_row][vc_column][vc_separator][\/vc_column][\/vc_row][vc_row][vc_column width=\u201d1\/3\u2033][vc_single_image image=\u201d6008\u2033 img_size=\u201dmedium\u201d alignment=\u201dcenter\u201d][\/vc_column][vc_column width=\u201d2\/3\u2033][vc_column_text] Komentovan\u00e1 prohl\u00eddka p\u0159\u00edrodn\u00ed rezervace [\/vc_column_text][vc_btn title=\u201d\u010d\u00edst d\u00e1l\u201d color=\u201dprimary\u201d css=\u201d\u201d link=\u201durl:https%3A%2F%2Fhausamstrom.de%2Fprogramm%2Fbuchbares%2Fdauerbrenner%2Fim-tal-der-echsen-und-schlangen-fuehrung-durch-das-naturschutzgebiet%2F\u201d][\/vc_column][\/vc_row][vc_row][vc_column][vc_separator][\/vc_column][\/vc_row][vc_row][vc_column width=\u201d1\/3\u2033][vc_single_image image=\u201d6108\u2033 img_size=\u201dmedium\u201d alignment=\u201dcenter\u201d][\/vc_column][vc_column width=\u201d2\/3\u2033][vc_column_text] Vodn\u00ed elektr\u00e1rna [&hellip;]"}