{"id":6927,"date":"2020-05-04T16:35:45","date_gmt":"2020-05-04T14:35:45","guid":{"rendered":"https:\/\/www.hausamstrom.de\/dum\/ekologicka-stanice\/"},"modified":"2020-08-26T14:48:02","modified_gmt":"2020-08-26T12:48:02","slug":"ekologicka-stanice","status":"publish","type":"page","link":"https:\/\/www.hausamstrom.de\/cs\/dum\/ekologicka-stanice\/","title":{"rendered":"Ekologick\u00e1 stanice"},"content":{"rendered":"<div class=\"wpb-content-wrapper\"><p>[vc_row][vc_column][vc_single_image image=&#8221;5066&#8243; img_size=&#8221;large&#8221;][\/vc_column][\/vc_row][vc_row][vc_column][vc_column_text]<br \/>\n<strong>D\u016fm u proudu \u0159eky<\/strong><strong> \u2013 udr\u017eiteln\u011b za\u017e\u00edt v\u00edce <\/strong><br \/>\n[\/vc_column_text][\/vc_column][\/vc_row][vc_row][vc_column][vc_single_image image=&#8221;6744&#8243; img_size=&#8221;medium&#8221;][\/vc_column][\/vc_row][vc_row][vc_column][vc_column_text]Environment\u00e1ln\u00ed vzd\u011bl\u00e1n\u00ed je kl\u00ed\u010dem k udr\u017eiteln\u00e9mu rozvoji na\u0161\u00ed spole\u010dnosti. Zna\u010dkou ov\u011b\u0159en\u00e9 kvality \u201eEnvironment\u00e1ln\u00ed vzd\u011bl\u00e1v\u00e1n\u00ed.Bavorsko\u201c ozna\u010duje bavorsk\u00e9 ministerstvo za\u0159\u00edzen\u00ed a s\u00edt\u011b v Bavorsku, kter\u00e9 nab\u00edzej\u00ed vysoce kvalitn\u00ed akce ve smyslu vzd\u011bl\u00e1v\u00e1n\u00ed pro udr\u017eiteln\u00fd rozvoj.<\/p>\n<p>&nbsp;<\/p>\n<p>D\u016fm u proudu \u0159eky z\u00edskal tuto zna\u010dku kvality. Krom\u011b toho jsme st\u00e1tem uzn\u00e1van\u00e1 environment\u00e1ln\u00ed vzd\u011bl\u00e1vac\u00ed stanice.<\/p>\n<p>&nbsp;<\/p>\n<p>P\u0159edpoklady pro takov\u00e9 ozna\u010den\u00ed jsou n\u00e1sleduj\u00edc\u00ed:<\/p>\n<ul>\n<li>podlo\u017een\u00fd pegagogick\u00fd koncept environment\u00e1ln\u00edho vzd\u011bl\u00e1v\u00e1n\u00ed<\/li>\n<li>mo\u017enost u\u010den\u00ed se vlastn\u00edm aktivn\u00edm jedn\u00e1n\u00edm<\/li>\n<li>v\u00fdcvik environment\u00e1ln\u00edho pov\u011bdom\u00ed a p\u0159ed\u00e1v\u00e1n\u00ed tv\u016fr\u010d\u00edch dovednost\u00ed<\/li>\n<li>dostate\u010dn\u00fd prostor a venkovn\u00ed prostor pro organizaci akc\u00ed<\/li>\n<li>pravideln\u00e1 \u00fa\u010dast na opat\u0159en\u00edch v oblasti kvalifikace a dal\u0161\u00edho vzd\u011bl\u00e1v\u00e1n\u00ed<\/li>\n<\/ul>\n<p>[\/vc_column_text][\/vc_column][\/vc_row]<\/p>\n<\/div>","protected":false},"excerpt":{"rendered":"<p>[vc_row][vc_column][vc_single_image image=&#8221;5066&#8243; img_size=&#8221;large&#8221;][\/vc_column][\/vc_row][vc_row][vc_column][vc_column_text] D\u016fm u proudu \u0159eky \u2013 udr\u017eiteln\u011b za\u017e\u00edt v\u00edce [\/vc_column_text][\/vc_column][\/vc_row][vc_row][vc_column][vc_single_image image=&#8221;6744&#8243; img_size=&#8221;medium&#8221;][\/vc_column][\/vc_row][vc_row][vc_column][vc_column_text]Environment\u00e1ln\u00ed vzd\u011bl\u00e1n\u00ed je kl\u00ed\u010dem k udr\u017eiteln\u00e9mu rozvoji na\u0161\u00ed spole\u010dnosti. Zna\u010dkou ov\u011b\u0159en\u00e9 kvality \u201eEnvironment\u00e1ln\u00ed vzd\u011bl\u00e1v\u00e1n\u00ed.Bavorsko\u201c ozna\u010duje bavorsk\u00e9 ministerstvo za\u0159\u00edzen\u00ed a s\u00edt\u011b v Bavorsku, kter\u00e9 nab\u00edzej\u00ed vysoce kvalitn\u00ed akce ve smyslu vzd\u011bl\u00e1v\u00e1n\u00ed pro udr\u017eiteln\u00fd rozvoj. &nbsp; D\u016fm u proudu \u0159eky z\u00edskal tuto zna\u010dku kvality. [&hellip;]<\/p>\n","protected":false},"author":1,"featured_media":0,"parent":6912,"menu_order":1,"comment_status":"closed","ping_status":"closed","template":"","meta":{"footnotes":""},"class_list":["post-6927","page","type-page","status-publish","hentry"],"yoast_head":"<!-- This site is optimized with the Yoast SEO plugin v27.5 - https:\/\/yoast.com\/product\/yoast-seo-wordpress\/ -->\n<title>Ekologick\u00e1 stanice - Haus am Strom<\/title>\n<meta name=\"robots\" content=\"index, follow, max-snippet:-1, max-image-preview:large, max-video-preview:-1\" \/>\n<link rel=\"canonical\" href=\"https:\/\/www.hausamstrom.de\/cs\/dum\/ekologicka-stanice\/\" \/>\n<meta property=\"og:locale\" content=\"cs_CZ\" \/>\n<meta property=\"og:type\" content=\"article\" \/>\n<meta property=\"og:title\" content=\"Ekologick\u00e1 stanice - Haus am Strom\" \/>\n<meta property=\"og:description\" content=\"[vc_row][vc_column][vc_single_image image=&#8221;5066&#8243; img_size=&#8221;large&#8221;][\/vc_column][\/vc_row][vc_row][vc_column][vc_column_text] D\u016fm u proudu \u0159eky \u2013 udr\u017eiteln\u011b za\u017e\u00edt v\u00edce [\/vc_column_text][\/vc_column][\/vc_row][vc_row][vc_column][vc_single_image image=&#8221;6744&#8243; img_size=&#8221;medium&#8221;][\/vc_column][\/vc_row][vc_row][vc_column][vc_column_text]Environment\u00e1ln\u00ed vzd\u011bl\u00e1n\u00ed je kl\u00ed\u010dem k udr\u017eiteln\u00e9mu rozvoji na\u0161\u00ed spole\u010dnosti. Zna\u010dkou ov\u011b\u0159en\u00e9 kvality \u201eEnvironment\u00e1ln\u00ed vzd\u011bl\u00e1v\u00e1n\u00ed.Bavorsko\u201c ozna\u010duje bavorsk\u00e9 ministerstvo za\u0159\u00edzen\u00ed a s\u00edt\u011b v Bavorsku, kter\u00e9 nab\u00edzej\u00ed vysoce kvalitn\u00ed akce ve smyslu vzd\u011bl\u00e1v\u00e1n\u00ed pro udr\u017eiteln\u00fd rozvoj. &nbsp; D\u016fm u proudu \u0159eky z\u00edskal tuto zna\u010dku kvality. [&hellip;]\" \/>\n<meta property=\"og:url\" content=\"https:\/\/www.hausamstrom.de\/cs\/dum\/ekologicka-stanice\/\" \/>\n<meta property=\"og:site_name\" content=\"Haus am Strom\" \/>\n<meta property=\"article:publisher\" content=\"https:\/\/www.facebook.com\/hausamstrom\" \/>\n<meta property=\"article:modified_time\" content=\"2020-08-26T12:48:02+00:00\" \/>\n<meta name=\"twitter:card\" content=\"summary_large_image\" \/>\n<meta name=\"twitter:label1\" content=\"Odhadovan\u00e1 doba \u010dten\u00ed\" \/>\n\t<meta name=\"twitter:data1\" content=\"1 minuta\" \/>\n<script type=\"application\/ld+json\" class=\"yoast-schema-graph\">{\"@context\":\"https:\\\/\\\/schema.org\",\"@graph\":[{\"@type\":\"WebPage\",\"@id\":\"https:\\\/\\\/www.hausamstrom.de\\\/cs\\\/dum\\\/ekologicka-stanice\\\/\",\"url\":\"https:\\\/\\\/www.hausamstrom.de\\\/cs\\\/dum\\\/ekologicka-stanice\\\/\",\"name\":\"Ekologick\u00e1 stanice - Haus am Strom\",\"isPartOf\":{\"@id\":\"https:\\\/\\\/www.hausamstrom.de\\\/de\\\/#website\"},\"datePublished\":\"2020-05-04T14:35:45+00:00\",\"dateModified\":\"2020-08-26T12:48:02+00:00\",\"breadcrumb\":{\"@id\":\"https:\\\/\\\/www.hausamstrom.de\\\/cs\\\/dum\\\/ekologicka-stanice\\\/#breadcrumb\"},\"inLanguage\":\"cs\",\"potentialAction\":[{\"@type\":\"ReadAction\",\"target\":[\"https:\\\/\\\/www.hausamstrom.de\\\/cs\\\/dum\\\/ekologicka-stanice\\\/\"]}]},{\"@type\":\"BreadcrumbList\",\"@id\":\"https:\\\/\\\/www.hausamstrom.de\\\/cs\\\/dum\\\/ekologicka-stanice\\\/#breadcrumb\",\"itemListElement\":[{\"@type\":\"ListItem\",\"position\":1,\"name\":\"Home\",\"item\":\"https:\\\/\\\/www.hausamstrom.de\\\/cs\\\/\"},{\"@type\":\"ListItem\",\"position\":2,\"name\":\"D\u016fm\",\"item\":\"https:\\\/\\\/www.hausamstrom.de\\\/cs\\\/dum\\\/\"},{\"@type\":\"ListItem\",\"position\":3,\"name\":\"Ekologick\u00e1 stanice\"}]},{\"@type\":\"WebSite\",\"@id\":\"https:\\\/\\\/www.hausamstrom.de\\\/de\\\/#website\",\"url\":\"https:\\\/\\\/www.hausamstrom.de\\\/de\\\/\",\"name\":\"Haus am Strom\",\"description\":\"Umweltbildungsstation im Passauer Donautal. Umweltbildung und Naturschutz f\u00fcr Kinder und Erwachsenen.\",\"publisher\":{\"@id\":\"https:\\\/\\\/www.hausamstrom.de\\\/de\\\/#organization\"},\"potentialAction\":[{\"@type\":\"SearchAction\",\"target\":{\"@type\":\"EntryPoint\",\"urlTemplate\":\"https:\\\/\\\/www.hausamstrom.de\\\/de\\\/?s={search_term_string}\"},\"query-input\":{\"@type\":\"PropertyValueSpecification\",\"valueRequired\":true,\"valueName\":\"search_term_string\"}}],\"inLanguage\":\"cs\"},{\"@type\":\"Organization\",\"@id\":\"https:\\\/\\\/www.hausamstrom.de\\\/de\\\/#organization\",\"name\":\"Haus am Strom\",\"url\":\"https:\\\/\\\/www.hausamstrom.de\\\/de\\\/\",\"logo\":{\"@type\":\"ImageObject\",\"inLanguage\":\"cs\",\"@id\":\"https:\\\/\\\/www.hausamstrom.de\\\/de\\\/#\\\/schema\\\/logo\\\/image\\\/\",\"url\":\"https:\\\/\\\/www.hausamstrom.de\\\/wp-content\\\/uploads\\\/2025\\\/06\\\/Logo-quadratisch-1024x1024.jpg\",\"contentUrl\":\"https:\\\/\\\/www.hausamstrom.de\\\/wp-content\\\/uploads\\\/2025\\\/06\\\/Logo-quadratisch-1024x1024.jpg\",\"width\":1024,\"height\":1024,\"caption\":\"Haus am Strom\"},\"image\":{\"@id\":\"https:\\\/\\\/www.hausamstrom.de\\\/de\\\/#\\\/schema\\\/logo\\\/image\\\/\"},\"sameAs\":[\"https:\\\/\\\/www.facebook.com\\\/hausamstrom\",\"https:\\\/\\\/www.instagram.com\\\/\"]}]}<\/script>\n<!-- \/ Yoast SEO plugin. -->","yoast_head_json":{"title":"Ekologick\u00e1 stanice - Haus am Strom","robots":{"index":"index","follow":"follow","max-snippet":"max-snippet:-1","max-image-preview":"max-image-preview:large","max-video-preview":"max-video-preview:-1"},"canonical":"https:\/\/www.hausamstrom.de\/cs\/dum\/ekologicka-stanice\/","og_locale":"cs_CZ","og_type":"article","og_title":"Ekologick\u00e1 stanice - Haus am Strom","og_description":"[vc_row][vc_column][vc_single_image image=&#8221;5066&#8243; img_size=&#8221;large&#8221;][\/vc_column][\/vc_row][vc_row][vc_column][vc_column_text] D\u016fm u proudu \u0159eky \u2013 udr\u017eiteln\u011b za\u017e\u00edt v\u00edce [\/vc_column_text][\/vc_column][\/vc_row][vc_row][vc_column][vc_single_image image=&#8221;6744&#8243; img_size=&#8221;medium&#8221;][\/vc_column][\/vc_row][vc_row][vc_column][vc_column_text]Environment\u00e1ln\u00ed vzd\u011bl\u00e1n\u00ed je kl\u00ed\u010dem k udr\u017eiteln\u00e9mu rozvoji na\u0161\u00ed spole\u010dnosti. Zna\u010dkou ov\u011b\u0159en\u00e9 kvality \u201eEnvironment\u00e1ln\u00ed vzd\u011bl\u00e1v\u00e1n\u00ed.Bavorsko\u201c ozna\u010duje bavorsk\u00e9 ministerstvo za\u0159\u00edzen\u00ed a s\u00edt\u011b v Bavorsku, kter\u00e9 nab\u00edzej\u00ed vysoce kvalitn\u00ed akce ve smyslu vzd\u011bl\u00e1v\u00e1n\u00ed pro udr\u017eiteln\u00fd rozvoj. &nbsp; D\u016fm u proudu \u0159eky z\u00edskal tuto zna\u010dku kvality. [&hellip;]","og_url":"https:\/\/www.hausamstrom.de\/cs\/dum\/ekologicka-stanice\/","og_site_name":"Haus am Strom","article_publisher":"https:\/\/www.facebook.com\/hausamstrom","article_modified_time":"2020-08-26T12:48:02+00:00","twitter_card":"summary_large_image","twitter_misc":{"Odhadovan\u00e1 doba \u010dten\u00ed":"1 minuta"},"schema":{"@context":"https:\/\/schema.org","@graph":[{"@type":"WebPage","@id":"https:\/\/www.hausamstrom.de\/cs\/dum\/ekologicka-stanice\/","url":"https:\/\/www.hausamstrom.de\/cs\/dum\/ekologicka-stanice\/","name":"Ekologick\u00e1 stanice - Haus am Strom","isPartOf":{"@id":"https:\/\/www.hausamstrom.de\/de\/#website"},"datePublished":"2020-05-04T14:35:45+00:00","dateModified":"2020-08-26T12:48:02+00:00","breadcrumb":{"@id":"https:\/\/www.hausamstrom.de\/cs\/dum\/ekologicka-stanice\/#breadcrumb"},"inLanguage":"cs","potentialAction":[{"@type":"ReadAction","target":["https:\/\/www.hausamstrom.de\/cs\/dum\/ekologicka-stanice\/"]}]},{"@type":"BreadcrumbList","@id":"https:\/\/www.hausamstrom.de\/cs\/dum\/ekologicka-stanice\/#breadcrumb","itemListElement":[{"@type":"ListItem","position":1,"name":"Home","item":"https:\/\/www.hausamstrom.de\/cs\/"},{"@type":"ListItem","position":2,"name":"D\u016fm","item":"https:\/\/www.hausamstrom.de\/cs\/dum\/"},{"@type":"ListItem","position":3,"name":"Ekologick\u00e1 stanice"}]},{"@type":"WebSite","@id":"https:\/\/www.hausamstrom.de\/de\/#website","url":"https:\/\/www.hausamstrom.de\/de\/","name":"Haus am Strom","description":"Umweltbildungsstation im Passauer Donautal. Umweltbildung und Naturschutz f\u00fcr Kinder und Erwachsenen.","publisher":{"@id":"https:\/\/www.hausamstrom.de\/de\/#organization"},"potentialAction":[{"@type":"SearchAction","target":{"@type":"EntryPoint","urlTemplate":"https:\/\/www.hausamstrom.de\/de\/?s={search_term_string}"},"query-input":{"@type":"PropertyValueSpecification","valueRequired":true,"valueName":"search_term_string"}}],"inLanguage":"cs"},{"@type":"Organization","@id":"https:\/\/www.hausamstrom.de\/de\/#organization","name":"Haus am Strom","url":"https:\/\/www.hausamstrom.de\/de\/","logo":{"@type":"ImageObject","inLanguage":"cs","@id":"https:\/\/www.hausamstrom.de\/de\/#\/schema\/logo\/image\/","url":"https:\/\/www.hausamstrom.de\/wp-content\/uploads\/2025\/06\/Logo-quadratisch-1024x1024.jpg","contentUrl":"https:\/\/www.hausamstrom.de\/wp-content\/uploads\/2025\/06\/Logo-quadratisch-1024x1024.jpg","width":1024,"height":1024,"caption":"Haus am Strom"},"image":{"@id":"https:\/\/www.hausamstrom.de\/de\/#\/schema\/logo\/image\/"},"sameAs":["https:\/\/www.facebook.com\/hausamstrom","https:\/\/www.instagram.com\/"]}]}},"_links":{"self":[{"href":"https:\/\/www.hausamstrom.de\/cs\/wp-json\/wp\/v2\/pages\/6927","targetHints":{"allow":["GET"]}}],"collection":[{"href":"https:\/\/www.hausamstrom.de\/cs\/wp-json\/wp\/v2\/pages"}],"about":[{"href":"https:\/\/www.hausamstrom.de\/cs\/wp-json\/wp\/v2\/types\/page"}],"author":[{"embeddable":true,"href":"https:\/\/www.hausamstrom.de\/cs\/wp-json\/wp\/v2\/users\/1"}],"replies":[{"embeddable":true,"href":"https:\/\/www.hausamstrom.de\/cs\/wp-json\/wp\/v2\/comments?post=6927"}],"version-history":[{"count":4,"href":"https:\/\/www.hausamstrom.de\/cs\/wp-json\/wp\/v2\/pages\/6927\/revisions"}],"predecessor-version":[{"id":8603,"href":"https:\/\/www.hausamstrom.de\/cs\/wp-json\/wp\/v2\/pages\/6927\/revisions\/8603"}],"up":[{"embeddable":true,"href":"https:\/\/www.hausamstrom.de\/cs\/wp-json\/wp\/v2\/pages\/6912"}],"wp:attachment":[{"href":"https:\/\/www.hausamstrom.de\/cs\/wp-json\/wp\/v2\/media?parent=6927"}],"curies":[{"name":"wp","href":"https:\/\/api.w.org\/{rel}","templated":true}]}}