{"id":6945,"date":"2020-05-04T17:00:33","date_gmt":"2020-05-04T15:00:33","guid":{"rendered":"https:\/\/www.hausamstrom.de\/trvalka-oblibena\/"},"modified":"2026-02-19T11:52:15","modified_gmt":"2026-02-19T10:52:15","slug":"trvalka-oblibena","status":"publish","type":"page","link":"https:\/\/www.hausamstrom.de\/cs\/program\/zajisten\/trvalka-oblibena\/","title":{"rendered":"trvalka obl\u00edben\u00e1"},"content":{"rendered":"<div class=\"wpb-content-wrapper\"><p>[vc_row][vc_column width=\u201d1\/3\u2033][vc_single_image image=\u201d6006\u2033 img_size=\u201dmedium\u201d alignment=\u201dcenter\u201d][\/vc_column][vc_column width=\u201d2\/3\u2033][vc_column_text]<\/p>\n<h3><span class=\"tlid-translation translation\" lang=\"cs\"><span class=\"\" title=\"\">Vstup do sv\u011bta vodn\u00ed dobrodru\u017estv\u00ed<\/span><\/span><\/h3>\n<p>[\/vc_column_text][vc_btn title=\u201d\u010d\u00edst d\u00e1l\u201d color=\u201dprimary\u201d css=\u201d\u201d link=\u201durl:https%3A%2F%2Fwww.hausamstrom.de%2Fcs%2Ftrvalka-oblibena%2Fvstup-na-experimentalni-vystavu%2F\u201d][\/vc_column][\/vc_row][vc_row][vc_column]<div id=\"1560012877081-84f6fca4-ff18\" class=\"dt-sc-empty-space\"><\/div>[vc_separator]<div id=\"1560012882269-3f185820-febe\" class=\"dt-sc-empty-space\"><\/div>[\/vc_column][\/vc_row][vc_row][vc_column width=\u201d1\/3\u2033][vc_single_image image=\u201d5037\u2033 img_size=\u201dmedium\u201d alignment=\u201dcenter\u201d][\/vc_column][vc_column width=\u201d2\/3\u2033][vc_column_text]<\/p>\n<h3><span class=\"tlid-translation translation\" lang=\"cs\"><span class=\"\" title=\"\">Komentovan\u00e1 prohl\u00eddka vodn\u00edm dobrodru\u017en\u00fdm sv\u011btem<\/span><\/span><\/h3>\n<p>[\/vc_column_text][vc_btn title=\u201d\u010d\u00edst d\u00e1l\u201d color=\u201dprimary\u201d css=\u201d\u201d link=\u201durl:https%3A%2F%2Fhausamstrom.de%2Fprogramm%2Fbuchbares%2Fdauerbrenner%2Ffuehrung-durch-die-erlebnisausstellung%2F\u201d][\/vc_column][\/vc_row][vc_row][vc_column]<div id=\"1560012891698-10b70138-7c45\" class=\"dt-sc-empty-space\"><\/div>[vc_separator]<div id=\"1560012891733-f9a77e16-bdaf\" class=\"dt-sc-empty-space\"><\/div>[\/vc_column][\/vc_row][vc_row][vc_column width=\u201d1\/3\u2033][vc_single_image image=\u201d6008\u2033 img_size=\u201dmedium\u201d alignment=\u201dcenter\u201d][\/vc_column][vc_column width=\u201d2\/3\u2033][vc_column_text]<\/p>\n<h3><span class=\"tlid-translation translation\" lang=\"cs\"><span class=\"\" title=\"\">Komentovan\u00e1 prohl\u00eddka p\u0159\u00edrodn\u00ed rezervace<\/span><\/span><\/h3>\n<p>[\/vc_column_text][vc_btn title=\u201d\u010d\u00edst d\u00e1l\u201d color=\u201dprimary\u201d css=\u201d\u201d link=\u201durl:https%3A%2F%2Fhausamstrom.de%2Fprogramm%2Fbuchbares%2Fdauerbrenner%2Fim-tal-der-echsen-und-schlangen-fuehrung-durch-das-naturschutzgebiet%2F\u201d][\/vc_column][\/vc_row][vc_row][vc_column]<div id=\"1560012965738-0f0b544a-6c14\" class=\"dt-sc-empty-space\"><\/div>[vc_separator]<div id=\"1560012965778-3b9ecb5e-581f\" class=\"dt-sc-empty-space\"><\/div>[\/vc_column][\/vc_row][vc_row][vc_column width=\u201d1\/3\u2033][vc_single_image image=\u201d6108\u2033 img_size=\u201dmedium\u201d alignment=\u201dcenter\u201d][\/vc_column][vc_column width=\u201d2\/3\u2033][vc_column_text]<\/p>\n<h3><span class=\"tlid-translation translation\" lang=\"cs\"><span class=\"\" title=\"\">Vodn\u00ed elektr\u00e1rna \u017eije v elektr\u00e1rn\u011b Jochenstein \u2013 prohl\u00eddka elektr\u00e1rny s pr\u016fvodcem<\/span><\/span><\/h3>\n<p>[\/vc_column_text][vc_btn title=\u201d\u010d\u00edst d\u00e1l\u201d color=\u201dprimary\u201d css=\u201d\u201d link=\u201durl:https%3A%2F%2Fhausamstrom.de%2Fprogramm%2Fbuchbares%2Fdauerbrenner%2Fwasserkraft-live-im-kraftwerk-jochenstein-fuehrung-durch-das-kraftwerk\u201d][\/vc_column][\/vc_row][vc_row][vc_column]<div id=\"1560013033938-f7b46b56-4537\" class=\"dt-sc-empty-space\"><\/div>[vc_separator]<div id=\"1560013033995-fd97a91a-7832\" class=\"dt-sc-empty-space\"><\/div>[\/vc_column][\/vc_row][vc_row][vc_column width=\u201d1\/3\u2033][vc_single_image image=\u201d6010\u2033 img_size=\u201dmedium\u201d alignment=\u201dcenter\u201d][\/vc_column][vc_column width=\u201d2\/3\u2033][vc_column_text]<\/p>\n<h3><strong><span class=\"tlid-translation translation\" lang=\"cs\"><span title=\"\">Akce pro osoby se zdravotn\u00edm posti\u017een\u00edm \u2013 smyslov\u00e9 stanice, dom\u00e1c\u00ed prohl\u00eddky, nab\u00eddky po dohod\u011b<\/span><\/span><\/strong><\/h3>\n<p>[\/vc_column_text][vc_btn title=\u201d\u010d\u00edst d\u00e1l\u201d color=\u201dprimary\u201d css=\u201d\u201d link=\u201durl:https%3A%2F%2Fhausamstrom.de%2Fprogramm%2Fbuchbares%2Fdauerbrenner%2Fveranstaltungen-fuer-menschen-mit-behinderung-sinnesstationen-hausfuehrungen-angebote-nach-absprache\u201d][\/vc_column][\/vc_row]<\/p>\n<\/div>","protected":false},"excerpt":{"rendered":"<p>[vc_row][vc_column width=\u201d1\/3\u2033][vc_single_image image=\u201d6006\u2033 img_size=\u201dmedium\u201d alignment=\u201dcenter\u201d][\/vc_column][vc_column width=\u201d2\/3\u2033][vc_column_text] Vstup do sv\u011bta vodn\u00ed dobrodru\u017estv\u00ed [\/vc_column_text][vc_btn title=\u201d\u010d\u00edst d\u00e1l\u201d color=\u201dprimary\u201d css=\u201d\u201d link=\u201durl:https%3A%2F%2Fwww.hausamstrom.de%2Fcs%2Ftrvalka-oblibena%2Fvstup-na-experimentalni-vystavu%2F\u201d][\/vc_column][\/vc_row][vc_row][vc_column][vc_separator][\/vc_column][\/vc_row][vc_row][vc_column width=\u201d1\/3\u2033][vc_single_image image=\u201d5037\u2033 img_size=\u201dmedium\u201d alignment=\u201dcenter\u201d][\/vc_column][vc_column width=\u201d2\/3\u2033][vc_column_text] Komentovan\u00e1 prohl\u00eddka vodn\u00edm dobrodru\u017en\u00fdm sv\u011btem [\/vc_column_text][vc_btn title=\u201d\u010d\u00edst d\u00e1l\u201d color=\u201dprimary\u201d css=\u201d\u201d link=\u201durl:https%3A%2F%2Fhausamstrom.de%2Fprogramm%2Fbuchbares%2Fdauerbrenner%2Ffuehrung-durch-die-erlebnisausstellung%2F\u201d][\/vc_column][\/vc_row][vc_row][vc_column][vc_separator][\/vc_column][\/vc_row][vc_row][vc_column width=\u201d1\/3\u2033][vc_single_image image=\u201d6008\u2033 img_size=\u201dmedium\u201d alignment=\u201dcenter\u201d][\/vc_column][vc_column width=\u201d2\/3\u2033][vc_column_text] Komentovan\u00e1 prohl\u00eddka p\u0159\u00edrodn\u00ed rezervace [\/vc_column_text][vc_btn title=\u201d\u010d\u00edst d\u00e1l\u201d color=\u201dprimary\u201d css=\u201d\u201d link=\u201durl:https%3A%2F%2Fhausamstrom.de%2Fprogramm%2Fbuchbares%2Fdauerbrenner%2Fim-tal-der-echsen-und-schlangen-fuehrung-durch-das-naturschutzgebiet%2F\u201d][\/vc_column][\/vc_row][vc_row][vc_column][vc_separator][\/vc_column][\/vc_row][vc_row][vc_column width=\u201d1\/3\u2033][vc_single_image image=\u201d6108\u2033 img_size=\u201dmedium\u201d alignment=\u201dcenter\u201d][\/vc_column][vc_column width=\u201d2\/3\u2033][vc_column_text] Vodn\u00ed elektr\u00e1rna [&hellip;]<\/p>\n","protected":false},"author":1,"featured_media":0,"parent":7134,"menu_order":0,"comment_status":"closed","ping_status":"closed","template":"","meta":{"footnotes":""},"class_list":["post-6945","page","type-page","status-publish","hentry"],"yoast_head":"<!-- This site is optimized with the Yoast SEO plugin v27.5 - https:\/\/yoast.com\/product\/yoast-seo-wordpress\/ -->\n<title>trvalka obl\u00edben\u00e1 - Haus am Strom<\/title>\n<meta name=\"robots\" content=\"index, follow, max-snippet:-1, max-image-preview:large, max-video-preview:-1\" \/>\n<link rel=\"canonical\" href=\"https:\/\/www.hausamstrom.de\/cs\/program\/zajisten\/trvalka-oblibena\/\" \/>\n<meta property=\"og:locale\" content=\"cs_CZ\" \/>\n<meta property=\"og:type\" content=\"article\" \/>\n<meta property=\"og:title\" content=\"trvalka obl\u00edben\u00e1 - Haus am Strom\" \/>\n<meta property=\"og:description\" content=\"[vc_row][vc_column width=\u201d1\/3\u2033][vc_single_image image=\u201d6006\u2033 img_size=\u201dmedium\u201d alignment=\u201dcenter\u201d][\/vc_column][vc_column width=\u201d2\/3\u2033][vc_column_text] Vstup do sv\u011bta vodn\u00ed dobrodru\u017estv\u00ed [\/vc_column_text][vc_btn title=\u201d\u010d\u00edst d\u00e1l\u201d color=\u201dprimary\u201d css=\u201d\u201d link=\u201durl:https%3A%2F%2Fwww.hausamstrom.de%2Fcs%2Ftrvalka-oblibena%2Fvstup-na-experimentalni-vystavu%2F\u201d][\/vc_column][\/vc_row][vc_row][vc_column][vc_separator][\/vc_column][\/vc_row][vc_row][vc_column width=\u201d1\/3\u2033][vc_single_image image=\u201d5037\u2033 img_size=\u201dmedium\u201d alignment=\u201dcenter\u201d][\/vc_column][vc_column width=\u201d2\/3\u2033][vc_column_text] Komentovan\u00e1 prohl\u00eddka vodn\u00edm dobrodru\u017en\u00fdm sv\u011btem [\/vc_column_text][vc_btn title=\u201d\u010d\u00edst d\u00e1l\u201d color=\u201dprimary\u201d css=\u201d\u201d link=\u201durl:https%3A%2F%2Fhausamstrom.de%2Fprogramm%2Fbuchbares%2Fdauerbrenner%2Ffuehrung-durch-die-erlebnisausstellung%2F\u201d][\/vc_column][\/vc_row][vc_row][vc_column][vc_separator][\/vc_column][\/vc_row][vc_row][vc_column width=\u201d1\/3\u2033][vc_single_image image=\u201d6008\u2033 img_size=\u201dmedium\u201d alignment=\u201dcenter\u201d][\/vc_column][vc_column width=\u201d2\/3\u2033][vc_column_text] Komentovan\u00e1 prohl\u00eddka p\u0159\u00edrodn\u00ed rezervace [\/vc_column_text][vc_btn title=\u201d\u010d\u00edst d\u00e1l\u201d color=\u201dprimary\u201d css=\u201d\u201d link=\u201durl:https%3A%2F%2Fhausamstrom.de%2Fprogramm%2Fbuchbares%2Fdauerbrenner%2Fim-tal-der-echsen-und-schlangen-fuehrung-durch-das-naturschutzgebiet%2F\u201d][\/vc_column][\/vc_row][vc_row][vc_column][vc_separator][\/vc_column][\/vc_row][vc_row][vc_column width=\u201d1\/3\u2033][vc_single_image image=\u201d6108\u2033 img_size=\u201dmedium\u201d alignment=\u201dcenter\u201d][\/vc_column][vc_column width=\u201d2\/3\u2033][vc_column_text] Vodn\u00ed elektr\u00e1rna [&hellip;]\" \/>\n<meta property=\"og:url\" content=\"https:\/\/www.hausamstrom.de\/cs\/program\/zajisten\/trvalka-oblibena\/\" \/>\n<meta property=\"og:site_name\" content=\"Haus am Strom\" \/>\n<meta property=\"article:publisher\" content=\"https:\/\/www.facebook.com\/hausamstrom\" \/>\n<meta property=\"article:modified_time\" content=\"2026-02-19T10:52:15+00:00\" \/>\n<meta name=\"twitter:card\" content=\"summary_large_image\" \/>\n<meta name=\"twitter:label1\" content=\"Odhadovan\u00e1 doba \u010dten\u00ed\" \/>\n\t<meta name=\"twitter:data1\" content=\"2 minuty\" \/>\n<script type=\"application\/ld+json\" class=\"yoast-schema-graph\">{\"@context\":\"https:\\\/\\\/schema.org\",\"@graph\":[{\"@type\":\"WebPage\",\"@id\":\"https:\\\/\\\/www.hausamstrom.de\\\/cs\\\/program\\\/zajisten\\\/trvalka-oblibena\\\/\",\"url\":\"https:\\\/\\\/www.hausamstrom.de\\\/cs\\\/program\\\/zajisten\\\/trvalka-oblibena\\\/\",\"name\":\"trvalka obl\u00edben\u00e1 - Haus am Strom\",\"isPartOf\":{\"@id\":\"https:\\\/\\\/www.hausamstrom.de\\\/de\\\/#website\"},\"datePublished\":\"2020-05-04T15:00:33+00:00\",\"dateModified\":\"2026-02-19T10:52:15+00:00\",\"breadcrumb\":{\"@id\":\"https:\\\/\\\/www.hausamstrom.de\\\/cs\\\/program\\\/zajisten\\\/trvalka-oblibena\\\/#breadcrumb\"},\"inLanguage\":\"cs\",\"potentialAction\":[{\"@type\":\"ReadAction\",\"target\":[\"https:\\\/\\\/www.hausamstrom.de\\\/cs\\\/program\\\/zajisten\\\/trvalka-oblibena\\\/\"]}]},{\"@type\":\"BreadcrumbList\",\"@id\":\"https:\\\/\\\/www.hausamstrom.de\\\/cs\\\/program\\\/zajisten\\\/trvalka-oblibena\\\/#breadcrumb\",\"itemListElement\":[{\"@type\":\"ListItem\",\"position\":1,\"name\":\"Home\",\"item\":\"https:\\\/\\\/www.hausamstrom.de\\\/cs\\\/\"},{\"@type\":\"ListItem\",\"position\":2,\"name\":\"Program\",\"item\":\"https:\\\/\\\/www.hausamstrom.de\\\/cs\\\/program\\\/\"},{\"@type\":\"ListItem\",\"position\":3,\"name\":\"Zaji\u0161t\u011bn\",\"item\":\"https:\\\/\\\/www.hausamstrom.de\\\/cs\\\/program\\\/zajisten\\\/\"},{\"@type\":\"ListItem\",\"position\":4,\"name\":\"trvalka obl\u00edben\u00e1\"}]},{\"@type\":\"WebSite\",\"@id\":\"https:\\\/\\\/www.hausamstrom.de\\\/de\\\/#website\",\"url\":\"https:\\\/\\\/www.hausamstrom.de\\\/de\\\/\",\"name\":\"Haus am Strom\",\"description\":\"Umweltbildungsstation im Passauer Donautal. Umweltbildung und Naturschutz f\u00fcr Kinder und Erwachsenen.\",\"publisher\":{\"@id\":\"https:\\\/\\\/www.hausamstrom.de\\\/de\\\/#organization\"},\"potentialAction\":[{\"@type\":\"SearchAction\",\"target\":{\"@type\":\"EntryPoint\",\"urlTemplate\":\"https:\\\/\\\/www.hausamstrom.de\\\/de\\\/?s={search_term_string}\"},\"query-input\":{\"@type\":\"PropertyValueSpecification\",\"valueRequired\":true,\"valueName\":\"search_term_string\"}}],\"inLanguage\":\"cs\"},{\"@type\":\"Organization\",\"@id\":\"https:\\\/\\\/www.hausamstrom.de\\\/de\\\/#organization\",\"name\":\"Haus am Strom\",\"url\":\"https:\\\/\\\/www.hausamstrom.de\\\/de\\\/\",\"logo\":{\"@type\":\"ImageObject\",\"inLanguage\":\"cs\",\"@id\":\"https:\\\/\\\/www.hausamstrom.de\\\/de\\\/#\\\/schema\\\/logo\\\/image\\\/\",\"url\":\"https:\\\/\\\/www.hausamstrom.de\\\/wp-content\\\/uploads\\\/2025\\\/06\\\/Logo-quadratisch-1024x1024.jpg\",\"contentUrl\":\"https:\\\/\\\/www.hausamstrom.de\\\/wp-content\\\/uploads\\\/2025\\\/06\\\/Logo-quadratisch-1024x1024.jpg\",\"width\":1024,\"height\":1024,\"caption\":\"Haus am Strom\"},\"image\":{\"@id\":\"https:\\\/\\\/www.hausamstrom.de\\\/de\\\/#\\\/schema\\\/logo\\\/image\\\/\"},\"sameAs\":[\"https:\\\/\\\/www.facebook.com\\\/hausamstrom\",\"https:\\\/\\\/www.instagram.com\\\/\"]}]}<\/script>\n<!-- \/ Yoast SEO plugin. -->","yoast_head_json":{"title":"trvalka obl\u00edben\u00e1 - Haus am Strom","robots":{"index":"index","follow":"follow","max-snippet":"max-snippet:-1","max-image-preview":"max-image-preview:large","max-video-preview":"max-video-preview:-1"},"canonical":"https:\/\/www.hausamstrom.de\/cs\/program\/zajisten\/trvalka-oblibena\/","og_locale":"cs_CZ","og_type":"article","og_title":"trvalka obl\u00edben\u00e1 - Haus am Strom","og_description":"[vc_row][vc_column width=\u201d1\/3\u2033][vc_single_image image=\u201d6006\u2033 img_size=\u201dmedium\u201d alignment=\u201dcenter\u201d][\/vc_column][vc_column width=\u201d2\/3\u2033][vc_column_text] Vstup do sv\u011bta vodn\u00ed dobrodru\u017estv\u00ed [\/vc_column_text][vc_btn title=\u201d\u010d\u00edst d\u00e1l\u201d color=\u201dprimary\u201d css=\u201d\u201d link=\u201durl:https%3A%2F%2Fwww.hausamstrom.de%2Fcs%2Ftrvalka-oblibena%2Fvstup-na-experimentalni-vystavu%2F\u201d][\/vc_column][\/vc_row][vc_row][vc_column][vc_separator][\/vc_column][\/vc_row][vc_row][vc_column width=\u201d1\/3\u2033][vc_single_image image=\u201d5037\u2033 img_size=\u201dmedium\u201d alignment=\u201dcenter\u201d][\/vc_column][vc_column width=\u201d2\/3\u2033][vc_column_text] Komentovan\u00e1 prohl\u00eddka vodn\u00edm dobrodru\u017en\u00fdm sv\u011btem [\/vc_column_text][vc_btn title=\u201d\u010d\u00edst d\u00e1l\u201d color=\u201dprimary\u201d css=\u201d\u201d link=\u201durl:https%3A%2F%2Fhausamstrom.de%2Fprogramm%2Fbuchbares%2Fdauerbrenner%2Ffuehrung-durch-die-erlebnisausstellung%2F\u201d][\/vc_column][\/vc_row][vc_row][vc_column][vc_separator][\/vc_column][\/vc_row][vc_row][vc_column width=\u201d1\/3\u2033][vc_single_image image=\u201d6008\u2033 img_size=\u201dmedium\u201d alignment=\u201dcenter\u201d][\/vc_column][vc_column width=\u201d2\/3\u2033][vc_column_text] Komentovan\u00e1 prohl\u00eddka p\u0159\u00edrodn\u00ed rezervace [\/vc_column_text][vc_btn title=\u201d\u010d\u00edst d\u00e1l\u201d color=\u201dprimary\u201d css=\u201d\u201d link=\u201durl:https%3A%2F%2Fhausamstrom.de%2Fprogramm%2Fbuchbares%2Fdauerbrenner%2Fim-tal-der-echsen-und-schlangen-fuehrung-durch-das-naturschutzgebiet%2F\u201d][\/vc_column][\/vc_row][vc_row][vc_column][vc_separator][\/vc_column][\/vc_row][vc_row][vc_column width=\u201d1\/3\u2033][vc_single_image image=\u201d6108\u2033 img_size=\u201dmedium\u201d alignment=\u201dcenter\u201d][\/vc_column][vc_column width=\u201d2\/3\u2033][vc_column_text] Vodn\u00ed elektr\u00e1rna [&hellip;]","og_url":"https:\/\/www.hausamstrom.de\/cs\/program\/zajisten\/trvalka-oblibena\/","og_site_name":"Haus am Strom","article_publisher":"https:\/\/www.facebook.com\/hausamstrom","article_modified_time":"2026-02-19T10:52:15+00:00","twitter_card":"summary_large_image","twitter_misc":{"Odhadovan\u00e1 doba \u010dten\u00ed":"2 minuty"},"schema":{"@context":"https:\/\/schema.org","@graph":[{"@type":"WebPage","@id":"https:\/\/www.hausamstrom.de\/cs\/program\/zajisten\/trvalka-oblibena\/","url":"https:\/\/www.hausamstrom.de\/cs\/program\/zajisten\/trvalka-oblibena\/","name":"trvalka obl\u00edben\u00e1 - Haus am Strom","isPartOf":{"@id":"https:\/\/www.hausamstrom.de\/de\/#website"},"datePublished":"2020-05-04T15:00:33+00:00","dateModified":"2026-02-19T10:52:15+00:00","breadcrumb":{"@id":"https:\/\/www.hausamstrom.de\/cs\/program\/zajisten\/trvalka-oblibena\/#breadcrumb"},"inLanguage":"cs","potentialAction":[{"@type":"ReadAction","target":["https:\/\/www.hausamstrom.de\/cs\/program\/zajisten\/trvalka-oblibena\/"]}]},{"@type":"BreadcrumbList","@id":"https:\/\/www.hausamstrom.de\/cs\/program\/zajisten\/trvalka-oblibena\/#breadcrumb","itemListElement":[{"@type":"ListItem","position":1,"name":"Home","item":"https:\/\/www.hausamstrom.de\/cs\/"},{"@type":"ListItem","position":2,"name":"Program","item":"https:\/\/www.hausamstrom.de\/cs\/program\/"},{"@type":"ListItem","position":3,"name":"Zaji\u0161t\u011bn","item":"https:\/\/www.hausamstrom.de\/cs\/program\/zajisten\/"},{"@type":"ListItem","position":4,"name":"trvalka obl\u00edben\u00e1"}]},{"@type":"WebSite","@id":"https:\/\/www.hausamstrom.de\/de\/#website","url":"https:\/\/www.hausamstrom.de\/de\/","name":"Haus am Strom","description":"Umweltbildungsstation im Passauer Donautal. Umweltbildung und Naturschutz f\u00fcr Kinder und Erwachsenen.","publisher":{"@id":"https:\/\/www.hausamstrom.de\/de\/#organization"},"potentialAction":[{"@type":"SearchAction","target":{"@type":"EntryPoint","urlTemplate":"https:\/\/www.hausamstrom.de\/de\/?s={search_term_string}"},"query-input":{"@type":"PropertyValueSpecification","valueRequired":true,"valueName":"search_term_string"}}],"inLanguage":"cs"},{"@type":"Organization","@id":"https:\/\/www.hausamstrom.de\/de\/#organization","name":"Haus am Strom","url":"https:\/\/www.hausamstrom.de\/de\/","logo":{"@type":"ImageObject","inLanguage":"cs","@id":"https:\/\/www.hausamstrom.de\/de\/#\/schema\/logo\/image\/","url":"https:\/\/www.hausamstrom.de\/wp-content\/uploads\/2025\/06\/Logo-quadratisch-1024x1024.jpg","contentUrl":"https:\/\/www.hausamstrom.de\/wp-content\/uploads\/2025\/06\/Logo-quadratisch-1024x1024.jpg","width":1024,"height":1024,"caption":"Haus am Strom"},"image":{"@id":"https:\/\/www.hausamstrom.de\/de\/#\/schema\/logo\/image\/"},"sameAs":["https:\/\/www.facebook.com\/hausamstrom","https:\/\/www.instagram.com\/"]}]}},"_links":{"self":[{"href":"https:\/\/www.hausamstrom.de\/cs\/wp-json\/wp\/v2\/pages\/6945","targetHints":{"allow":["GET"]}}],"collection":[{"href":"https:\/\/www.hausamstrom.de\/cs\/wp-json\/wp\/v2\/pages"}],"about":[{"href":"https:\/\/www.hausamstrom.de\/cs\/wp-json\/wp\/v2\/types\/page"}],"author":[{"embeddable":true,"href":"https:\/\/www.hausamstrom.de\/cs\/wp-json\/wp\/v2\/users\/1"}],"replies":[{"embeddable":true,"href":"https:\/\/www.hausamstrom.de\/cs\/wp-json\/wp\/v2\/comments?post=6945"}],"version-history":[{"count":5,"href":"https:\/\/www.hausamstrom.de\/cs\/wp-json\/wp\/v2\/pages\/6945\/revisions"}],"predecessor-version":[{"id":14003,"href":"https:\/\/www.hausamstrom.de\/cs\/wp-json\/wp\/v2\/pages\/6945\/revisions\/14003"}],"up":[{"embeddable":true,"href":"https:\/\/www.hausamstrom.de\/cs\/wp-json\/wp\/v2\/pages\/7134"}],"wp:attachment":[{"href":"https:\/\/www.hausamstrom.de\/cs\/wp-json\/wp\/v2\/media?parent=6945"}],"curies":[{"name":"wp","href":"https:\/\/api.w.org\/{rel}","templated":true}]}}