{"id":6949,"date":"2020-05-04T17:11:37","date_gmt":"2020-05-04T15:11:37","guid":{"rendered":"https:\/\/www.hausamstrom.de\/udoli-dunaje\/"},"modified":"2026-02-25T14:54:04","modified_gmt":"2026-02-25T13:54:04","slug":"udoli-dunaje","status":"publish","type":"page","link":"https:\/\/www.hausamstrom.de\/cs\/program\/zajisten\/udoli-dunaje\/","title":{"rendered":"\u00dadol\u00ed Dunaje"},"content":{"rendered":"<div class=\"wpb-content-wrapper\"><p>[vc_row equal_height=\u201dyes\u201d][vc_column width=\u201d1\/3\u2033][vc_single_image image=\u201d6047\u2033 img_size=\u201dlarge\u201d alignment=\u201dcenter\u201d css=\u201d\u201d][\/vc_column][vc_column width=\u201d2\/3\u2033][vc_column_text]<\/p>\n<h3><span class=\"tlid-translation translation\" lang=\"cs\"><span class=\"\" title=\"\">P\u011b\u0161\u00ed t\u00fara s v\u00fdhledem \u2013 panoramatick\u00e1 t\u00fara<\/span><\/span><\/h3>\n<p>[\/vc_column_text][vc_btn title=\u201d\u010c\u00edst d\u00e1le\u201d color=\u201dprimary\u201d css=\u201d\u201d link=\u201durl:https%3A%2F%2Fhausamstrom.de%2Fprogramm%2Fbuchbares%2Fdonautal%2Fpicknickwanderung-mit-aussicht-panoramawanderung%2F|title:%C4%8C%C3%ADst%20d%C3%A1le\u201d][\/vc_column][\/vc_row][vc_row][vc_column]<div id=\"1559503430124-17806d0e-b5cd\" class=\"dt-sc-empty-space\"><\/div>[vc_separator]<div id=\"1559503437962-6414d8e7-a436\" class=\"dt-sc-empty-space\"><\/div>[\/vc_column][\/vc_row][vc_row equal_height=\u201dyes\u201d][vc_column width=\u201d1\/3\u2033][vc_single_image image=\u201d6048\u2033 img_size=\u201dmedium\u201d alignment=\u201dcenter\u201d][\/vc_column][vc_column width=\u201d2\/3\u2033][vc_column_text css=\u201d\u201d]<\/p>\n<div class=\"text-wrap tlid-copy-target\">\n<div class=\"result-shield-container tlid-copy-target\" tabindex=\"0\">\n<h3>D<span class=\"tlid-translation translation\" lang=\"cs\"><span title=\"\">unaj bez hranic<\/span><\/span><\/h3>\n<\/div>\n<\/div>\n<div class=\"tlid-result-transliteration-container result-transliteration-container transliteration-container\">\n<div class=\"tlid-transliteration-content transliteration-content full\"><\/div>\n<\/div>\n<p>[\/vc_column_text][vc_btn title=\u201d\u010c\u00edst d\u00e1le\u201d color=\u201dprimary\u201d css=\u201d\u201d link=\u201durl:https%3A%2F%2Fhausamstrom.de%2Fprogramm%2Fbuchbares%2Fdonautal%2Fdonau-ohne-grenzen%2F|title:%C4%8C%C3%ADst%20d%C3%A1le\u201d][\/vc_column][\/vc_row][vc_row][vc_column]<div id=\"1559503641546-55f27e45-4fb6\" class=\"dt-sc-empty-space\"><\/div>[vc_separator]<div id=\"1559503641616-e069615b-cf2f\" class=\"dt-sc-empty-space\"><\/div>[\/vc_column][\/vc_row][vc_row equal_height=\u201dyes\u201d][vc_column width=\u201d1\/3\u2033][vc_single_image image=\u201d1867\u2033 img_size=\u201dmedium\u201d alignment=\u201dcenter\u201d css=\u201d\u201d][\/vc_column][vc_column width=\u201d2\/3\u2033][vc_column_text]<\/p>\n<div class=\"text-wrap tlid-copy-target\">\n<div class=\"result-shield-container tlid-copy-target\" tabindex=\"0\">\n<h3><span class=\"tlid-translation translation\" lang=\"cs\"><span class=\"\" title=\"\">T\u00fara Vilstal \u2013 na stop\u011b t\u011b\u017eby \u017euly ve Vilsengtalu<\/span><\/span><\/h3>\n<\/div>\n<\/div>\n<div class=\"tlid-result-transliteration-container result-transliteration-container transliteration-container\">\n<div class=\"tlid-transliteration-content transliteration-content full\"><\/div>\n<\/div>\n<p>[\/vc_column_text][vc_btn title=\u201d\u010c\u00edst d\u00e1le\u201d color=\u201dprimary\u201d css=\u201d\u201d link=\u201durl:https%3A%2F%2Fhausamstrom.de%2Fprogramm%2Fbuchbares%2Fdonautal%2Fvilstalwanderung-auf-den-spuren-des-granitabbaus-im-vilsengtal%2F|title:%C4%8C%C3%ADst%20d%C3%A1le\u201d][\/vc_column][\/vc_row][vc_row][vc_column]<div id=\"1559503757992-79758859-7862\" class=\"dt-sc-empty-space\"><\/div>[vc_separator]<div id=\"1559503758069-cef371f2-dbc5\" class=\"dt-sc-empty-space\"><\/div>[\/vc_column][\/vc_row][vc_row equal_height=\u201dyes\u201d][vc_column width=\u201d1\/3\u2033][vc_single_image image=\u201d6049\u2033 img_size=\u201dlarge\u201d alignment=\u201dcenter\u201d css=\u201d\u201d][\/vc_column][vc_column width=\u201d2\/3\u2033][vc_column_text]<\/p>\n<div class=\"text-wrap tlid-copy-target\">\n<div class=\"result-shield-container tlid-copy-target\" tabindex=\"0\">\n<h3>S<span class=\"tlid-translation translation\" lang=\"cs\"><span title=\"\">chl\u00f6gener Schlinge \u2013 Fantastick\u00e9 v\u00fdhledy na Dunajskou smy\u010dku Schl\u00f6gener<\/span><\/span><\/h3>\n<\/div>\n<\/div>\n<div class=\"tlid-result-transliteration-container result-transliteration-container transliteration-container\">\n<div class=\"tlid-transliteration-content transliteration-content full\"><\/div>\n<\/div>\n<p>[\/vc_column_text][vc_btn title=\u201d\u010c\u00edst d\u00e1le\u201d color=\u201dprimary\u201d css=\u201d\u201d link=\u201durl:https%3A%2F%2Fhausamstrom.de%2Fprogramm%2Fbuchbares%2Fdonautal%2Fschloegener-schlinge-traumhafte-ausblicke-auf-die-schloegener-donauschlinge%2F|title:%C4%8C%C3%ADst%20d%C3%A1le\u201d][\/vc_column][\/vc_row][vc_row][vc_column]<div id=\"1559503815049-68224e6c-9063\" class=\"dt-sc-empty-space\"><\/div>[vc_separator]<div id=\"1559503815130-bdfec5da-4c76\" class=\"dt-sc-empty-space\"><\/div>[\/vc_column][\/vc_row][vc_row equal_height=\u201dyes\u201d][vc_column width=\u201d1\/3\u2033][vc_single_image image=\u201d6050\u2033 img_size=\u201dlarge\u201d alignment=\u201dcenter\u201d css=\u201d\u201d][\/vc_column][vc_column width=\u201d2\/3\u2033][vc_column_text]<\/p>\n<h3><span class=\"tlid-translation translation\" lang=\"cs\"><span class=\"\" title=\"\">Jarn\u00ed probuzen\u00ed v p\u0159\u00edrod\u011b<\/span><\/span><\/h3>\n<p>[\/vc_column_text][vc_btn title=\u201d\u010c\u00edst d\u00e1le\u201d color=\u201dprimary\u201d css=\u201d\u201d link=\u201durl:https%3A%2F%2Fhausamstrom.de%2Fprogramm%2Fbuchbares%2Fdonautal%2Ffruehlingserwachen-in-der-natur%2F|title:%C4%8C%C3%ADst%20d%C3%A1le\u201d][\/vc_column][\/vc_row][vc_row][vc_column]<div id=\"1559503877342-c8324bfe-aeac\" class=\"dt-sc-empty-space\"><\/div>[vc_separator]<div id=\"1559503877429-1322740f-840e\" class=\"dt-sc-empty-space\"><\/div>[\/vc_column][\/vc_row][vc_row equal_height=\u201dyes\u201d][vc_column width=\u201d1\/3\u2033][vc_single_image image=\u201d6051\u2033 img_size=\u201dmedium\u201d alignment=\u201dcenter\u201d][\/vc_column][vc_column width=\u201d2\/3\u2033][vc_column_text]<\/p>\n<h3><span class=\"tlid-translation translation\" lang=\"cs\"><span class=\"\" title=\"\">Divok\u00e1 bylina chod\u00ed po Hacklbergu<\/span><\/span><\/h3>\n<p>[\/vc_column_text][vc_btn title=\u201d\u010c\u00edst d\u00e1le\u201d color=\u201dprimary\u201d css=\u201d\u201d link=\u201durl:https%3A%2F%2Fhausamstrom.de%2Fprogramm%2Fbuchbares%2Fdonautal%2Fwildkraeuterspaziergang-am-hacklberg%2F\u201d][\/vc_column][\/vc_row][vc_row][vc_column]<div id=\"1559504012676-a345a286-cd15\" class=\"dt-sc-empty-space\"><\/div>[vc_separator]<div id=\"1559504012777-4ca803a9-317f\" class=\"dt-sc-empty-space\"><\/div>[\/vc_column][\/vc_row][vc_row equal_height=\u201dyes\u201d][vc_column width=\u201d1\/3\u2033][vc_single_image image=\u201d6052\u2033 img_size=\u201dlarge\u201d alignment=\u201dcenter\u201d css=\u201d\u201d][\/vc_column][vc_column width=\u201d2\/3\u2033][vc_column_text]<\/p>\n<div class=\"text-wrap tlid-copy-target\">\n<div class=\"result-shield-container tlid-copy-target\" tabindex=\"0\">\n<h3><span class=\"tlid-translation translation\" lang=\"cs\"><span class=\"\" title=\"\">Za\u017eijte Windorf\u016fv Dunajsk\u00fd ostrov se v\u0161emi smysly<\/span><\/span><\/h3>\n<\/div>\n<\/div>\n<div class=\"tlid-result-transliteration-container result-transliteration-container transliteration-container\">\n<div class=\"tlid-transliteration-content transliteration-content full\"><\/div>\n<\/div>\n<p>[\/vc_column_text][vc_btn title=\u201d\u010c\u00edst d\u00e1le\u201d color=\u201dprimary\u201d css=\u201d\u201d link=\u201durl:https%3A%2F%2Fhausamstrom.de%2Fprogramm%2Fbuchbares%2Fdonautal%2Fwindorfer-donauinsel-mit-allen-sinnen-erleben%2F\u201d][\/vc_column][\/vc_row][vc_row][vc_column]<div id=\"1559504092998-2d8c1936-f076\" class=\"dt-sc-empty-space\"><\/div>[vc_separator]<div id=\"1559504093106-c55b0e47-2d1d\" class=\"dt-sc-empty-space\"><\/div>[\/vc_column][\/vc_row][vc_row equal_height=\u201dyes\u201d][vc_column width=\u201d1\/3\u2033][vc_single_image image=\u201d6053\u2033 img_size=\u201dlarge\u201d alignment=\u201dcenter\u201d css=\u201d\u201d][\/vc_column][vc_column width=\u201d2\/3\u2033][vc_column_text]<\/p>\n<div class=\"text-wrap tlid-copy-target\">\n<div class=\"result-shield-container tlid-copy-target\" tabindex=\"0\">\n<h3><span class=\"tlid-translation translation\" lang=\"cs\"><span class=\"\" title=\"\">P\u0159\u00edrodn\u00ed rezervace \u201cHalser Ilzschleifen\u201d \u2013 p\u0159\u00edrodn\u00ed historie<\/span><\/span><\/h3>\n<\/div>\n<\/div>\n<div class=\"tlid-result-transliteration-container result-transliteration-container transliteration-container\">\n<div class=\"tlid-transliteration-content transliteration-content full\"><\/div>\n<\/div>\n<p>[\/vc_column_text][vc_btn title=\u201d\u010c\u00edst d\u00e1le\u201d color=\u201dprimary\u201d css=\u201d\u201d link=\u201durl:https%3A%2F%2Fhausamstrom.de%2Fprogramm%2Fbuchbares%2Fdonautal%2Fdas-naturschutzgebiet-halser-ilzschleifen-naturkundliche-wanderung%2F|title:Vilstalwanderung%20%E2%80%93%20Auf%20den%20Spuren%20des%20Granitabbaus%20im%20Vilsengtal\u201d][\/vc_column][\/vc_row][vc_row][vc_column]<div id=\"1559504264148-c3bbdef0-78f9\" class=\"dt-sc-empty-space\"><\/div>[vc_separator]<div id=\"1559504264263-ce7d9afc-b98e\" class=\"dt-sc-empty-space\"><\/div>[\/vc_column][\/vc_row][vc_row equal_height=\u201dyes\u201d][vc_column width=\u201d1\/3\u2033][vc_single_image image=\u201d1874\u2033 img_size=\u201dlarge\u201d alignment=\u201dcenter\u201d css=\u201d\u201d][\/vc_column][vc_column width=\u201d2\/3\u2033][vc_column_text]<\/p>\n<div class=\"tlid-results-container results-container\">\n<div class=\"tlid-result result-dict-wrapper\">\n<div class=\"result tlid-copy-target\">\n<div class=\"result-header\">\n<h3><span class=\"tlid-translation translation\" lang=\"cs\"><span class=\"\" title=\"\">Hadi, je\u0161t\u011brky a orchideje \u2013 p\u0159\u00edrodn\u011b historick\u00e1 t\u00fara v p\u0159\u00edrodn\u00ed rezervaci Dunajsk\u00e9 svahy<\/span><\/span><\/h3>\n<\/div>\n<\/div>\n<\/div>\n<\/div>\n<p>[\/vc_column_text][vc_btn title=\u201d\u010c\u00edst d\u00e1le\u201d color=\u201dprimary\u201d css=\u201d\u201d link=\u201durl:https%3A%2F%2Fhausamstrom.de%2Fprogramm%2Fbuchbares%2Fdonautal%2Fschlangen-echsen-und-orchideen-naturkundliche-wanderung-im-naturschutzgebiet-donauhaenge%2F\u201d][\/vc_column][\/vc_row][vc_row][vc_column]<div id=\"1559504400541-7d06e31f-0e61\" class=\"dt-sc-empty-space\"><\/div>[vc_separator]<div id=\"1559504400676-6a87831c-54e0\" class=\"dt-sc-empty-space\"><\/div>[\/vc_column][\/vc_row][vc_row equal_height=\u201dyes\u201d][vc_column width=\u201d1\/3\u2033][vc_single_image image=\u201d6054\u2033 img_size=\u201dlarge\u201d alignment=\u201dcenter\u201d css=\u201d\u201d][\/vc_column][vc_column width=\u201d2\/3\u2033][vc_column_text css=\u201d\u201d]<\/p>\n<h3>V\u00fdlet do \u00fadol\u00ed Rannatal<\/h3>\n<p>[\/vc_column_text][vc_btn title=\u201d\u010c\u00edst d\u00e1le\u201d color=\u201dprimary\u201d css=\u201d\u201d link=\u201durl:https%3A%2F%2Fhausamstrom.de%2Fprogramm%2Fbuchbares%2Fdonautal%2Fwo-die-wasseramsel-taucht-die-tier-und-pflanzenwelt-des-rannatales%2F\u201d][\/vc_column][\/vc_row][vc_row][vc_column]<div id=\"1559504330662-3675a34b-d595\" class=\"dt-sc-empty-space\"><\/div>[vc_separator]<div id=\"1559504330789-1eab35d7-8ea8\" class=\"dt-sc-empty-space\"><\/div>[\/vc_column][\/vc_row][vc_row equal_height=\u201dyes\u201d][vc_column width=\u201d1\/3\u2033][vc_single_image image=\u201d6055\u2033 img_size=\u201dlarge\u201d alignment=\u201dcenter\u201d css=\u201d\u201d][\/vc_column][vc_column width=\u201d2\/3\u2033][vc_column_text]<\/p>\n<h3><span class=\"tlid-translation translation\" lang=\"cs\"><span class=\"\" title=\"\">Beaver t\u00fara v \u00fadol\u00ed K\u00f6sslbach<\/span><\/span><\/h3>\n<p>[\/vc_column_text][vc_btn title=\u201d\u010c\u00edst d\u00e1le\u201d color=\u201dprimary\u201d css=\u201d\u201d link=\u201durl:https%3A%2F%2Fhausamstrom.de%2Fprogramm%2Fbuchbares%2Fdonautal%2Fbiberwanderung-im-koesslbachtal%2F\u201d][\/vc_column][\/vc_row]<\/p>\n<\/div>","protected":false},"excerpt":{"rendered":"<p>[vc_row equal_height=\u201dyes\u201d][vc_column width=\u201d1\/3\u2033][vc_single_image image=\u201d6047\u2033 img_size=\u201dlarge\u201d alignment=\u201dcenter\u201d css=\u201d\u201d][\/vc_column][vc_column width=\u201d2\/3\u2033][vc_column_text] P\u011b\u0161\u00ed t\u00fara s v\u00fdhledem \u2013 panoramatick\u00e1 t\u00fara [\/vc_column_text][vc_btn title=\u201d\u010c\u00edst d\u00e1le\u201d color=\u201dprimary\u201d css=\u201d\u201d link=\u201durl:https%3A%2F%2Fhausamstrom.de%2Fprogramm%2Fbuchbares%2Fdonautal%2Fpicknickwanderung-mit-aussicht-panoramawanderung%2F|title:%C4%8C%C3%ADst%20d%C3%A1le\u201d][\/vc_column][\/vc_row][vc_row][vc_column][vc_separator][\/vc_column][\/vc_row][vc_row equal_height=\u201dyes\u201d][vc_column width=\u201d1\/3\u2033][vc_single_image image=\u201d6048\u2033 img_size=\u201dmedium\u201d alignment=\u201dcenter\u201d][\/vc_column][vc_column width=\u201d2\/3\u2033][vc_column_text css=\u201d\u201d] Dunaj bez hranic [\/vc_column_text][vc_btn title=\u201d\u010c\u00edst d\u00e1le\u201d color=\u201dprimary\u201d css=\u201d\u201d link=\u201durl:https%3A%2F%2Fhausamstrom.de%2Fprogramm%2Fbuchbares%2Fdonautal%2Fdonau-ohne-grenzen%2F|title:%C4%8C%C3%ADst%20d%C3%A1le\u201d][\/vc_column][\/vc_row][vc_row][vc_column][vc_separator][\/vc_column][\/vc_row][vc_row equal_height=\u201dyes\u201d][vc_column width=\u201d1\/3\u2033][vc_single_image image=\u201d1867\u2033 img_size=\u201dmedium\u201d alignment=\u201dcenter\u201d css=\u201d\u201d][\/vc_column][vc_column width=\u201d2\/3\u2033][vc_column_text] T\u00fara Vilstal \u2013 na stop\u011b t\u011b\u017eby \u017euly ve Vilsengtalu [\/vc_column_text][vc_btn title=\u201d\u010c\u00edst [&hellip;]<\/p>\n","protected":false},"author":1,"featured_media":0,"parent":7134,"menu_order":4,"comment_status":"closed","ping_status":"closed","template":"","meta":{"footnotes":""},"class_list":["post-6949","page","type-page","status-publish","hentry"],"yoast_head":"<!-- This site is optimized with the Yoast SEO plugin v27.5 - https:\/\/yoast.com\/product\/yoast-seo-wordpress\/ -->\n<title>\u00dadol\u00ed Dunaje - Haus am Strom<\/title>\n<meta name=\"robots\" content=\"index, follow, max-snippet:-1, max-image-preview:large, max-video-preview:-1\" \/>\n<link rel=\"canonical\" href=\"https:\/\/www.hausamstrom.de\/cs\/program\/zajisten\/udoli-dunaje\/\" \/>\n<meta property=\"og:locale\" content=\"cs_CZ\" \/>\n<meta property=\"og:type\" content=\"article\" \/>\n<meta property=\"og:title\" content=\"\u00dadol\u00ed Dunaje - Haus am Strom\" \/>\n<meta property=\"og:description\" content=\"[vc_row equal_height=\u201dyes\u201d][vc_column width=\u201d1\/3\u2033][vc_single_image image=\u201d6047\u2033 img_size=\u201dlarge\u201d alignment=\u201dcenter\u201d css=\u201d\u201d][\/vc_column][vc_column width=\u201d2\/3\u2033][vc_column_text] P\u011b\u0161\u00ed t\u00fara s v\u00fdhledem \u2013 panoramatick\u00e1 t\u00fara [\/vc_column_text][vc_btn title=\u201d\u010c\u00edst d\u00e1le\u201d color=\u201dprimary\u201d css=\u201d\u201d link=\u201durl:https%3A%2F%2Fhausamstrom.de%2Fprogramm%2Fbuchbares%2Fdonautal%2Fpicknickwanderung-mit-aussicht-panoramawanderung%2F|title:%C4%8C%C3%ADst%20d%C3%A1le\u201d][\/vc_column][\/vc_row][vc_row][vc_column][vc_separator][\/vc_column][\/vc_row][vc_row equal_height=\u201dyes\u201d][vc_column width=\u201d1\/3\u2033][vc_single_image image=\u201d6048\u2033 img_size=\u201dmedium\u201d alignment=\u201dcenter\u201d][\/vc_column][vc_column width=\u201d2\/3\u2033][vc_column_text css=\u201d\u201d] Dunaj bez hranic [\/vc_column_text][vc_btn title=\u201d\u010c\u00edst d\u00e1le\u201d color=\u201dprimary\u201d css=\u201d\u201d link=\u201durl:https%3A%2F%2Fhausamstrom.de%2Fprogramm%2Fbuchbares%2Fdonautal%2Fdonau-ohne-grenzen%2F|title:%C4%8C%C3%ADst%20d%C3%A1le\u201d][\/vc_column][\/vc_row][vc_row][vc_column][vc_separator][\/vc_column][\/vc_row][vc_row equal_height=\u201dyes\u201d][vc_column width=\u201d1\/3\u2033][vc_single_image image=\u201d1867\u2033 img_size=\u201dmedium\u201d alignment=\u201dcenter\u201d css=\u201d\u201d][\/vc_column][vc_column width=\u201d2\/3\u2033][vc_column_text] T\u00fara Vilstal \u2013 na stop\u011b t\u011b\u017eby \u017euly ve Vilsengtalu [\/vc_column_text][vc_btn title=\u201d\u010c\u00edst [&hellip;]\" \/>\n<meta property=\"og:url\" content=\"https:\/\/www.hausamstrom.de\/cs\/program\/zajisten\/udoli-dunaje\/\" \/>\n<meta property=\"og:site_name\" content=\"Haus am Strom\" \/>\n<meta property=\"article:publisher\" content=\"https:\/\/www.facebook.com\/hausamstrom\" \/>\n<meta property=\"article:modified_time\" content=\"2026-02-25T13:54:04+00:00\" \/>\n<meta name=\"twitter:card\" content=\"summary_large_image\" \/>\n<meta name=\"twitter:label1\" content=\"Odhadovan\u00e1 doba \u010dten\u00ed\" \/>\n\t<meta name=\"twitter:data1\" content=\"4 minuty\" \/>\n<script type=\"application\/ld+json\" class=\"yoast-schema-graph\">{\"@context\":\"https:\\\/\\\/schema.org\",\"@graph\":[{\"@type\":\"WebPage\",\"@id\":\"https:\\\/\\\/www.hausamstrom.de\\\/cs\\\/program\\\/zajisten\\\/udoli-dunaje\\\/\",\"url\":\"https:\\\/\\\/www.hausamstrom.de\\\/cs\\\/program\\\/zajisten\\\/udoli-dunaje\\\/\",\"name\":\"\u00dadol\u00ed Dunaje - Haus am Strom\",\"isPartOf\":{\"@id\":\"https:\\\/\\\/www.hausamstrom.de\\\/de\\\/#website\"},\"datePublished\":\"2020-05-04T15:11:37+00:00\",\"dateModified\":\"2026-02-25T13:54:04+00:00\",\"breadcrumb\":{\"@id\":\"https:\\\/\\\/www.hausamstrom.de\\\/cs\\\/program\\\/zajisten\\\/udoli-dunaje\\\/#breadcrumb\"},\"inLanguage\":\"cs\",\"potentialAction\":[{\"@type\":\"ReadAction\",\"target\":[\"https:\\\/\\\/www.hausamstrom.de\\\/cs\\\/program\\\/zajisten\\\/udoli-dunaje\\\/\"]}]},{\"@type\":\"BreadcrumbList\",\"@id\":\"https:\\\/\\\/www.hausamstrom.de\\\/cs\\\/program\\\/zajisten\\\/udoli-dunaje\\\/#breadcrumb\",\"itemListElement\":[{\"@type\":\"ListItem\",\"position\":1,\"name\":\"Home\",\"item\":\"https:\\\/\\\/www.hausamstrom.de\\\/cs\\\/\"},{\"@type\":\"ListItem\",\"position\":2,\"name\":\"Program\",\"item\":\"https:\\\/\\\/www.hausamstrom.de\\\/cs\\\/program\\\/\"},{\"@type\":\"ListItem\",\"position\":3,\"name\":\"Zaji\u0161t\u011bn\",\"item\":\"https:\\\/\\\/www.hausamstrom.de\\\/cs\\\/program\\\/zajisten\\\/\"},{\"@type\":\"ListItem\",\"position\":4,\"name\":\"\u00dadol\u00ed Dunaje\"}]},{\"@type\":\"WebSite\",\"@id\":\"https:\\\/\\\/www.hausamstrom.de\\\/de\\\/#website\",\"url\":\"https:\\\/\\\/www.hausamstrom.de\\\/de\\\/\",\"name\":\"Haus am Strom\",\"description\":\"Umweltbildungsstation im Passauer Donautal. Umweltbildung und Naturschutz f\u00fcr Kinder und Erwachsenen.\",\"publisher\":{\"@id\":\"https:\\\/\\\/www.hausamstrom.de\\\/de\\\/#organization\"},\"potentialAction\":[{\"@type\":\"SearchAction\",\"target\":{\"@type\":\"EntryPoint\",\"urlTemplate\":\"https:\\\/\\\/www.hausamstrom.de\\\/de\\\/?s={search_term_string}\"},\"query-input\":{\"@type\":\"PropertyValueSpecification\",\"valueRequired\":true,\"valueName\":\"search_term_string\"}}],\"inLanguage\":\"cs\"},{\"@type\":\"Organization\",\"@id\":\"https:\\\/\\\/www.hausamstrom.de\\\/de\\\/#organization\",\"name\":\"Haus am Strom\",\"url\":\"https:\\\/\\\/www.hausamstrom.de\\\/de\\\/\",\"logo\":{\"@type\":\"ImageObject\",\"inLanguage\":\"cs\",\"@id\":\"https:\\\/\\\/www.hausamstrom.de\\\/de\\\/#\\\/schema\\\/logo\\\/image\\\/\",\"url\":\"https:\\\/\\\/www.hausamstrom.de\\\/wp-content\\\/uploads\\\/2025\\\/06\\\/Logo-quadratisch-1024x1024.jpg\",\"contentUrl\":\"https:\\\/\\\/www.hausamstrom.de\\\/wp-content\\\/uploads\\\/2025\\\/06\\\/Logo-quadratisch-1024x1024.jpg\",\"width\":1024,\"height\":1024,\"caption\":\"Haus am Strom\"},\"image\":{\"@id\":\"https:\\\/\\\/www.hausamstrom.de\\\/de\\\/#\\\/schema\\\/logo\\\/image\\\/\"},\"sameAs\":[\"https:\\\/\\\/www.facebook.com\\\/hausamstrom\",\"https:\\\/\\\/www.instagram.com\\\/\"]}]}<\/script>\n<!-- \/ Yoast SEO plugin. -->","yoast_head_json":{"title":"\u00dadol\u00ed Dunaje - Haus am Strom","robots":{"index":"index","follow":"follow","max-snippet":"max-snippet:-1","max-image-preview":"max-image-preview:large","max-video-preview":"max-video-preview:-1"},"canonical":"https:\/\/www.hausamstrom.de\/cs\/program\/zajisten\/udoli-dunaje\/","og_locale":"cs_CZ","og_type":"article","og_title":"\u00dadol\u00ed Dunaje - Haus am Strom","og_description":"[vc_row equal_height=\u201dyes\u201d][vc_column width=\u201d1\/3\u2033][vc_single_image image=\u201d6047\u2033 img_size=\u201dlarge\u201d alignment=\u201dcenter\u201d css=\u201d\u201d][\/vc_column][vc_column width=\u201d2\/3\u2033][vc_column_text] P\u011b\u0161\u00ed t\u00fara s v\u00fdhledem \u2013 panoramatick\u00e1 t\u00fara [\/vc_column_text][vc_btn title=\u201d\u010c\u00edst d\u00e1le\u201d color=\u201dprimary\u201d css=\u201d\u201d link=\u201durl:https%3A%2F%2Fhausamstrom.de%2Fprogramm%2Fbuchbares%2Fdonautal%2Fpicknickwanderung-mit-aussicht-panoramawanderung%2F|title:%C4%8C%C3%ADst%20d%C3%A1le\u201d][\/vc_column][\/vc_row][vc_row][vc_column][vc_separator][\/vc_column][\/vc_row][vc_row equal_height=\u201dyes\u201d][vc_column width=\u201d1\/3\u2033][vc_single_image image=\u201d6048\u2033 img_size=\u201dmedium\u201d alignment=\u201dcenter\u201d][\/vc_column][vc_column width=\u201d2\/3\u2033][vc_column_text css=\u201d\u201d] Dunaj bez hranic [\/vc_column_text][vc_btn title=\u201d\u010c\u00edst d\u00e1le\u201d color=\u201dprimary\u201d css=\u201d\u201d link=\u201durl:https%3A%2F%2Fhausamstrom.de%2Fprogramm%2Fbuchbares%2Fdonautal%2Fdonau-ohne-grenzen%2F|title:%C4%8C%C3%ADst%20d%C3%A1le\u201d][\/vc_column][\/vc_row][vc_row][vc_column][vc_separator][\/vc_column][\/vc_row][vc_row equal_height=\u201dyes\u201d][vc_column width=\u201d1\/3\u2033][vc_single_image image=\u201d1867\u2033 img_size=\u201dmedium\u201d alignment=\u201dcenter\u201d css=\u201d\u201d][\/vc_column][vc_column width=\u201d2\/3\u2033][vc_column_text] T\u00fara Vilstal \u2013 na stop\u011b t\u011b\u017eby \u017euly ve Vilsengtalu [\/vc_column_text][vc_btn title=\u201d\u010c\u00edst [&hellip;]","og_url":"https:\/\/www.hausamstrom.de\/cs\/program\/zajisten\/udoli-dunaje\/","og_site_name":"Haus am Strom","article_publisher":"https:\/\/www.facebook.com\/hausamstrom","article_modified_time":"2026-02-25T13:54:04+00:00","twitter_card":"summary_large_image","twitter_misc":{"Odhadovan\u00e1 doba \u010dten\u00ed":"4 minuty"},"schema":{"@context":"https:\/\/schema.org","@graph":[{"@type":"WebPage","@id":"https:\/\/www.hausamstrom.de\/cs\/program\/zajisten\/udoli-dunaje\/","url":"https:\/\/www.hausamstrom.de\/cs\/program\/zajisten\/udoli-dunaje\/","name":"\u00dadol\u00ed Dunaje - Haus am Strom","isPartOf":{"@id":"https:\/\/www.hausamstrom.de\/de\/#website"},"datePublished":"2020-05-04T15:11:37+00:00","dateModified":"2026-02-25T13:54:04+00:00","breadcrumb":{"@id":"https:\/\/www.hausamstrom.de\/cs\/program\/zajisten\/udoli-dunaje\/#breadcrumb"},"inLanguage":"cs","potentialAction":[{"@type":"ReadAction","target":["https:\/\/www.hausamstrom.de\/cs\/program\/zajisten\/udoli-dunaje\/"]}]},{"@type":"BreadcrumbList","@id":"https:\/\/www.hausamstrom.de\/cs\/program\/zajisten\/udoli-dunaje\/#breadcrumb","itemListElement":[{"@type":"ListItem","position":1,"name":"Home","item":"https:\/\/www.hausamstrom.de\/cs\/"},{"@type":"ListItem","position":2,"name":"Program","item":"https:\/\/www.hausamstrom.de\/cs\/program\/"},{"@type":"ListItem","position":3,"name":"Zaji\u0161t\u011bn","item":"https:\/\/www.hausamstrom.de\/cs\/program\/zajisten\/"},{"@type":"ListItem","position":4,"name":"\u00dadol\u00ed Dunaje"}]},{"@type":"WebSite","@id":"https:\/\/www.hausamstrom.de\/de\/#website","url":"https:\/\/www.hausamstrom.de\/de\/","name":"Haus am Strom","description":"Umweltbildungsstation im Passauer Donautal. Umweltbildung und Naturschutz f\u00fcr Kinder und Erwachsenen.","publisher":{"@id":"https:\/\/www.hausamstrom.de\/de\/#organization"},"potentialAction":[{"@type":"SearchAction","target":{"@type":"EntryPoint","urlTemplate":"https:\/\/www.hausamstrom.de\/de\/?s={search_term_string}"},"query-input":{"@type":"PropertyValueSpecification","valueRequired":true,"valueName":"search_term_string"}}],"inLanguage":"cs"},{"@type":"Organization","@id":"https:\/\/www.hausamstrom.de\/de\/#organization","name":"Haus am Strom","url":"https:\/\/www.hausamstrom.de\/de\/","logo":{"@type":"ImageObject","inLanguage":"cs","@id":"https:\/\/www.hausamstrom.de\/de\/#\/schema\/logo\/image\/","url":"https:\/\/www.hausamstrom.de\/wp-content\/uploads\/2025\/06\/Logo-quadratisch-1024x1024.jpg","contentUrl":"https:\/\/www.hausamstrom.de\/wp-content\/uploads\/2025\/06\/Logo-quadratisch-1024x1024.jpg","width":1024,"height":1024,"caption":"Haus am Strom"},"image":{"@id":"https:\/\/www.hausamstrom.de\/de\/#\/schema\/logo\/image\/"},"sameAs":["https:\/\/www.facebook.com\/hausamstrom","https:\/\/www.instagram.com\/"]}]}},"_links":{"self":[{"href":"https:\/\/www.hausamstrom.de\/cs\/wp-json\/wp\/v2\/pages\/6949","targetHints":{"allow":["GET"]}}],"collection":[{"href":"https:\/\/www.hausamstrom.de\/cs\/wp-json\/wp\/v2\/pages"}],"about":[{"href":"https:\/\/www.hausamstrom.de\/cs\/wp-json\/wp\/v2\/types\/page"}],"author":[{"embeddable":true,"href":"https:\/\/www.hausamstrom.de\/cs\/wp-json\/wp\/v2\/users\/1"}],"replies":[{"embeddable":true,"href":"https:\/\/www.hausamstrom.de\/cs\/wp-json\/wp\/v2\/comments?post=6949"}],"version-history":[{"count":8,"href":"https:\/\/www.hausamstrom.de\/cs\/wp-json\/wp\/v2\/pages\/6949\/revisions"}],"predecessor-version":[{"id":14145,"href":"https:\/\/www.hausamstrom.de\/cs\/wp-json\/wp\/v2\/pages\/6949\/revisions\/14145"}],"up":[{"embeddable":true,"href":"https:\/\/www.hausamstrom.de\/cs\/wp-json\/wp\/v2\/pages\/7134"}],"wp:attachment":[{"href":"https:\/\/www.hausamstrom.de\/cs\/wp-json\/wp\/v2\/media?parent=6949"}],"curies":[{"name":"wp","href":"https:\/\/api.w.org\/{rel}","templated":true}]}}