{"id":6962,"date":"2020-05-04T17:47:15","date_gmt":"2020-05-04T15:47:15","guid":{"rendered":"https:\/\/www.hausamstrom.de\/udoli-dunaje-2\/zemepis\/"},"modified":"2020-05-15T11:12:50","modified_gmt":"2020-05-15T09:12:50","slug":"zemepis","status":"publish","type":"page","link":"https:\/\/www.hausamstrom.de\/cs\/udoli-dunaje-2\/zemepis\/","title":{"rendered":"zem\u011bpis"},"content":{"rendered":"<div class=\"wpb-content-wrapper\"><p>[vc_row][vc_column][vc_column_text]<img loading=\"lazy\" decoding=\"async\" class=\"aligncenter wp-image-1540 size-full\" src=\"https:\/\/hausamstrom.de\/wp-content\/uploads\/2016\/03\/donauleiten-bei-passau_.jpg\" alt=\"Blick vom Ebenstein\" width=\"800\" height=\"535\" srcset=\"https:\/\/www.hausamstrom.de\/wp-content\/uploads\/2016\/03\/donauleiten-bei-passau_.jpg 800w, https:\/\/www.hausamstrom.de\/wp-content\/uploads\/2016\/03\/donauleiten-bei-passau_-400x268.jpg 400w\" sizes=\"auto, (max-width: 800px) 100vw, 800px\" \/><\/p>\n<p>Vznik \u00fadol\u00ed Dunaje \u00fazce souvis\u00ed s geologi\u00ed, kter\u00e1 dnes vede k velmi zvl\u00e1\u0161tn\u00edm podneb\u00edm v \u00fadol\u00ed Dunaje.[\/vc_column_text][\/vc_column][\/vc_row][vc_row][vc_column]<div id=\"1559496057716-7ac60613-790a\" class=\"dt-sc-empty-space\"><\/div>[\/vc_column][\/vc_row][vc_row][vc_column width=\u201d1\/3\u2033][vc_column_text]<\/p>\n<h3>Vytvo\u0159en\u00ed \u00fadol\u00ed Dunaje<\/h3>\n<p>Zru\u0161en\u00ed tzv. \u010cesk\u00e9 m\u0161e za\u010dalo p\u0159ed 17-18 miliony let v terci\u00e9ru. Na konci t\u0159etihor, asi p\u0159ed 3 miliony let, Dunaj na\u0161el sv\u00e9 sou\u010dasn\u00e9 lo\u017ee a n\u00e1sledoval tektonickou poruchu.[\/vc_column_text]<a href='#' target='_self' title='' class='dt-sc-button   medium     '  style=\"background-color:#1e73be;border-color:#1e73be;\"> \u010d\u00edst d\u00e1l <\/a>[\/vc_column][vc_column width=\u201d1\/3\u2033][vc_column_text]<\/p>\n<h3>Geologie v Bavorsk\u00e9m lese a v \u00fadol\u00ed Dunaje<\/h3>\n<p>Historie \u00fadol\u00ed Dunaje za\u010d\u00edn\u00e1 zved\u00e1n\u00edm \u010desk\u00e9 m\u0161e p\u0159ed 17\u201318 miliony let v terci\u00e9ru. Ji\u017e v ran\u00e9 geologick\u00e9 historii \u2026[\/vc_column_text]<a href='#' target='_self' title='' class='dt-sc-button   medium     '  style=\"background-color:#1e73be;border-color:#1e73be;\"> \u010d\u00edst d\u00e1l <\/a>[\/vc_column][vc_column width=\u201d1\/3\u2033][vc_column_text]<\/p>\n<h3>Podneb\u00ed v \u00fadol\u00ed Dunaje<\/h3>\n<p>\u00dadol\u00ed Dunaje proch\u00e1z\u00ed mezi Pasovem a Linzem, \u010deskou masou, kter\u00e1 vytv\u00e1\u0159\u00ed podh\u016f\u0159\u00ed Bavorsk\u00e9ho lesa a Sauwaldu drsn\u00e9 n\u00edzk\u00e9 horsk\u00e9 klima.[\/vc_column_text]<a href='#' target='_self' title='' class='dt-sc-button   medium     '  style=\"background-color:#1e73be;border-color:#1e73be;\"> \u010d\u00edst d\u00e1l <\/a>[\/vc_column][\/vc_row]<\/p>\n<\/div>","protected":false},"excerpt":{"rendered":"<p>[vc_row][vc_column][vc_column_text] Vznik \u00fadol\u00ed Dunaje \u00fazce souvis\u00ed s geologi\u00ed, kter\u00e1 dnes vede k velmi zvl\u00e1\u0161tn\u00edm podneb\u00edm v \u00fadol\u00ed Dunaje.[\/vc_column_text][\/vc_column][\/vc_row][vc_row][vc_column][\/vc_column][\/vc_row][vc_row][vc_column width=\u201d1\/3\u2033][vc_column_text] Vytvo\u0159en\u00ed \u00fadol\u00ed Dunaje Zru\u0161en\u00ed tzv. \u010cesk\u00e9 m\u0161e za\u010dalo p\u0159ed 17-18 miliony let v terci\u00e9ru. Na konci t\u0159etihor, asi p\u0159ed 3 miliony let, Dunaj na\u0161el sv\u00e9 sou\u010dasn\u00e9 lo\u017ee a n\u00e1sledoval tektonickou poruchu.[\/vc_column_text][\/vc_column][vc_column width=\u201d1\/3\u2033][vc_column_text] Geologie v Bavorsk\u00e9m lese [&hellip;]<\/p>\n","protected":false},"author":1,"featured_media":0,"parent":6955,"menu_order":4,"comment_status":"closed","ping_status":"closed","template":"","meta":{"footnotes":""},"class_list":["post-6962","page","type-page","status-publish","hentry"],"yoast_head":"<!-- This site is optimized with the Yoast SEO plugin v27.5 - https:\/\/yoast.com\/product\/yoast-seo-wordpress\/ -->\n<title>zem\u011bpis - Haus am Strom<\/title>\n<meta name=\"robots\" content=\"index, follow, max-snippet:-1, max-image-preview:large, max-video-preview:-1\" \/>\n<link rel=\"canonical\" href=\"https:\/\/www.hausamstrom.de\/cs\/udoli-dunaje-2\/zemepis\/\" \/>\n<meta property=\"og:locale\" content=\"cs_CZ\" \/>\n<meta property=\"og:type\" content=\"article\" \/>\n<meta property=\"og:title\" content=\"zem\u011bpis - Haus am Strom\" \/>\n<meta property=\"og:description\" content=\"[vc_row][vc_column][vc_column_text] Vznik \u00fadol\u00ed Dunaje \u00fazce souvis\u00ed s geologi\u00ed, kter\u00e1 dnes vede k velmi zvl\u00e1\u0161tn\u00edm podneb\u00edm v \u00fadol\u00ed Dunaje.[\/vc_column_text][\/vc_column][\/vc_row][vc_row][vc_column][\/vc_column][\/vc_row][vc_row][vc_column width=\u201d1\/3\u2033][vc_column_text] Vytvo\u0159en\u00ed \u00fadol\u00ed Dunaje Zru\u0161en\u00ed tzv. \u010cesk\u00e9 m\u0161e za\u010dalo p\u0159ed 17-18 miliony let v terci\u00e9ru. Na konci t\u0159etihor, asi p\u0159ed 3 miliony let, Dunaj na\u0161el sv\u00e9 sou\u010dasn\u00e9 lo\u017ee a n\u00e1sledoval tektonickou poruchu.[\/vc_column_text][\/vc_column][vc_column width=\u201d1\/3\u2033][vc_column_text] Geologie v Bavorsk\u00e9m lese [&hellip;]\" \/>\n<meta property=\"og:url\" content=\"https:\/\/www.hausamstrom.de\/cs\/udoli-dunaje-2\/zemepis\/\" \/>\n<meta property=\"og:site_name\" content=\"Haus am Strom\" \/>\n<meta property=\"article:publisher\" content=\"https:\/\/www.facebook.com\/hausamstrom\" \/>\n<meta property=\"article:modified_time\" content=\"2020-05-15T09:12:50+00:00\" \/>\n<meta property=\"og:image\" content=\"https:\/\/hausamstrom.de\/wp-content\/uploads\/2016\/03\/donauleiten-bei-passau_.jpg\" \/>\n<meta name=\"twitter:card\" content=\"summary_large_image\" \/>\n<meta name=\"twitter:label1\" content=\"Odhadovan\u00e1 doba \u010dten\u00ed\" \/>\n\t<meta name=\"twitter:data1\" content=\"1 minuta\" \/>\n<script type=\"application\/ld+json\" class=\"yoast-schema-graph\">{\"@context\":\"https:\\\/\\\/schema.org\",\"@graph\":[{\"@type\":\"WebPage\",\"@id\":\"https:\\\/\\\/www.hausamstrom.de\\\/cs\\\/udoli-dunaje-2\\\/zemepis\\\/\",\"url\":\"https:\\\/\\\/www.hausamstrom.de\\\/cs\\\/udoli-dunaje-2\\\/zemepis\\\/\",\"name\":\"zem\u011bpis - Haus am Strom\",\"isPartOf\":{\"@id\":\"https:\\\/\\\/www.hausamstrom.de\\\/de\\\/#website\"},\"primaryImageOfPage\":{\"@id\":\"https:\\\/\\\/www.hausamstrom.de\\\/cs\\\/udoli-dunaje-2\\\/zemepis\\\/#primaryimage\"},\"image\":{\"@id\":\"https:\\\/\\\/www.hausamstrom.de\\\/cs\\\/udoli-dunaje-2\\\/zemepis\\\/#primaryimage\"},\"thumbnailUrl\":\"https:\\\/\\\/hausamstrom.de\\\/wp-content\\\/uploads\\\/2016\\\/03\\\/donauleiten-bei-passau_.jpg\",\"datePublished\":\"2020-05-04T15:47:15+00:00\",\"dateModified\":\"2020-05-15T09:12:50+00:00\",\"breadcrumb\":{\"@id\":\"https:\\\/\\\/www.hausamstrom.de\\\/cs\\\/udoli-dunaje-2\\\/zemepis\\\/#breadcrumb\"},\"inLanguage\":\"cs\",\"potentialAction\":[{\"@type\":\"ReadAction\",\"target\":[\"https:\\\/\\\/www.hausamstrom.de\\\/cs\\\/udoli-dunaje-2\\\/zemepis\\\/\"]}]},{\"@type\":\"ImageObject\",\"inLanguage\":\"cs\",\"@id\":\"https:\\\/\\\/www.hausamstrom.de\\\/cs\\\/udoli-dunaje-2\\\/zemepis\\\/#primaryimage\",\"url\":\"https:\\\/\\\/hausamstrom.de\\\/wp-content\\\/uploads\\\/2016\\\/03\\\/donauleiten-bei-passau_.jpg\",\"contentUrl\":\"https:\\\/\\\/hausamstrom.de\\\/wp-content\\\/uploads\\\/2016\\\/03\\\/donauleiten-bei-passau_.jpg\"},{\"@type\":\"BreadcrumbList\",\"@id\":\"https:\\\/\\\/www.hausamstrom.de\\\/cs\\\/udoli-dunaje-2\\\/zemepis\\\/#breadcrumb\",\"itemListElement\":[{\"@type\":\"ListItem\",\"position\":1,\"name\":\"Home\",\"item\":\"https:\\\/\\\/www.hausamstrom.de\\\/cs\\\/\"},{\"@type\":\"ListItem\",\"position\":2,\"name\":\"\u00dadol\u00ed Dunaje\",\"item\":\"https:\\\/\\\/www.hausamstrom.de\\\/cs\\\/udoli-dunaje-2\\\/\"},{\"@type\":\"ListItem\",\"position\":3,\"name\":\"zem\u011bpis\"}]},{\"@type\":\"WebSite\",\"@id\":\"https:\\\/\\\/www.hausamstrom.de\\\/de\\\/#website\",\"url\":\"https:\\\/\\\/www.hausamstrom.de\\\/de\\\/\",\"name\":\"Haus am Strom\",\"description\":\"Umweltbildungsstation im Passauer Donautal. Umweltbildung und Naturschutz f\u00fcr Kinder und Erwachsenen.\",\"publisher\":{\"@id\":\"https:\\\/\\\/www.hausamstrom.de\\\/de\\\/#organization\"},\"potentialAction\":[{\"@type\":\"SearchAction\",\"target\":{\"@type\":\"EntryPoint\",\"urlTemplate\":\"https:\\\/\\\/www.hausamstrom.de\\\/de\\\/?s={search_term_string}\"},\"query-input\":{\"@type\":\"PropertyValueSpecification\",\"valueRequired\":true,\"valueName\":\"search_term_string\"}}],\"inLanguage\":\"cs\"},{\"@type\":\"Organization\",\"@id\":\"https:\\\/\\\/www.hausamstrom.de\\\/de\\\/#organization\",\"name\":\"Haus am Strom\",\"url\":\"https:\\\/\\\/www.hausamstrom.de\\\/de\\\/\",\"logo\":{\"@type\":\"ImageObject\",\"inLanguage\":\"cs\",\"@id\":\"https:\\\/\\\/www.hausamstrom.de\\\/de\\\/#\\\/schema\\\/logo\\\/image\\\/\",\"url\":\"https:\\\/\\\/www.hausamstrom.de\\\/wp-content\\\/uploads\\\/2025\\\/06\\\/Logo-quadratisch-1024x1024.jpg\",\"contentUrl\":\"https:\\\/\\\/www.hausamstrom.de\\\/wp-content\\\/uploads\\\/2025\\\/06\\\/Logo-quadratisch-1024x1024.jpg\",\"width\":1024,\"height\":1024,\"caption\":\"Haus am Strom\"},\"image\":{\"@id\":\"https:\\\/\\\/www.hausamstrom.de\\\/de\\\/#\\\/schema\\\/logo\\\/image\\\/\"},\"sameAs\":[\"https:\\\/\\\/www.facebook.com\\\/hausamstrom\",\"https:\\\/\\\/www.instagram.com\\\/\"]}]}<\/script>\n<!-- \/ Yoast SEO plugin. -->","yoast_head_json":{"title":"zem\u011bpis - Haus am Strom","robots":{"index":"index","follow":"follow","max-snippet":"max-snippet:-1","max-image-preview":"max-image-preview:large","max-video-preview":"max-video-preview:-1"},"canonical":"https:\/\/www.hausamstrom.de\/cs\/udoli-dunaje-2\/zemepis\/","og_locale":"cs_CZ","og_type":"article","og_title":"zem\u011bpis - Haus am Strom","og_description":"[vc_row][vc_column][vc_column_text] Vznik \u00fadol\u00ed Dunaje \u00fazce souvis\u00ed s geologi\u00ed, kter\u00e1 dnes vede k velmi zvl\u00e1\u0161tn\u00edm podneb\u00edm v \u00fadol\u00ed Dunaje.[\/vc_column_text][\/vc_column][\/vc_row][vc_row][vc_column][\/vc_column][\/vc_row][vc_row][vc_column width=\u201d1\/3\u2033][vc_column_text] Vytvo\u0159en\u00ed \u00fadol\u00ed Dunaje Zru\u0161en\u00ed tzv. \u010cesk\u00e9 m\u0161e za\u010dalo p\u0159ed 17-18 miliony let v terci\u00e9ru. Na konci t\u0159etihor, asi p\u0159ed 3 miliony let, Dunaj na\u0161el sv\u00e9 sou\u010dasn\u00e9 lo\u017ee a n\u00e1sledoval tektonickou poruchu.[\/vc_column_text][\/vc_column][vc_column width=\u201d1\/3\u2033][vc_column_text] Geologie v Bavorsk\u00e9m lese [&hellip;]","og_url":"https:\/\/www.hausamstrom.de\/cs\/udoli-dunaje-2\/zemepis\/","og_site_name":"Haus am Strom","article_publisher":"https:\/\/www.facebook.com\/hausamstrom","article_modified_time":"2020-05-15T09:12:50+00:00","og_image":[{"url":"https:\/\/hausamstrom.de\/wp-content\/uploads\/2016\/03\/donauleiten-bei-passau_.jpg","type":"","width":"","height":""}],"twitter_card":"summary_large_image","twitter_misc":{"Odhadovan\u00e1 doba \u010dten\u00ed":"1 minuta"},"schema":{"@context":"https:\/\/schema.org","@graph":[{"@type":"WebPage","@id":"https:\/\/www.hausamstrom.de\/cs\/udoli-dunaje-2\/zemepis\/","url":"https:\/\/www.hausamstrom.de\/cs\/udoli-dunaje-2\/zemepis\/","name":"zem\u011bpis - Haus am Strom","isPartOf":{"@id":"https:\/\/www.hausamstrom.de\/de\/#website"},"primaryImageOfPage":{"@id":"https:\/\/www.hausamstrom.de\/cs\/udoli-dunaje-2\/zemepis\/#primaryimage"},"image":{"@id":"https:\/\/www.hausamstrom.de\/cs\/udoli-dunaje-2\/zemepis\/#primaryimage"},"thumbnailUrl":"https:\/\/hausamstrom.de\/wp-content\/uploads\/2016\/03\/donauleiten-bei-passau_.jpg","datePublished":"2020-05-04T15:47:15+00:00","dateModified":"2020-05-15T09:12:50+00:00","breadcrumb":{"@id":"https:\/\/www.hausamstrom.de\/cs\/udoli-dunaje-2\/zemepis\/#breadcrumb"},"inLanguage":"cs","potentialAction":[{"@type":"ReadAction","target":["https:\/\/www.hausamstrom.de\/cs\/udoli-dunaje-2\/zemepis\/"]}]},{"@type":"ImageObject","inLanguage":"cs","@id":"https:\/\/www.hausamstrom.de\/cs\/udoli-dunaje-2\/zemepis\/#primaryimage","url":"https:\/\/hausamstrom.de\/wp-content\/uploads\/2016\/03\/donauleiten-bei-passau_.jpg","contentUrl":"https:\/\/hausamstrom.de\/wp-content\/uploads\/2016\/03\/donauleiten-bei-passau_.jpg"},{"@type":"BreadcrumbList","@id":"https:\/\/www.hausamstrom.de\/cs\/udoli-dunaje-2\/zemepis\/#breadcrumb","itemListElement":[{"@type":"ListItem","position":1,"name":"Home","item":"https:\/\/www.hausamstrom.de\/cs\/"},{"@type":"ListItem","position":2,"name":"\u00dadol\u00ed Dunaje","item":"https:\/\/www.hausamstrom.de\/cs\/udoli-dunaje-2\/"},{"@type":"ListItem","position":3,"name":"zem\u011bpis"}]},{"@type":"WebSite","@id":"https:\/\/www.hausamstrom.de\/de\/#website","url":"https:\/\/www.hausamstrom.de\/de\/","name":"Haus am Strom","description":"Umweltbildungsstation im Passauer Donautal. Umweltbildung und Naturschutz f\u00fcr Kinder und Erwachsenen.","publisher":{"@id":"https:\/\/www.hausamstrom.de\/de\/#organization"},"potentialAction":[{"@type":"SearchAction","target":{"@type":"EntryPoint","urlTemplate":"https:\/\/www.hausamstrom.de\/de\/?s={search_term_string}"},"query-input":{"@type":"PropertyValueSpecification","valueRequired":true,"valueName":"search_term_string"}}],"inLanguage":"cs"},{"@type":"Organization","@id":"https:\/\/www.hausamstrom.de\/de\/#organization","name":"Haus am Strom","url":"https:\/\/www.hausamstrom.de\/de\/","logo":{"@type":"ImageObject","inLanguage":"cs","@id":"https:\/\/www.hausamstrom.de\/de\/#\/schema\/logo\/image\/","url":"https:\/\/www.hausamstrom.de\/wp-content\/uploads\/2025\/06\/Logo-quadratisch-1024x1024.jpg","contentUrl":"https:\/\/www.hausamstrom.de\/wp-content\/uploads\/2025\/06\/Logo-quadratisch-1024x1024.jpg","width":1024,"height":1024,"caption":"Haus am Strom"},"image":{"@id":"https:\/\/www.hausamstrom.de\/de\/#\/schema\/logo\/image\/"},"sameAs":["https:\/\/www.facebook.com\/hausamstrom","https:\/\/www.instagram.com\/"]}]}},"_links":{"self":[{"href":"https:\/\/www.hausamstrom.de\/cs\/wp-json\/wp\/v2\/pages\/6962","targetHints":{"allow":["GET"]}}],"collection":[{"href":"https:\/\/www.hausamstrom.de\/cs\/wp-json\/wp\/v2\/pages"}],"about":[{"href":"https:\/\/www.hausamstrom.de\/cs\/wp-json\/wp\/v2\/types\/page"}],"author":[{"embeddable":true,"href":"https:\/\/www.hausamstrom.de\/cs\/wp-json\/wp\/v2\/users\/1"}],"replies":[{"embeddable":true,"href":"https:\/\/www.hausamstrom.de\/cs\/wp-json\/wp\/v2\/comments?post=6962"}],"version-history":[{"count":4,"href":"https:\/\/www.hausamstrom.de\/cs\/wp-json\/wp\/v2\/pages\/6962\/revisions"}],"predecessor-version":[{"id":7184,"href":"https:\/\/www.hausamstrom.de\/cs\/wp-json\/wp\/v2\/pages\/6962\/revisions\/7184"}],"up":[{"embeddable":true,"href":"https:\/\/www.hausamstrom.de\/cs\/wp-json\/wp\/v2\/pages\/6955"}],"wp:attachment":[{"href":"https:\/\/www.hausamstrom.de\/cs\/wp-json\/wp\/v2\/media?parent=6962"}],"curies":[{"name":"wp","href":"https:\/\/api.w.org\/{rel}","templated":true}]}}