{"id":6983,"date":"2020-05-04T18:06:11","date_gmt":"2020-05-04T16:06:11","guid":{"rendered":"https:\/\/www.hausamstrom.de\/zacnete\/"},"modified":"2026-02-25T10:35:19","modified_gmt":"2026-02-25T09:35:19","slug":"zacnete","status":"publish","type":"page","link":"https:\/\/www.hausamstrom.de\/cs\/","title":{"rendered":"Za\u010dn\u011bte"},"content":{"rendered":"<div class=\"wpb-content-wrapper\"><p>[vc_row full_width=\u201dstretch_row_content_no_spaces\u201d][vc_column][rev_slider_vc alias=\u201dstartseite\u201d]<div id=\"1559487275179-5d601bd8-6903\" class=\"dt-sc-empty-space\"><\/div>[\/vc_column][\/vc_row][vc_row][vc_column][vc_custom_heading text=\u201dV\u00edtejte\u201d font_container=\u201dtag:h2|font_size:30px|text_align:left\u201d google_fonts=\u201dfont_family:Bubblegum%20Sans%3Aregular|font_style:400%20regular%3A400%3Anormal\u201d][vc_column_text]D\u016fm u proudu \u0159eky (Haus am Strom) je ekologick\u00e1 stanice v okrese Pasov.\u00a0Nav\u0161tivte na\u0161i z\u00e1\u017eitkovou v\u00fdstavu nebo jednu z na\u0161ich \u010detn\u00fdch akc\u00ed.\u00a0P\u0159\u00edrodn\u00ed rezervace Donauleiten (Dunajsk\u00e9 svahy), o kterou se star\u00e1me, v\u00e1s tak\u00e9 zve k proch\u00e1zce pln\u00e9 z\u00e1\u017eitk\u016f.\u00a0Zakon\u010dete den str\u00e1ven\u00fd v dom\u011b u \u0159eky v na\u0161\u00ed \u00fatuln\u00e9 pivn\u00ed zahr\u00e1dce!<br \/>\n[\/vc_column_text]<div id=\"1559487301309-bda265cb-1b29\" class=\"dt-sc-empty-space\"><\/div>[vc_btn title=\u201dSchreiben Sie uns\u201d color=\u201dinfo\u201d size=\u201dlg\u201d align=\u201dcenter\u201d link=\u201durl:https%3A%2F%2Fwww.hausamstrom.de%2Fde%2Fservice%2Fkontakt%2F|title:Kontakt|\u201d]<div id=\"1591707928473-1b8b6964-e47b\" class=\"dt-sc-empty-space\"><\/div>[\/vc_column][\/vc_row][vc_row][vc_column width=\u201d1\/4\u2033]<div class='dt-sc-icon-box type14 '><div class=\"icon-wrapper\"><img loading=\"lazy\" decoding=\"async\" width=\"2000\" height=\"1565\" src=\"https:\/\/www.hausamstrom.de\/wp-content\/uploads\/2019\/11\/haus_hp_web-1.jpg\" class=\"attachment-full\" alt=\"\" title=\"*temp*\" srcset=\"https:\/\/www.hausamstrom.de\/wp-content\/uploads\/2019\/11\/haus_hp_web-1.jpg 2000w, https:\/\/www.hausamstrom.de\/wp-content\/uploads\/2019\/11\/haus_hp_web-1-400x313.jpg 400w, https:\/\/www.hausamstrom.de\/wp-content\/uploads\/2019\/11\/haus_hp_web-1-1024x801.jpg 1024w, https:\/\/www.hausamstrom.de\/wp-content\/uploads\/2019\/11\/haus_hp_web-1-1536x1202.jpg 1536w, https:\/\/www.hausamstrom.de\/wp-content\/uploads\/2019\/11\/haus_hp_web-1-750x587.jpg 750w, https:\/\/www.hausamstrom.de\/wp-content\/uploads\/2019\/11\/haus_hp_web-1-540x423.jpg 540w\" sizes=\"auto, (max-width: 2000px) 100vw, 2000px\" \/><\/div><div class=\"icon-content\"><h4><a href='https:\/\/hausamstrom.de\/haus\/' title='Haus' target='_self'>D\u016fm<\/a><\/h4><p>Pono\u0159te se do budovy v architektu\u0159e vlny. Za\u017eijte na v\u00fdstav\u011b vodu a p\u0159\u00edrodu v \u00fadol\u00ed Dunaje.<\/p><\/div><\/div>[\/vc_column][vc_column width=\u201d1\/4\u2033]<div class='dt-sc-icon-box type14 '><div class=\"icon-wrapper\"><img loading=\"lazy\" decoding=\"async\" width=\"2000\" height=\"1565\" src=\"https:\/\/www.hausamstrom.de\/wp-content\/uploads\/2019\/11\/ausstellung_start_web.jpg\" class=\"attachment-full\" alt=\"\" title=\"ausstellung_start_web\" srcset=\"https:\/\/www.hausamstrom.de\/wp-content\/uploads\/2019\/11\/ausstellung_start_web.jpg 2000w, https:\/\/www.hausamstrom.de\/wp-content\/uploads\/2019\/11\/ausstellung_start_web-400x313.jpg 400w, https:\/\/www.hausamstrom.de\/wp-content\/uploads\/2019\/11\/ausstellung_start_web-1024x801.jpg 1024w, https:\/\/www.hausamstrom.de\/wp-content\/uploads\/2019\/11\/ausstellung_start_web-1536x1202.jpg 1536w, https:\/\/www.hausamstrom.de\/wp-content\/uploads\/2019\/11\/ausstellung_start_web-750x587.jpg 750w, https:\/\/www.hausamstrom.de\/wp-content\/uploads\/2019\/11\/ausstellung_start_web-540x423.jpg 540w\" sizes=\"auto, (max-width: 2000px) 100vw, 2000px\" \/><\/div><div class=\"icon-content\"><h4><a href='https:\/\/hausamstrom.de\/?page_id=47&lang=de' title='Haus' target='_self'>Akce<\/a><\/h4><p>Prozkoumat \u017eivotn\u00ed prost\u0159ed\u00ed se spoustou z\u00e1bavy a akce. Za\u017e\u00edt p\u0159\u00edrodu v\u0161emi smysly. Zapojit do aktivit celou skupinu. Nech se fascinovat!<\/p><\/div><\/div>[\/vc_column][vc_column width=\u201d1\/4\u2033]<div class='dt-sc-icon-box type14 '><div class=\"icon-wrapper\"><img loading=\"lazy\" decoding=\"async\" width=\"2560\" height=\"2007\" src=\"https:\/\/www.hausamstrom.de\/wp-content\/uploads\/2019\/11\/hits_start_web.jpg\" class=\"attachment-full\" alt=\"\" title=\"hits_start_web\" \/><\/div><div class=\"icon-content\"><h4><a href='https:\/\/hausamstrom.de\/?page_id=47&lang=de' title='Haus' target='_self'>Hity pro d\u011bti<\/a><\/h4><p>D\u016fm u proudu \u0159eky nab\u00edz\u00ed d\u011btem a rodin\u00e1m po cel\u00fd rok bohat\u00fd program. Nab\u00edz\u00edme vzru\u0161uj\u00edc\u00ed a z\u00e1bavn\u00e9 hodiny v dom\u011b a kolem domu u \u0159eky.<\/p><\/div><\/div>[\/vc_column][vc_column width=\u201d1\/4\u2033]<div class='dt-sc-icon-box type14 '><div class=\"icon-wrapper\"><\/div><div class=\"icon-content\"><h4><a href='https:\/\/hausamstrom.de\/?page_id=341&lang=de' title='Haus' target='_self'>Slu\u017eby<\/a><\/h4><p>Pl\u00e1nujete v\u00fdlet do Domu u proudu \u0159eky? Nebo pot\u0159ebujete v\u00edce informac\u00ed o na\u0161em st\u0159edisku environment\u00e1ln\u00edho vzd\u011bl\u00e1v\u00e1n\u00ed a na\u0161em programu?<\/p><\/div><\/div>[\/vc_column][\/vc_row][vc_row][vc_column]<div id=\"1566465099787-96c8697d-79de\" class=\"dt-sc-empty-space\"><\/div>[vc_column_text]<\/p>\n<div class=\"result-shield-container tlid-copy-target\" tabindex=\"0\">\n<p>Cht\u011bli byste podpo\u0159it pr\u00e1ci Domu u proudu \u0159eky?\u00a0Sv\u016fj dar m\u016f\u017eete zaslat <a href=\"https:\/\/www.hausamstrom.de\/cs\/sluzba\/darovat\/\">zde<\/a>!\u00a0<strong>Ka\u017ed\u00fd dar pom\u00e1h\u00e1.<\/strong><\/p>\n<\/div>\n<p><strong>\u00a0<\/strong>[\/vc_column_text]<div id=\"1566465194607-6db3fd52-1a74\" class=\"dt-sc-empty-space\"><\/div>[\/vc_column][\/vc_row][vc_row equal_height=\u201dyes\u201d][vc_column width=\u201d1\/2\u2033][vc_custom_heading text=\u201dP\u0159ij\u010fte a nav\u0161tivte n\u00e1s\u201d font_container=\u201dtag:h3|font_size:30px|text_align:center\u201d google_fonts=\u201dfont_family:Bubblegum%20Sans%3Aregular|font_style:400%20regular%3A400%3Anormal\u201d]<div class='dt-working-hours '><ul><li><strong>01.05. \u2013 16.09. :<\/strong><span>Mo - So von 09:00 \u2013 18:00 Uhr<\/span><\/li><li><strong>17.09. \u2013 30.04. :<\/strong><span>t\u00e4glich au\u00dfer Montag von 10:00 \u2013 17:00 Uhr<\/span><\/li><li><strong>01.01., 01.11., 24., 25., 26. + 31.12. :<\/strong><span>geschlossen<\/span><\/li><\/ul><\/div>[\/vc_column][vc_column width=\u201d1\/2\u2033][vc_custom_heading text=\u201dDal\u0161\u00ed ud\u00e1losti\u201d font_container=\u201dtag:h3|font_size:30px|text_align:center\u201d google_fonts=\u201dfont_family:Bubblegum%20Sans%3Aregular|font_style:400%20regular%3A400%3Anormal\u201d][vc_raw_html]PHNjcmlwdCBpZD0iZGZ4Ym94IiBkYXRhLWtpZD0iMzgiIGRhdGEtZGZ4LXVybD0iaHR0cHM6Ly91bXdlbHR0ZXJtaW5lLmJheWVybiIgc3JjPSJodHRwczovL3Vtd2VsdHRlcm1pbmUuYmF5ZXJuL2pzL2RmeF90ZXJtaW5ib3guanMiPjwvc2NyaXB0Pg==[\/vc_raw_html][vc_btn title=\u201dAlle Veranstaltungen\u201d shape=\u201dsquare\u201d color=\u201dvista-blue\u201d align=\u201dcenter\u201d i_icon_fontawesome=\u201dfa fa-calendar\u201d add_icon=\u201dtrue\u201d link=\u201durl:https%3A%2F%2Fhausamstrom.de%2Fprogramm%2Fveranstaltungskalender%2F|title:Veranstaltungskalender|\u201d][\/vc_column][\/vc_row][vc_row][vc_column]<div id=\"1559486843730-4c4bb96f-5a39\" class=\"dt-sc-empty-space\"><\/div>[vc_custom_heading text=\u201dAktuelles\u201d font_container=\u201dtag:h2|font_size:30px|text_align:center\u201d google_fonts=\u201dfont_family:Bubblegum%20Sans%3Aregular|font_style:400%20regular%3A400%3Anormal\u201d link=\u201durl:https%3A%2F%2Fwww.hausamstrom.de%2Fde%2Faktuelles%2F|\u201d]<div class='dt-sc-warning-box'>No Posts Found<\/div><div id=\"1559485355185-f648b5ce-5a27\" class=\"dt-sc-empty-space\"><\/div>[\/vc_column][\/vc_row][vc_row][vc_column]<div id=\"1559485386149-c146d0e9-67e8\" class=\"dt-sc-empty-space\"><\/div>[vc_custom_heading text=\u201dEindr\u00fccke\u201d font_container=\u201dtag:h2|font_size:30px|text_align:center\u201d google_fonts=\u201dfont_family:Bubblegum%20Sans%3Aregular|font_style:400%20regular%3A400%3Anormal\u201d]<div id=\"1559485399550-acb6af3b-3f90\" class=\"dt-sc-empty-space\"><\/div>[\/vc_column][\/vc_row][vc_row][vc_column][vc_custom_heading text=\u201dMeinungen\u201d font_container=\u201dtag:h2|font_size:30px|text_align:center\u201d google_fonts=\u201dfont_family:Bubblegum%20Sans%3Aregular|font_style:400%20regular%3A400%3Anormal\u201d]<div class='dt-sc-testimonial-wrapper carousel_items type2 ' data-animation='scroll'><ul class=\"dt-sc-testimonial-carousel\"><li><div class='dt-sc-testimonial type2 '><div class=\"dt-sc-testimonial-quote\"><blockquote> <q>Das Sommerfest war super \u2026 am n\u00e4chsten Tag die Ausstellung inklusive Erlebnispfad \u2013 hat allen Spa\u00df gemacht! Nur zu empfehlen!<\/q> <\/blockquote><\/div><div class=\"dt-sc-testimonial-author\"><cite>Museumsverein Aschach a. d. Donau<small>19.01.2018<\/small><div class='rating-review-container'><div class='rating-review'><span class='author-rating rating-5'><\/span><\/div><\/div><\/cite><\/div><\/div><\/li><li><div class='dt-sc-testimonial type2 '><div class=\"dt-sc-testimonial-quote\"><blockquote> <q>Selten so eine abwechslungsreiche Ausstellung besucht!<\/q> <\/blockquote><\/div><div class=\"dt-sc-testimonial-author\"><cite>Fam. Beck<small>06.08.2017<\/small><div class='rating-review-container'><div class='rating-review'><span class='author-rating rating-5'><\/span><\/div><\/div><\/cite><\/div><\/div><\/li><li><div class='dt-sc-testimonial type2 '><div class=\"dt-sc-testimonial-quote\"><blockquote> <q>Viel Wissenswertes und interessant gestaltete R\u00e4ume. Einmal muss man mindestens hier gewesen sein!<\/q> <\/blockquote><\/div><div class=\"dt-sc-testimonial-author\"><cite>Matthias und Bianca<small>11.11.2017<\/small><div class='rating-review-container'><div class='rating-review'><span class='author-rating rating-5'><\/span><\/div><\/div><\/cite><\/div><\/div><\/li><li><div class='dt-sc-testimonial type2 '><div class=\"dt-sc-testimonial-quote\"><blockquote> <q>So toll! Ich war am Detektivtag, \u2026 Das fand ich super!<\/q> <\/blockquote><\/div><div class=\"dt-sc-testimonial-author\"><cite>Fam. Schiling<small>09.08.2017<\/small><div class='rating-review-container'><div class='rating-review'><span class='author-rating rating-5'><\/span><\/div><\/div><\/cite><\/div><\/div><\/li><li><div class='dt-sc-testimonial type2 '><div class=\"dt-sc-testimonial-quote\"><blockquote> <q>Sehr liebevolle und interessante Ausstellung mit viel Mitmachm\u00f6glichkeiten. Danke daf\u00fcr!<\/q> <\/blockquote><\/div><div class=\"dt-sc-testimonial-author\"><cite>Hannah-Sophie<small>12.04.2017<\/small><div class='rating-review-container'><div class='rating-review'><span class='author-rating rating-5'><\/span><\/div><\/div><\/cite><\/div><\/div><\/li><li><div class='dt-sc-testimonial type2 '><div class=\"dt-sc-testimonial-quote\"><blockquote> <q>Eine wunderbare, ansprechende und sehr interessante Ausstellung, Danke!<\/q> <\/blockquote><\/div><div class=\"dt-sc-testimonial-author\"><cite>A. Haadt<small>07.03.2017<\/small><div class='rating-review-container'><div class='rating-review'><span class='author-rating rating-5'><\/span><\/div><\/div><\/cite><\/div><\/div><\/li><li><div class='dt-sc-testimonial type2 '><div class=\"dt-sc-testimonial-quote\"><blockquote> <q>Super Angebote f\u00fcr klein und gro\u00df. Sehr viel Interessantes.<\/q> <\/blockquote><\/div><div class=\"dt-sc-testimonial-author\"><cite>Michaela und Andr\u00e9<small>05.02.2017<\/small><div class='rating-review-container'><div class='rating-review'><span class='author-rating rating-5'><\/span><\/div><\/div><\/cite><\/div><\/div><\/li><li><div class='dt-sc-testimonial type2 '><div class=\"dt-sc-testimonial-quote\"><blockquote> <q>Hatten einen tollen Tagesausflug. War super.<\/q> <\/blockquote><\/div><div class=\"dt-sc-testimonial-author\"><cite>Susi, Sonja und Johannes<small>07.05.2016<\/small><div class='rating-review-container'><div class='rating-review'><span class='author-rating rating-5'><\/span><\/div><\/div><\/cite><\/div><\/div><\/li><li><div class='dt-sc-testimonial type2 '><div class=\"dt-sc-testimonial-quote\"><blockquote> <q>Wir Kinder wollten eigentlich gar nicht ins Museum, aber jetzt sind wir positiv \u00fcberrascht. Danke.<\/q> <\/blockquote><\/div><div class=\"dt-sc-testimonial-author\"><cite>Denise, Kati und Verena<small>29.03.2016<\/small><div class='rating-review-container'><div class='rating-review'><span class='author-rating rating-5'><\/span><\/div><\/div><\/cite><\/div><\/div><\/li><li><div class='dt-sc-testimonial type2 '><div class=\"dt-sc-testimonial-quote\"><blockquote> <q>Heute am 29.03.2016 waren wir hier! Uns hat es sehr gefallen. Vor allem der Wasseraufzug. Das ist das beste Museum ever.<\/q> <\/blockquote><\/div><div class=\"dt-sc-testimonial-author\"><cite>Die Kringauer<small>02.04.2016<\/small><div class='rating-review-container'><div class='rating-review'><span class='author-rating rating-5'><\/span><\/div><\/div><\/cite><\/div><\/div><\/li><li><div class='dt-sc-testimonial type2 '><div class=\"dt-sc-testimonial-quote\"><blockquote> <q>Don Bosco Schule ist begeistert<\/q> <\/blockquote><\/div><div class=\"dt-sc-testimonial-author\"><cite>\u00b4Don Bosco Schule<small>25.03.2019<\/small><div class='rating-review-container'><div class='rating-review'><span class='author-rating rating-5'><\/span><\/div><\/div><\/cite><\/div><\/div><\/li><li><div class='dt-sc-testimonial type2 '><div class=\"dt-sc-testimonial-quote\"><blockquote> <q>Ein tolles Erlebnis, so viel Wissenswertes \u00fcber unser Wasser und Tierwelt<\/q> <\/blockquote><\/div><div class=\"dt-sc-testimonial-author\"><cite>Norbert und Christa aus Koblenz<small>28.03.2019<\/small><div class='rating-review-container'><div class='rating-review'><span class='author-rating rating-5'><\/span><\/div><\/div><\/cite><\/div><\/div><\/li><li><div class='dt-sc-testimonial type2 '><div class=\"dt-sc-testimonial-quote\"><blockquote> <q>Die Ausstellung ist zusammen mit dem Erlebnisweg eine runde und tolle Sache!<\/q> <\/blockquote><\/div><div class=\"dt-sc-testimonial-author\"><cite>Familie Zidler<small>11.07.2019<\/small><div class='rating-review-container'><div class='rating-review'><span class='author-rating rating-5'><\/span><\/div><\/div><\/cite><\/div><\/div><\/li><li><div class='dt-sc-testimonial type2 '><div class=\"dt-sc-testimonial-quote\"><blockquote> <q>Das Museum ist sehr lehrreich. Der Klangraum hat mir am meisten gefallen. Liebe Gr\u00fc\u00dfe aus Hessen<\/q> <\/blockquote><\/div><div class=\"dt-sc-testimonial-author\"><cite><small>22.07.2019<\/small><div class='rating-review-container'><div class='rating-review'><span class='author-rating rating-5'><\/span><\/div><\/div><\/cite><\/div><\/div><\/li><li><div class='dt-sc-testimonial type2 '><div class=\"dt-sc-testimonial-quote\"><blockquote> <q>Gro\u00dfe Klasse, mit viel Liebe zum Detail, der Klangraum hatte f\u00fcr jeden Geschmack etwas zu bieten. Wir werden es weiter empfehlen und hoffen, dass noch viele kleine und gro\u00dfe Wasserfans den Weg hierher finden. Alles Gute von 4 Chemnitzern<\/q> <\/blockquote><\/div><div class=\"dt-sc-testimonial-author\"><cite><small>28.07.2019<\/small><div class='rating-review-container'><div class='rating-review'><span class='author-rating rating-5'><\/span><\/div><\/div><\/cite><\/div><\/div><\/li><\/ul><div class=\"carousel-arrows\">\t<a href=\"#\" class=\"testimonial-prev\"> <\/a>\t<a href=\"#\" class=\"testimonial-next\"> <\/a><\/div><\/div>[\/vc_column][\/vc_row][vc_row][vc_column][vc_empty_space height=\u201d50px\u201d][\/vc_column][\/vc_row][vc_row][vc_column][vc_row_inner equal_height=\u201dyes\u201d content_placement=\u201dmiddle\u201d][vc_column_inner width=\u201d1\/3\u2033][vc_single_image image=\u201d5105\u2033 img_size=\u201dlarge\u201d alignment=\u201dcenter\u201d css=\u201d\u201d][\/vc_column_inner][vc_column_inner width=\u201d1\/3\u2033][vc_single_image image=\u201d13584\u2033 img_size=\u201dlarge\u201d alignment=\u201dcenter\u201d css=\u201d\u201d][\/vc_column_inner][vc_column_inner width=\u201d1\/3\u2033][vc_single_image image=\u201d5589\u2033 img_size=\u201dlarge\u201d alignment=\u201dcenter\u201d css=\u201d\u201d][\/vc_column_inner][\/vc_row_inner][vc_row_inner equal_height=\u201dyes\u201d content_placement=\u201dmiddle\u201d][vc_column_inner width=\u201d1\/3\u2033][vc_single_image image=\u201d5585\u2033 img_size=\u201dlarge\u201d alignment=\u201dcenter\u201d css=\u201d\u201d][\/vc_column_inner][vc_column_inner width=\u201d1\/3\u2033][vc_single_image image=\u201d13590\u2033 img_size=\u201dlarge\u201d alignment=\u201dcenter\u201d css=\u201d\u201d][\/vc_column_inner][vc_column_inner width=\u201d1\/3\u2033][vc_single_image image=\u201d5104\u2033 img_size=\u201dlarge\u201d alignment=\u201dcenter\u201d css=\u201d\u201d][\/vc_column_inner][\/vc_row_inner]<div id=\"1559485405406-3d34b30d-7ac7\" class=\"dt-sc-empty-space\"><\/div>[\/vc_column][\/vc_row]<\/p>\n<\/div>","protected":false},"excerpt":{"rendered":"<p>[vc_row full_width=\u201dstretch_row_content_no_spaces\u201d][vc_column][rev_slider_vc alias=\u201dstartseite\u201d][\/vc_column][\/vc_row][vc_row][vc_column][vc_custom_heading text=\u201dV\u00edtejte\u201d font_container=\u201dtag:h2|font_size:30px|text_align:left\u201d google_fonts=\u201dfont_family:Bubblegum%20Sans%3Aregular|font_style:400%20regular%3A400%3Anormal\u201d][vc_column_text]D\u016fm u proudu \u0159eky (Haus am Strom) je ekologick\u00e1 stanice v okrese Pasov.\u00a0Nav\u0161tivte na\u0161i z\u00e1\u017eitkovou v\u00fdstavu nebo jednu z na\u0161ich \u010detn\u00fdch akc\u00ed.\u00a0P\u0159\u00edrodn\u00ed rezervace Donauleiten (Dunajsk\u00e9 svahy), o kterou se star\u00e1me, v\u00e1s tak\u00e9 zve k proch\u00e1zce pln\u00e9 z\u00e1\u017eitk\u016f.\u00a0Zakon\u010dete den str\u00e1ven\u00fd v dom\u011b u \u0159eky v na\u0161\u00ed \u00fatuln\u00e9 pivn\u00ed zahr\u00e1dce! [\/vc_column_text][vc_btn title=\u201dSchreiben [&hellip;]<\/p>\n","protected":false},"author":1,"featured_media":0,"parent":0,"menu_order":0,"comment_status":"closed","ping_status":"closed","template":"","meta":{"footnotes":""},"class_list":["post-6983","page","type-page","status-publish","hentry"],"yoast_head":"<!-- This site is optimized with the Yoast SEO plugin v27.5 - https:\/\/yoast.com\/product\/yoast-seo-wordpress\/ -->\n<title>Za\u010dn\u011bte - Haus am Strom<\/title>\n<meta name=\"robots\" content=\"index, follow, max-snippet:-1, max-image-preview:large, max-video-preview:-1\" \/>\n<link rel=\"canonical\" href=\"https:\/\/www.hausamstrom.de\/cs\/\" \/>\n<meta property=\"og:locale\" content=\"cs_CZ\" \/>\n<meta property=\"og:type\" content=\"article\" \/>\n<meta property=\"og:title\" content=\"Za\u010dn\u011bte - Haus am Strom\" \/>\n<meta property=\"og:description\" content=\"[vc_row full_width=\u201dstretch_row_content_no_spaces\u201d][vc_column][rev_slider_vc alias=\u201dstartseite\u201d][\/vc_column][\/vc_row][vc_row][vc_column][vc_custom_heading text=\u201dV\u00edtejte\u201d font_container=\u201dtag:h2|font_size:30px|text_align:left\u201d google_fonts=\u201dfont_family:Bubblegum%20Sans%3Aregular|font_style:400%20regular%3A400%3Anormal\u201d][vc_column_text]D\u016fm u proudu \u0159eky (Haus am Strom) je ekologick\u00e1 stanice v okrese Pasov.\u00a0Nav\u0161tivte na\u0161i z\u00e1\u017eitkovou v\u00fdstavu nebo jednu z na\u0161ich \u010detn\u00fdch akc\u00ed.\u00a0P\u0159\u00edrodn\u00ed rezervace Donauleiten (Dunajsk\u00e9 svahy), o kterou se star\u00e1me, v\u00e1s tak\u00e9 zve k proch\u00e1zce pln\u00e9 z\u00e1\u017eitk\u016f.\u00a0Zakon\u010dete den str\u00e1ven\u00fd v dom\u011b u \u0159eky v na\u0161\u00ed \u00fatuln\u00e9 pivn\u00ed zahr\u00e1dce! [\/vc_column_text][vc_btn title=\u201dSchreiben [&hellip;]\" \/>\n<meta property=\"og:url\" content=\"https:\/\/www.hausamstrom.de\/cs\/\" \/>\n<meta property=\"og:site_name\" content=\"Haus am Strom\" \/>\n<meta property=\"article:publisher\" content=\"https:\/\/www.facebook.com\/hausamstrom\" \/>\n<meta property=\"article:modified_time\" content=\"2026-02-25T09:35:19+00:00\" \/>\n<meta name=\"twitter:card\" content=\"summary_large_image\" \/>\n<meta name=\"twitter:label1\" content=\"Odhadovan\u00e1 doba \u010dten\u00ed\" \/>\n\t<meta name=\"twitter:data1\" content=\"6 minut\" \/>\n<script type=\"application\/ld+json\" class=\"yoast-schema-graph\">{\"@context\":\"https:\\\/\\\/schema.org\",\"@graph\":[{\"@type\":\"WebPage\",\"@id\":\"https:\\\/\\\/www.hausamstrom.de\\\/cs\\\/\",\"url\":\"https:\\\/\\\/www.hausamstrom.de\\\/cs\\\/\",\"name\":\"Za\u010dn\u011bte - Haus am Strom\",\"isPartOf\":{\"@id\":\"https:\\\/\\\/www.hausamstrom.de\\\/de\\\/#website\"},\"datePublished\":\"2020-05-04T16:06:11+00:00\",\"dateModified\":\"2026-02-25T09:35:19+00:00\",\"breadcrumb\":{\"@id\":\"https:\\\/\\\/www.hausamstrom.de\\\/cs\\\/#breadcrumb\"},\"inLanguage\":\"cs\",\"potentialAction\":[{\"@type\":\"ReadAction\",\"target\":[\"https:\\\/\\\/www.hausamstrom.de\\\/cs\\\/\"]}]},{\"@type\":\"BreadcrumbList\",\"@id\":\"https:\\\/\\\/www.hausamstrom.de\\\/cs\\\/#breadcrumb\",\"itemListElement\":[{\"@type\":\"ListItem\",\"position\":1,\"name\":\"Home\",\"item\":\"https:\\\/\\\/www.hausamstrom.de\\\/cs\\\/\"},{\"@type\":\"ListItem\",\"position\":2,\"name\":\"Za\u010dn\u011bte\"}]},{\"@type\":\"WebSite\",\"@id\":\"https:\\\/\\\/www.hausamstrom.de\\\/de\\\/#website\",\"url\":\"https:\\\/\\\/www.hausamstrom.de\\\/de\\\/\",\"name\":\"Haus am Strom\",\"description\":\"Umweltbildungsstation im Passauer Donautal. Umweltbildung und Naturschutz f\u00fcr Kinder und Erwachsenen.\",\"publisher\":{\"@id\":\"https:\\\/\\\/www.hausamstrom.de\\\/de\\\/#organization\"},\"potentialAction\":[{\"@type\":\"SearchAction\",\"target\":{\"@type\":\"EntryPoint\",\"urlTemplate\":\"https:\\\/\\\/www.hausamstrom.de\\\/de\\\/?s={search_term_string}\"},\"query-input\":{\"@type\":\"PropertyValueSpecification\",\"valueRequired\":true,\"valueName\":\"search_term_string\"}}],\"inLanguage\":\"cs\"},{\"@type\":\"Organization\",\"@id\":\"https:\\\/\\\/www.hausamstrom.de\\\/de\\\/#organization\",\"name\":\"Haus am Strom\",\"url\":\"https:\\\/\\\/www.hausamstrom.de\\\/de\\\/\",\"logo\":{\"@type\":\"ImageObject\",\"inLanguage\":\"cs\",\"@id\":\"https:\\\/\\\/www.hausamstrom.de\\\/de\\\/#\\\/schema\\\/logo\\\/image\\\/\",\"url\":\"https:\\\/\\\/www.hausamstrom.de\\\/wp-content\\\/uploads\\\/2025\\\/06\\\/Logo-quadratisch-1024x1024.jpg\",\"contentUrl\":\"https:\\\/\\\/www.hausamstrom.de\\\/wp-content\\\/uploads\\\/2025\\\/06\\\/Logo-quadratisch-1024x1024.jpg\",\"width\":1024,\"height\":1024,\"caption\":\"Haus am Strom\"},\"image\":{\"@id\":\"https:\\\/\\\/www.hausamstrom.de\\\/de\\\/#\\\/schema\\\/logo\\\/image\\\/\"},\"sameAs\":[\"https:\\\/\\\/www.facebook.com\\\/hausamstrom\",\"https:\\\/\\\/www.instagram.com\\\/\"]}]}<\/script>\n<!-- \/ Yoast SEO plugin. -->","yoast_head_json":{"title":"Za\u010dn\u011bte - Haus am Strom","robots":{"index":"index","follow":"follow","max-snippet":"max-snippet:-1","max-image-preview":"max-image-preview:large","max-video-preview":"max-video-preview:-1"},"canonical":"https:\/\/www.hausamstrom.de\/cs\/","og_locale":"cs_CZ","og_type":"article","og_title":"Za\u010dn\u011bte - Haus am Strom","og_description":"[vc_row full_width=\u201dstretch_row_content_no_spaces\u201d][vc_column][rev_slider_vc alias=\u201dstartseite\u201d][\/vc_column][\/vc_row][vc_row][vc_column][vc_custom_heading text=\u201dV\u00edtejte\u201d font_container=\u201dtag:h2|font_size:30px|text_align:left\u201d google_fonts=\u201dfont_family:Bubblegum%20Sans%3Aregular|font_style:400%20regular%3A400%3Anormal\u201d][vc_column_text]D\u016fm u proudu \u0159eky (Haus am Strom) je ekologick\u00e1 stanice v okrese Pasov.\u00a0Nav\u0161tivte na\u0161i z\u00e1\u017eitkovou v\u00fdstavu nebo jednu z na\u0161ich \u010detn\u00fdch akc\u00ed.\u00a0P\u0159\u00edrodn\u00ed rezervace Donauleiten (Dunajsk\u00e9 svahy), o kterou se star\u00e1me, v\u00e1s tak\u00e9 zve k proch\u00e1zce pln\u00e9 z\u00e1\u017eitk\u016f.\u00a0Zakon\u010dete den str\u00e1ven\u00fd v dom\u011b u \u0159eky v na\u0161\u00ed \u00fatuln\u00e9 pivn\u00ed zahr\u00e1dce! [\/vc_column_text][vc_btn title=\u201dSchreiben [&hellip;]","og_url":"https:\/\/www.hausamstrom.de\/cs\/","og_site_name":"Haus am Strom","article_publisher":"https:\/\/www.facebook.com\/hausamstrom","article_modified_time":"2026-02-25T09:35:19+00:00","twitter_card":"summary_large_image","twitter_misc":{"Odhadovan\u00e1 doba \u010dten\u00ed":"6 minut"},"schema":{"@context":"https:\/\/schema.org","@graph":[{"@type":"WebPage","@id":"https:\/\/www.hausamstrom.de\/cs\/","url":"https:\/\/www.hausamstrom.de\/cs\/","name":"Za\u010dn\u011bte - Haus am Strom","isPartOf":{"@id":"https:\/\/www.hausamstrom.de\/de\/#website"},"datePublished":"2020-05-04T16:06:11+00:00","dateModified":"2026-02-25T09:35:19+00:00","breadcrumb":{"@id":"https:\/\/www.hausamstrom.de\/cs\/#breadcrumb"},"inLanguage":"cs","potentialAction":[{"@type":"ReadAction","target":["https:\/\/www.hausamstrom.de\/cs\/"]}]},{"@type":"BreadcrumbList","@id":"https:\/\/www.hausamstrom.de\/cs\/#breadcrumb","itemListElement":[{"@type":"ListItem","position":1,"name":"Home","item":"https:\/\/www.hausamstrom.de\/cs\/"},{"@type":"ListItem","position":2,"name":"Za\u010dn\u011bte"}]},{"@type":"WebSite","@id":"https:\/\/www.hausamstrom.de\/de\/#website","url":"https:\/\/www.hausamstrom.de\/de\/","name":"Haus am Strom","description":"Umweltbildungsstation im Passauer Donautal. Umweltbildung und Naturschutz f\u00fcr Kinder und Erwachsenen.","publisher":{"@id":"https:\/\/www.hausamstrom.de\/de\/#organization"},"potentialAction":[{"@type":"SearchAction","target":{"@type":"EntryPoint","urlTemplate":"https:\/\/www.hausamstrom.de\/de\/?s={search_term_string}"},"query-input":{"@type":"PropertyValueSpecification","valueRequired":true,"valueName":"search_term_string"}}],"inLanguage":"cs"},{"@type":"Organization","@id":"https:\/\/www.hausamstrom.de\/de\/#organization","name":"Haus am Strom","url":"https:\/\/www.hausamstrom.de\/de\/","logo":{"@type":"ImageObject","inLanguage":"cs","@id":"https:\/\/www.hausamstrom.de\/de\/#\/schema\/logo\/image\/","url":"https:\/\/www.hausamstrom.de\/wp-content\/uploads\/2025\/06\/Logo-quadratisch-1024x1024.jpg","contentUrl":"https:\/\/www.hausamstrom.de\/wp-content\/uploads\/2025\/06\/Logo-quadratisch-1024x1024.jpg","width":1024,"height":1024,"caption":"Haus am Strom"},"image":{"@id":"https:\/\/www.hausamstrom.de\/de\/#\/schema\/logo\/image\/"},"sameAs":["https:\/\/www.facebook.com\/hausamstrom","https:\/\/www.instagram.com\/"]}]}},"_links":{"self":[{"href":"https:\/\/www.hausamstrom.de\/cs\/wp-json\/wp\/v2\/pages\/6983","targetHints":{"allow":["GET"]}}],"collection":[{"href":"https:\/\/www.hausamstrom.de\/cs\/wp-json\/wp\/v2\/pages"}],"about":[{"href":"https:\/\/www.hausamstrom.de\/cs\/wp-json\/wp\/v2\/types\/page"}],"author":[{"embeddable":true,"href":"https:\/\/www.hausamstrom.de\/cs\/wp-json\/wp\/v2\/users\/1"}],"replies":[{"embeddable":true,"href":"https:\/\/www.hausamstrom.de\/cs\/wp-json\/wp\/v2\/comments?post=6983"}],"version-history":[{"count":10,"href":"https:\/\/www.hausamstrom.de\/cs\/wp-json\/wp\/v2\/pages\/6983\/revisions"}],"predecessor-version":[{"id":14122,"href":"https:\/\/www.hausamstrom.de\/cs\/wp-json\/wp\/v2\/pages\/6983\/revisions\/14122"}],"wp:attachment":[{"href":"https:\/\/www.hausamstrom.de\/cs\/wp-json\/wp\/v2\/media?parent=6983"}],"curies":[{"name":"wp","href":"https:\/\/api.w.org\/{rel}","templated":true}]}}