{"id":377,"date":"2016-03-01T14:34:24","date_gmt":"2016-03-01T13:34:24","guid":{"rendered":"http:\/\/hosting6807.af944.netcup.net\/?page_id=377"},"modified":"2026-01-07T10:03:13","modified_gmt":"2026-01-07T09:03:13","slug":"vortraege","status":"publish","type":"page","link":"https:\/\/www.hausamstrom.de\/de\/programm\/buchbares\/vortraege\/","title":{"rendered":"Vortr\u00e4ge"},"content":{"rendered":"<div class=\"wpb-content-wrapper\"><p>[vc_row][vc_column width=\u201d1\/3\u2033][vc_single_image image=\u201d11833\u2033 img_size=\u201dmedium\u201d alignment=\u201dcenter\u201d][\/vc_column][vc_column width=\u201d2\/3\u2033][vc_column_text]<\/p>\n<h3>G\u00e4rten f\u00fcr Wildbienen \u2013 Blumen f\u00fcr Wildbienen<\/h3>\n<p>[\/vc_column_text][vc_column_text css=\u201d\u201d]Das Passauer Land tr\u00e4gt eine besondere Verantwortung f\u00fcr Wildbienen und Wespen, die hier in besonders reicher Anzahl und mit besonderen Exemplaren auftreten.<\/p>\n<p><strong>Leistungen:<\/strong><\/p>\n<p>\u2013 Fachkundige Betreuung,<br \/>\n\u2013 Vortrag<\/p>\n<p><strong>Dauer:\u00a0<\/strong>1,5 Std.<\/p>\n<p><strong>Treffpunkt:\u00a0<\/strong>nach Vereinbarung<\/p>\n<p><strong>Preis: 6<\/strong>0,00\u20ac (+ Fahrtkosten)[\/vc_column_text][\/vc_column][\/vc_row][vc_row][vc_column]<div id=\"1560012169079-09542c5e-f870\" class=\"dt-sc-empty-space\"><\/div>[vc_separator]<div id=\"1560012174396-32a6a0aa-66e2\" class=\"dt-sc-empty-space\"><\/div>[\/vc_column][\/vc_row][vc_row][vc_column width=\u201d1\/3\u2033][vc_single_image image=\u201d8162\u2033 img_size=\u201dmedium\u201d alignment=\u201dcenter\u201d][\/vc_column][vc_column width=\u201d2\/3\u2033][vc_column_text css=\u201d\u201d]<\/p>\n<h3>Das Donautal und seine Edelsteine<\/h3>\n<p>[\/vc_column_text][vc_column_text css=\u201d\u201d]Smaragdeidechsen und \u00c4skulapnattern, Alpenveilchen und Pimpernuss \u2013 in einem unterhaltsamen, informativen Vortrag werden die Natur- und Kultursch\u00e4tze des Donautals dem Publikum mit sch\u00f6nen Bildern nahe gebracht.<\/p>\n<p>\u00a0<\/p>\n<p><strong>Leistungen:<\/strong><\/p>\n<p>\u2013 Fachkundiger Dozent<br \/>\n\u2013 Vortrag<\/p>\n<p><strong>Dauer:\u00a0<\/strong>1,5 Std.<\/p>\n<p><strong>Treffpunkt:\u00a0<\/strong>nach Vereinbarung<\/p>\n<p><strong>Preis: 6<\/strong>0,00\u20ac (+ Fahrtkosten)[\/vc_column_text][\/vc_column][\/vc_row][vc_row][vc_column]<div id=\"1560012177764-96d3106e-c002\" class=\"dt-sc-empty-space\"><\/div>[vc_separator]<div id=\"1560012177806-224835b6-95cf\" class=\"dt-sc-empty-space\"><\/div>[\/vc_column][\/vc_row][vc_row][vc_column width=\u201d1\/3\u2033][vc_single_image image=\u201d8166\u2033 img_size=\u201dmedium\u201d alignment=\u201dcenter\u201d][\/vc_column][vc_column width=\u201d2\/3\u2033][vc_column_text]<\/p>\n<h3>Wasser \u2013 Element des Lebens<\/h3>\n<p>[\/vc_column_text][vc_column_text css=\u201d\u201d]Die Welt und alles Leben besteht zum Gro\u00dfteil aus Wasser. Dabei hat Wasser viele unbekannte Seiten. Aber auch der allt\u00e4gliche Gebrauch oder die Wassermessstation beim Haus am Strom wird mit vielen ansprechenden Bildern dargestellt.<\/p>\n<p><strong>Leistungen:<\/strong><\/p>\n<p>\u2013 Fachkundige Betreuung,<br \/>\n\u2013 Vortrag<\/p>\n<p>Dauer: 1,5 Std.<\/p>\n<p><strong>Treffpunkt:\u00a0<\/strong>nach Vereinbarung<\/p>\n<p><strong>Preis:\u00a0<\/strong>40,00\u20ac (+ Fahrtkosten)[\/vc_column_text][\/vc_column][\/vc_row][vc_row][vc_column]<div id=\"1560012249655-60684915-9b84\" class=\"dt-sc-empty-space\"><\/div>[vc_separator]<div id=\"1560012249704-1fa301eb-d777\" class=\"dt-sc-empty-space\"><\/div>[\/vc_column][\/vc_row][vc_row][vc_column width=\u201d1\/3\u2033][vc_single_image image=\u201d11828\u2033 img_size=\u201dmedium\u201d][\/vc_column][vc_column width=\u201d2\/3\u2033][vc_column_text]<\/p>\n<h3>Wunschthemen<\/h3>\n<p>[\/vc_column_text][vc_column_text css=\u201d\u201d]Viele weitere Vortragsthemen sind auf Wunsch m\u00f6glich. Wir bereiten das gew\u00fcnschte Thema gerne f\u00fcr Sie auf oder vermitteln einen fachkundigen Dozenten.<\/p>\n<ul>\n<li>Reptilien oder Amphibien<\/li>\n<li>V\u00f6gel<\/li>\n<li>Fische der Donau<\/li>\n<li>Leben in der Eiche<\/li>\n<li>Biotopb\u00e4ume<\/li>\n<li>Totholzmanagment\/ xylobionte Organismen<\/li>\n<li>Der Hirschk\u00e4fer<\/li>\n<li>Tierwelt und Management von Kleingew\u00e4ssern<\/li>\n<\/ul>\n<p><strong>Leistungen:<\/strong><\/p>\n<p>\u2013 fachkundiger Dozent<br \/>\n\u2013 Vortrag<\/p>\n<p><strong>Dauer:\u00a0<\/strong>nach Vereinbarung<\/p>\n<p><strong>Treffpunkt:\u00a0<\/strong>nach Vereinbarung[\/vc_column_text][\/vc_column][\/vc_row]<\/p>\n<\/div>","protected":false},"excerpt":{"rendered":"<p>[vc_row][vc_column width=\u201d1\/3\u2033][vc_single_image image=\u201d11833\u2033 img_size=\u201dmedium\u201d alignment=\u201dcenter\u201d][\/vc_column][vc_column width=\u201d2\/3\u2033][vc_column_text] G\u00e4rten f\u00fcr Wildbienen \u2013 Blumen f\u00fcr Wildbienen [\/vc_column_text][vc_column_text css=\u201d\u201d]Das Passauer Land tr\u00e4gt eine besondere Verantwortung f\u00fcr Wildbienen und Wespen, die hier in besonders reicher Anzahl und mit besonderen Exemplaren auftreten. Leistungen: \u2013 Fachkundige Betreuung, \u2013 Vortrag Dauer:\u00a01,5 Std. Treffpunkt:\u00a0nach Vereinbarung Preis: 60,00\u20ac (+ Fahrtkosten)[\/vc_column_text][\/vc_column][\/vc_row][vc_row][vc_column][vc_separator][\/vc_column][\/vc_row][vc_row][vc_column width=\u201d1\/3\u2033][vc_single_image image=\u201d8162\u2033 img_size=\u201dmedium\u201d alignment=\u201dcenter\u201d][\/vc_column][vc_column width=\u201d2\/3\u2033][vc_column_text [&hellip;]<\/p>\n","protected":false},"author":1,"featured_media":0,"parent":361,"menu_order":6,"comment_status":"closed","ping_status":"closed","template":"","meta":{"footnotes":""},"class_list":["post-377","page","type-page","status-publish","hentry"],"yoast_head":"<!-- This site is optimized with the Yoast SEO plugin v27.5 - https:\/\/yoast.com\/product\/yoast-seo-wordpress\/ -->\n<title>Vortr\u00e4ge - Haus am Strom<\/title>\n<meta name=\"robots\" content=\"index, follow, max-snippet:-1, max-image-preview:large, max-video-preview:-1\" \/>\n<link rel=\"canonical\" href=\"https:\/\/www.hausamstrom.de\/de\/programm\/buchbares\/vortraege\/\" \/>\n<meta property=\"og:locale\" content=\"de_DE\" \/>\n<meta property=\"og:type\" content=\"article\" \/>\n<meta property=\"og:title\" content=\"Vortr\u00e4ge - Haus am Strom\" \/>\n<meta property=\"og:description\" content=\"[vc_row][vc_column width=\u201d1\/3\u2033][vc_single_image image=\u201d11833\u2033 img_size=\u201dmedium\u201d alignment=\u201dcenter\u201d][\/vc_column][vc_column width=\u201d2\/3\u2033][vc_column_text] G\u00e4rten f\u00fcr Wildbienen \u2013 Blumen f\u00fcr Wildbienen [\/vc_column_text][vc_column_text css=\u201d\u201d]Das Passauer Land tr\u00e4gt eine besondere Verantwortung f\u00fcr Wildbienen und Wespen, die hier in besonders reicher Anzahl und mit besonderen Exemplaren auftreten. Leistungen: \u2013 Fachkundige Betreuung, \u2013 Vortrag Dauer:\u00a01,5 Std. Treffpunkt:\u00a0nach Vereinbarung Preis: 60,00\u20ac (+ Fahrtkosten)[\/vc_column_text][\/vc_column][\/vc_row][vc_row][vc_column][vc_separator][\/vc_column][\/vc_row][vc_row][vc_column width=\u201d1\/3\u2033][vc_single_image image=\u201d8162\u2033 img_size=\u201dmedium\u201d alignment=\u201dcenter\u201d][\/vc_column][vc_column width=\u201d2\/3\u2033][vc_column_text [&hellip;]\" \/>\n<meta property=\"og:url\" content=\"https:\/\/www.hausamstrom.de\/de\/programm\/buchbares\/vortraege\/\" \/>\n<meta property=\"og:site_name\" content=\"Haus am Strom\" \/>\n<meta property=\"article:publisher\" content=\"https:\/\/www.facebook.com\/hausamstrom\" \/>\n<meta property=\"article:modified_time\" content=\"2026-01-07T09:03:13+00:00\" \/>\n<meta name=\"twitter:card\" content=\"summary_large_image\" \/>\n<meta name=\"twitter:label1\" content=\"Gesch\u00e4tzte Lesezeit\" \/>\n\t<meta name=\"twitter:data1\" content=\"3\u00a0Minuten\" \/>\n<script type=\"application\/ld+json\" class=\"yoast-schema-graph\">{\"@context\":\"https:\\\/\\\/schema.org\",\"@graph\":[{\"@type\":\"WebPage\",\"@id\":\"https:\\\/\\\/www.hausamstrom.de\\\/de\\\/programm\\\/buchbares\\\/vortraege\\\/\",\"url\":\"https:\\\/\\\/www.hausamstrom.de\\\/de\\\/programm\\\/buchbares\\\/vortraege\\\/\",\"name\":\"Vortr\u00e4ge - Haus am Strom\",\"isPartOf\":{\"@id\":\"https:\\\/\\\/www.hausamstrom.de\\\/de\\\/#website\"},\"datePublished\":\"2016-03-01T13:34:24+00:00\",\"dateModified\":\"2026-01-07T09:03:13+00:00\",\"breadcrumb\":{\"@id\":\"https:\\\/\\\/www.hausamstrom.de\\\/de\\\/programm\\\/buchbares\\\/vortraege\\\/#breadcrumb\"},\"inLanguage\":\"de\",\"potentialAction\":[{\"@type\":\"ReadAction\",\"target\":[\"https:\\\/\\\/www.hausamstrom.de\\\/de\\\/programm\\\/buchbares\\\/vortraege\\\/\"]}]},{\"@type\":\"BreadcrumbList\",\"@id\":\"https:\\\/\\\/www.hausamstrom.de\\\/de\\\/programm\\\/buchbares\\\/vortraege\\\/#breadcrumb\",\"itemListElement\":[{\"@type\":\"ListItem\",\"position\":1,\"name\":\"Home\",\"item\":\"https:\\\/\\\/www.hausamstrom.de\\\/de\\\/\"},{\"@type\":\"ListItem\",\"position\":2,\"name\":\"Programm\",\"item\":\"https:\\\/\\\/www.hausamstrom.de\\\/de\\\/programm\\\/\"},{\"@type\":\"ListItem\",\"position\":3,\"name\":\"Buchbares\",\"item\":\"https:\\\/\\\/www.hausamstrom.de\\\/de\\\/programm\\\/buchbares\\\/\"},{\"@type\":\"ListItem\",\"position\":4,\"name\":\"Vortr\u00e4ge\"}]},{\"@type\":\"WebSite\",\"@id\":\"https:\\\/\\\/www.hausamstrom.de\\\/de\\\/#website\",\"url\":\"https:\\\/\\\/www.hausamstrom.de\\\/de\\\/\",\"name\":\"Haus am Strom\",\"description\":\"Umweltbildungsstation im Passauer Donautal. Umweltbildung und Naturschutz f\u00fcr Kinder und Erwachsenen.\",\"publisher\":{\"@id\":\"https:\\\/\\\/www.hausamstrom.de\\\/de\\\/#organization\"},\"potentialAction\":[{\"@type\":\"SearchAction\",\"target\":{\"@type\":\"EntryPoint\",\"urlTemplate\":\"https:\\\/\\\/www.hausamstrom.de\\\/de\\\/?s={search_term_string}\"},\"query-input\":{\"@type\":\"PropertyValueSpecification\",\"valueRequired\":true,\"valueName\":\"search_term_string\"}}],\"inLanguage\":\"de\"},{\"@type\":\"Organization\",\"@id\":\"https:\\\/\\\/www.hausamstrom.de\\\/de\\\/#organization\",\"name\":\"Haus am Strom\",\"url\":\"https:\\\/\\\/www.hausamstrom.de\\\/de\\\/\",\"logo\":{\"@type\":\"ImageObject\",\"inLanguage\":\"de\",\"@id\":\"https:\\\/\\\/www.hausamstrom.de\\\/de\\\/#\\\/schema\\\/logo\\\/image\\\/\",\"url\":\"https:\\\/\\\/www.hausamstrom.de\\\/wp-content\\\/uploads\\\/2025\\\/06\\\/Logo-quadratisch-1024x1024.jpg\",\"contentUrl\":\"https:\\\/\\\/www.hausamstrom.de\\\/wp-content\\\/uploads\\\/2025\\\/06\\\/Logo-quadratisch-1024x1024.jpg\",\"width\":1024,\"height\":1024,\"caption\":\"Haus am Strom\"},\"image\":{\"@id\":\"https:\\\/\\\/www.hausamstrom.de\\\/de\\\/#\\\/schema\\\/logo\\\/image\\\/\"},\"sameAs\":[\"https:\\\/\\\/www.facebook.com\\\/hausamstrom\",\"https:\\\/\\\/www.instagram.com\\\/\"]}]}<\/script>\n<!-- \/ Yoast SEO plugin. -->","yoast_head_json":{"title":"Vortr\u00e4ge - Haus am Strom","robots":{"index":"index","follow":"follow","max-snippet":"max-snippet:-1","max-image-preview":"max-image-preview:large","max-video-preview":"max-video-preview:-1"},"canonical":"https:\/\/www.hausamstrom.de\/de\/programm\/buchbares\/vortraege\/","og_locale":"de_DE","og_type":"article","og_title":"Vortr\u00e4ge - Haus am Strom","og_description":"[vc_row][vc_column width=\u201d1\/3\u2033][vc_single_image image=\u201d11833\u2033 img_size=\u201dmedium\u201d alignment=\u201dcenter\u201d][\/vc_column][vc_column width=\u201d2\/3\u2033][vc_column_text] G\u00e4rten f\u00fcr Wildbienen \u2013 Blumen f\u00fcr Wildbienen [\/vc_column_text][vc_column_text css=\u201d\u201d]Das Passauer Land tr\u00e4gt eine besondere Verantwortung f\u00fcr Wildbienen und Wespen, die hier in besonders reicher Anzahl und mit besonderen Exemplaren auftreten. Leistungen: \u2013 Fachkundige Betreuung, \u2013 Vortrag Dauer:\u00a01,5 Std. Treffpunkt:\u00a0nach Vereinbarung Preis: 60,00\u20ac (+ Fahrtkosten)[\/vc_column_text][\/vc_column][\/vc_row][vc_row][vc_column][vc_separator][\/vc_column][\/vc_row][vc_row][vc_column width=\u201d1\/3\u2033][vc_single_image image=\u201d8162\u2033 img_size=\u201dmedium\u201d alignment=\u201dcenter\u201d][\/vc_column][vc_column width=\u201d2\/3\u2033][vc_column_text [&hellip;]","og_url":"https:\/\/www.hausamstrom.de\/de\/programm\/buchbares\/vortraege\/","og_site_name":"Haus am Strom","article_publisher":"https:\/\/www.facebook.com\/hausamstrom","article_modified_time":"2026-01-07T09:03:13+00:00","twitter_card":"summary_large_image","twitter_misc":{"Gesch\u00e4tzte Lesezeit":"3\u00a0Minuten"},"schema":{"@context":"https:\/\/schema.org","@graph":[{"@type":"WebPage","@id":"https:\/\/www.hausamstrom.de\/de\/programm\/buchbares\/vortraege\/","url":"https:\/\/www.hausamstrom.de\/de\/programm\/buchbares\/vortraege\/","name":"Vortr\u00e4ge - Haus am Strom","isPartOf":{"@id":"https:\/\/www.hausamstrom.de\/de\/#website"},"datePublished":"2016-03-01T13:34:24+00:00","dateModified":"2026-01-07T09:03:13+00:00","breadcrumb":{"@id":"https:\/\/www.hausamstrom.de\/de\/programm\/buchbares\/vortraege\/#breadcrumb"},"inLanguage":"de","potentialAction":[{"@type":"ReadAction","target":["https:\/\/www.hausamstrom.de\/de\/programm\/buchbares\/vortraege\/"]}]},{"@type":"BreadcrumbList","@id":"https:\/\/www.hausamstrom.de\/de\/programm\/buchbares\/vortraege\/#breadcrumb","itemListElement":[{"@type":"ListItem","position":1,"name":"Home","item":"https:\/\/www.hausamstrom.de\/de\/"},{"@type":"ListItem","position":2,"name":"Programm","item":"https:\/\/www.hausamstrom.de\/de\/programm\/"},{"@type":"ListItem","position":3,"name":"Buchbares","item":"https:\/\/www.hausamstrom.de\/de\/programm\/buchbares\/"},{"@type":"ListItem","position":4,"name":"Vortr\u00e4ge"}]},{"@type":"WebSite","@id":"https:\/\/www.hausamstrom.de\/de\/#website","url":"https:\/\/www.hausamstrom.de\/de\/","name":"Haus am Strom","description":"Umweltbildungsstation im Passauer Donautal. Umweltbildung und Naturschutz f\u00fcr Kinder und Erwachsenen.","publisher":{"@id":"https:\/\/www.hausamstrom.de\/de\/#organization"},"potentialAction":[{"@type":"SearchAction","target":{"@type":"EntryPoint","urlTemplate":"https:\/\/www.hausamstrom.de\/de\/?s={search_term_string}"},"query-input":{"@type":"PropertyValueSpecification","valueRequired":true,"valueName":"search_term_string"}}],"inLanguage":"de"},{"@type":"Organization","@id":"https:\/\/www.hausamstrom.de\/de\/#organization","name":"Haus am Strom","url":"https:\/\/www.hausamstrom.de\/de\/","logo":{"@type":"ImageObject","inLanguage":"de","@id":"https:\/\/www.hausamstrom.de\/de\/#\/schema\/logo\/image\/","url":"https:\/\/www.hausamstrom.de\/wp-content\/uploads\/2025\/06\/Logo-quadratisch-1024x1024.jpg","contentUrl":"https:\/\/www.hausamstrom.de\/wp-content\/uploads\/2025\/06\/Logo-quadratisch-1024x1024.jpg","width":1024,"height":1024,"caption":"Haus am Strom"},"image":{"@id":"https:\/\/www.hausamstrom.de\/de\/#\/schema\/logo\/image\/"},"sameAs":["https:\/\/www.facebook.com\/hausamstrom","https:\/\/www.instagram.com\/"]}]}},"_links":{"self":[{"href":"https:\/\/www.hausamstrom.de\/de\/wp-json\/wp\/v2\/pages\/377","targetHints":{"allow":["GET"]}}],"collection":[{"href":"https:\/\/www.hausamstrom.de\/de\/wp-json\/wp\/v2\/pages"}],"about":[{"href":"https:\/\/www.hausamstrom.de\/de\/wp-json\/wp\/v2\/types\/page"}],"author":[{"embeddable":true,"href":"https:\/\/www.hausamstrom.de\/de\/wp-json\/wp\/v2\/users\/1"}],"replies":[{"embeddable":true,"href":"https:\/\/www.hausamstrom.de\/de\/wp-json\/wp\/v2\/comments?post=377"}],"version-history":[{"count":10,"href":"https:\/\/www.hausamstrom.de\/de\/wp-json\/wp\/v2\/pages\/377\/revisions"}],"predecessor-version":[{"id":13877,"href":"https:\/\/www.hausamstrom.de\/de\/wp-json\/wp\/v2\/pages\/377\/revisions\/13877"}],"up":[{"embeddable":true,"href":"https:\/\/www.hausamstrom.de\/de\/wp-json\/wp\/v2\/pages\/361"}],"wp:attachment":[{"href":"https:\/\/www.hausamstrom.de\/de\/wp-json\/wp\/v2\/media?parent=377"}],"curies":[{"name":"wp","href":"https:\/\/api.w.org\/{rel}","templated":true}]}}