{"id":5030,"date":"2019-11-13T14:58:33","date_gmt":"2019-11-13T13:58:33","guid":{"rendered":"https:\/\/hausamstrom.de\/home\/"},"modified":"2026-02-26T10:18:23","modified_gmt":"2026-02-26T09:18:23","slug":"home","status":"publish","type":"page","link":"https:\/\/www.hausamstrom.de\/en\/","title":{"rendered":"Home"},"content":{"rendered":"<div class=\"wpb-content-wrapper\"><p>[vc_row full_width=\u201dstretch_row_content_no_spaces\u201d][vc_column][rev_slider_vc alias=\u201dstartseite\u201d]<div id=\"1559487275179-5d601bd8-6903\" class=\"dt-sc-empty-space\"><\/div>[\/vc_column][\/vc_row][vc_row][vc_column][vc_custom_heading text=\u201dWelcome to the Haus am Strom\u201d font_container=\u201dtag:h2|font_size:30px|text_align:left\u201d google_fonts=\u201dfont_family:Bubblegum%20Sans%3Aregular|font_style:400%20regular%3A400%3Anormal\u201d][vc_column_text css=\u201d\u201d]The Haus am Strom is the<a href=\"https:\/\/www.hausamstrom.de\/en\/house\/environmental-station\/\"> environmental station<\/a> of the district of Passau. Visit our<a href=\"https:\/\/www.hausamstrom.de\/en\/house\/exhibition\/\"> exhibition<\/a> or one of our numerous events. The <a href=\"https:\/\/www.hausamstrom.de\/en\/danube-valley\/donauleiten\/\">Donauleiten<\/a> nature reserve, that we are managing, also invites you to a pleasurable <a href=\"https:\/\/www.hausamstrom.de\/en\/danube-valley\/hiking\/\">hike<\/a>. Let a day end in our cosy <a href=\"https:\/\/www.hausamstrom.de\/en\/house\/bistro\/\">beer garden!<\/a><\/p>\n<p>Please notice: For our foreign guests we recommend using translating programms.[\/vc_column_text]<div id=\"1559487301309-bda265cb-1b29\" class=\"dt-sc-empty-space\"><\/div>[vc_btn title=\u201dWrite us\u201d color=\u201dinfo\u201d size=\u201dlg\u201d align=\u201dcenter\u201d css=\u201d\u201d link=\u201durl:https%3A%2F%2Fwww.hausamstrom.de%2Fde%2Fservice%2Fkontakt%2F|title:Kontakt|\u201d]<div id=\"1591707928473-1b8b6964-e47b\" class=\"dt-sc-empty-space\"><\/div>[\/vc_column][\/vc_row][vc_row][vc_column width=\u201d1\/4\u2033]<div class='dt-sc-icon-box type14 '><div class=\"icon-wrapper\"><img loading=\"lazy\" decoding=\"async\" width=\"2000\" height=\"1565\" src=\"https:\/\/www.hausamstrom.de\/wp-content\/uploads\/2019\/11\/haus_hp_web-1.jpg\" class=\"attachment-full\" alt=\"\" title=\"*temp*\" srcset=\"https:\/\/www.hausamstrom.de\/wp-content\/uploads\/2019\/11\/haus_hp_web-1.jpg 2000w, https:\/\/www.hausamstrom.de\/wp-content\/uploads\/2019\/11\/haus_hp_web-1-400x313.jpg 400w, https:\/\/www.hausamstrom.de\/wp-content\/uploads\/2019\/11\/haus_hp_web-1-1024x801.jpg 1024w, https:\/\/www.hausamstrom.de\/wp-content\/uploads\/2019\/11\/haus_hp_web-1-1536x1202.jpg 1536w, https:\/\/www.hausamstrom.de\/wp-content\/uploads\/2019\/11\/haus_hp_web-1-750x587.jpg 750w, https:\/\/www.hausamstrom.de\/wp-content\/uploads\/2019\/11\/haus_hp_web-1-540x423.jpg 540w\" sizes=\"auto, (max-width: 2000px) 100vw, 2000px\" \/><\/div><div class=\"icon-content\"><h4><a href='https:\/\/hausamstrom.de\/haus\/' title='Haus' target='_self'>The House<\/a><\/h4><p>Immerse yourself in the building in the architecture of a wave. Experience the water and nature in the Danube valley in the exhibition.<\/p><\/div><\/div>[\/vc_column][vc_column width=\u201d1\/4\u2033]<div class='dt-sc-icon-box type14 '><div class=\"icon-wrapper\"><img loading=\"lazy\" decoding=\"async\" width=\"2000\" height=\"1565\" src=\"https:\/\/www.hausamstrom.de\/wp-content\/uploads\/2019\/11\/ausstellung_start_web.jpg\" class=\"attachment-full\" alt=\"\" title=\"ausstellung_start_web\" srcset=\"https:\/\/www.hausamstrom.de\/wp-content\/uploads\/2019\/11\/ausstellung_start_web.jpg 2000w, https:\/\/www.hausamstrom.de\/wp-content\/uploads\/2019\/11\/ausstellung_start_web-400x313.jpg 400w, https:\/\/www.hausamstrom.de\/wp-content\/uploads\/2019\/11\/ausstellung_start_web-1024x801.jpg 1024w, https:\/\/www.hausamstrom.de\/wp-content\/uploads\/2019\/11\/ausstellung_start_web-1536x1202.jpg 1536w, https:\/\/www.hausamstrom.de\/wp-content\/uploads\/2019\/11\/ausstellung_start_web-750x587.jpg 750w, https:\/\/www.hausamstrom.de\/wp-content\/uploads\/2019\/11\/ausstellung_start_web-540x423.jpg 540w\" sizes=\"auto, (max-width: 2000px) 100vw, 2000px\" \/><\/div><div class=\"icon-content\"><h4><a href='https:\/\/hausamstrom.de\/?page_id=47&lang=de' title='Haus' target='_self'>Actions<\/a><\/h4><p>Exploring the environment with lots of fun and action. Experience nature with all your senses. Act in a group.<\/p><\/div><\/div>[\/vc_column][vc_column width=\u201d1\/4\u2033]<div class='dt-sc-icon-box type14 '><div class=\"icon-wrapper\"><img loading=\"lazy\" decoding=\"async\" width=\"2560\" height=\"2007\" src=\"https:\/\/www.hausamstrom.de\/wp-content\/uploads\/2019\/11\/hits_start_web.jpg\" class=\"attachment-full\" alt=\"\" title=\"hits_start_web\" \/><\/div><div class=\"icon-content\"><h4><a href='https:\/\/hausamstrom.de\/?page_id=47&lang=de' title='Haus' target='_self'>Hits for Kids<\/a><\/h4><p>Haus am Strom offers children and families a rich program all year round. We offer exciting and entertaining hours in and around the Haus am Strom.<\/p><\/div><\/div>[\/vc_column][vc_column width=\u201d1\/4\u2033]<div class='dt-sc-icon-box type14 '><div class=\"icon-wrapper\"><img loading=\"lazy\" decoding=\"async\" width=\"2560\" height=\"1706\" src=\"https:\/\/www.hausamstrom.de\/wp-content\/uploads\/2025\/06\/Globus-vor-der-Tur-scaled.jpg\" class=\"attachment-full\" alt=\"\" title=\"Globus vor der T\u00fcr\" srcset=\"https:\/\/www.hausamstrom.de\/wp-content\/uploads\/2025\/06\/Globus-vor-der-Tur-scaled.jpg 2560w, https:\/\/www.hausamstrom.de\/wp-content\/uploads\/2025\/06\/Globus-vor-der-Tur-400x267.jpg 400w, https:\/\/www.hausamstrom.de\/wp-content\/uploads\/2025\/06\/Globus-vor-der-Tur-1024x683.jpg 1024w, https:\/\/www.hausamstrom.de\/wp-content\/uploads\/2025\/06\/Globus-vor-der-Tur-1536x1024.jpg 1536w, https:\/\/www.hausamstrom.de\/wp-content\/uploads\/2025\/06\/Globus-vor-der-Tur-2048x1365.jpg 2048w, https:\/\/www.hausamstrom.de\/wp-content\/uploads\/2025\/06\/Globus-vor-der-Tur-540x360.jpg 540w, https:\/\/www.hausamstrom.de\/wp-content\/uploads\/2025\/06\/Globus-vor-der-Tur-600x400.jpg 600w, https:\/\/www.hausamstrom.de\/wp-content\/uploads\/2025\/06\/Globus-vor-der-Tur-750x500.jpg 750w\" sizes=\"auto, (max-width: 2560px) 100vw, 2560px\" \/><\/div><div class=\"icon-content\"><h4><a href='https:\/\/hausamstrom.de\/?page_id=341&lang=de' title='Haus' target='_self'>Service<\/a><\/h4><p>Are you planning a trip to Haus am Strom? Or do you need more information about our environmental education center and our program?<\/p><\/div><\/div>[\/vc_column][\/vc_row][vc_row equal_height=\u201dyes\u201d][vc_column][vc_empty_space][\/vc_column][vc_column width=\u201d1\/2\u2033][vc_custom_heading text=\u201dVisit us!\u201d font_container=\u201dtag:h3|font_size:30px|text_align:center\u201d google_fonts=\u201dfont_family:Bubblegum%20Sans%3Aregular|font_style:400%20regular%3A400%3Anormal\u201d]<div class='dt-working-hours '><ul><li><strong>01.05. \u2013 31.08. :<\/strong><span>Tu - Su 09:00 \u2013 18:00 o'clock<\/span><\/li><li><strong>01.09. \u2013 30.04. :<\/strong><span>Tu-Su 10:00 \u2013 17:00 o'clock<\/span><\/li><li><strong>01.01., 01.11., 24., 25., 26. + 31.12. :<\/strong><span>closed<\/span><\/li><\/ul><\/div>[vc_column_text css=\u201d\u201d][\/vc_column_text][vc_column_text css=\u201d\u201d]Monday is closed all year.<\/p>\n<p>Last entrance one hour before closing.<\/p>\n<p>Office hours: from opening time until one hour before closing<\/p>\n<p>[\/vc_column_text][\/vc_column][vc_column width=\u201d1\/2\u2033][vc_custom_heading text=\u201dNext events\u201d font_container=\u201dtag:h3|font_size:30px|text_align:center\u201d google_fonts=\u201dfont_family:Bubblegum%20Sans%3Aregular|font_style:400%20regular%3A400%3Anormal\u201d][vc_raw_html]PHNjcmlwdCBpZD0iZGZ4Ym94IiBkYXRhLWtpZD0iMzgiIGRhdGEtZGZ4LXVybD0iaHR0cHM6Ly91bXdlbHR0ZXJtaW5lLmJheWVybiIgc3JjPSJodHRwczovL3Vtd2VsdHRlcm1pbmUuYmF5ZXJuL2pzL2RmeF90ZXJtaW5ib3guanMiPjwvc2NyaXB0Pg==[\/vc_raw_html][vc_btn title=\u201dAll events\u201d shape=\u201dsquare\u201d color=\u201dvista-blue\u201d align=\u201dcenter\u201d i_icon_fontawesome=\u201dfa fa-calendar\u201d add_icon=\u201dtrue\u201d link=\u201durl:https%3A%2F%2Fhausamstrom.de%2Fprogramm%2Fveranstaltungskalender%2F|title:calendar%20of%20events|\u201d][\/vc_column][\/vc_row][vc_row][vc_column]<div id=\"1559486843730-4c4bb96f-5a39\" class=\"dt-sc-empty-space\"><\/div>[vc_custom_heading text=\u201dLatest news\u201d font_container=\u201dtag:h2|font_size:30px|text_align:center\u201d google_fonts=\u201dfont_family:Bubblegum%20Sans%3Aregular|font_style:400%20regular%3A400%3Anormal\u201d]<div class=\"dt-sc-posts-list-wrapper\"><div class=\"tpl-blog-holder apply-isotope\"><div class='grid-sizer column dt-sc-one-half'><\/div><div class='column dt-sc-one-half first'><article id=\"post-6350\" class=\"blog-entry entry-date-left outer-frame-border format-standard post-6350 post type-post status-publish hentry\">\n        <!-- Featured Image -->\n        <div class=\"entry-thumb\">\n        \t\t\t<\/div><!-- Featured Image -->\n\n        <!-- Post Details -->\n        <div class=\"entry-details\">\n\n            <!-- Date -->\n            <div class=\"entry-date \">\n                <span>15<\/span>Apr            <\/div><!-- Date -->\n\n            <!-- Author & Category & Tag -->\n                        <div class=\"entry-meta-data hidden\">\n            \t<p class=\"author hidden\">\n                \tby                    <a href=\"https:\/\/www.hausamstrom.de\/en\/author\/eidechse-has\/\" \n                    \t\t\t\t\ttitle=\"View all posts by Haus am Strom Redaktion\">Haus am Strom Redaktion<\/a>\n\t\t\t\t<\/p>\n                \n                <!-- Comment -->\n                <p class=\"comments hidden\"><a href=\"https:\/\/www.hausamstrom.de\/en\/messengers-for-the-biodiversity-in-lower-bavaria\/#respond\">0 comments<\/a>                <\/p><!-- Comment -->\n\n                \n                <p class=\"hidden category\">in Uncategorized<\/p>\n            <\/div><!-- Author & Category & Tag -->\n\n            <div class=\"entry-title\">\n                                <h4><a href=\"https:\/\/www.hausamstrom.de\/en\/messengers-for-the-biodiversity-in-lower-bavaria\/\" title=\"Permalink to Messengers for the biodiversity in lower Bavaria\">Messengers for the biodiversity in lower Bavaria<\/a><\/h4>\n            <\/div>\n\n\t\t\t            \t<div class=\"entry-body\"><p>The Lower Bavarian actors of environmental education had often carried out projects together on a common topic before and also for the year 2019 this was planned again. At...<\/p><\/div>\n            \n            <!-- Read More Button -->\n            <a href='#' target='_self' title='' class='dt-sc-button   small icon-right with-icon  filled  type1' > Weiterlesen <span class='fa fa-long-arrow-right'> <\/span><\/a><!-- Read More Button -->\n\n            <div class=\"entry-format hidden\">\n                <a class=\"ico-format\" href=\"\"><\/a>\n            <\/div>\n\n        <\/div><!-- Post Details --><\/article><\/div><div class='column dt-sc-one-half'><article id=\"post-6344\" class=\"blog-entry entry-date-left outer-frame-border format-standard post-6344 post type-post status-publish hentry\">\n        <!-- Featured Image -->\n        <div class=\"entry-thumb\">\n        \t\t\t<\/div><!-- Featured Image -->\n\n        <!-- Post Details -->\n        <div class=\"entry-details\">\n\n            <!-- Date -->\n            <div class=\"entry-date \">\n                <span>14<\/span>Apr            <\/div><!-- Date -->\n\n            <!-- Author & Category & Tag -->\n                        <div class=\"entry-meta-data hidden\">\n            \t<p class=\"author hidden\">\n                \tby                    <a href=\"https:\/\/www.hausamstrom.de\/en\/author\/eidechse-has\/\" \n                    \t\t\t\t\ttitle=\"View all posts by Haus am Strom Redaktion\">Haus am Strom Redaktion<\/a>\n\t\t\t\t<\/p>\n                \n                <!-- Comment -->\n                <p class=\"comments hidden\"><a href=\"https:\/\/www.hausamstrom.de\/en\/house-at-the-stream-and-large-scale-aquarium-engelhartszell-visible-in-the-tv-series-anna-und-die-wilden-tiere\/#respond\">0 comments<\/a>                <\/p><!-- Comment -->\n\n                \n                <p class=\"hidden category\">in Uncategorized<\/p>\n            <\/div><!-- Author & Category & Tag -->\n\n            <div class=\"entry-title\">\n                                <h4><a href=\"https:\/\/www.hausamstrom.de\/en\/house-at-the-stream-and-large-scale-aquarium-engelhartszell-visible-in-the-tv-series-anna-und-die-wilden-tiere\/\" title=\"Permalink to House at the stream and large-scale aquarium Engelhartszell visible in the TV-series \u201cAnna und die wilden Tiere\u201d\">House at the stream and large-scale aquarium Engelhartszell visible in the TV-series \u201cAnna und die wilden Tiere\u201d<\/a><\/h4>\n            <\/div>\n\n\t\t\t            \t<div class=\"entry-body\"><p>Anna enquired the way of life of a sterlet of our centre manager( Ralf Braun-Reichert) and aquatic ecologist (Gerald Zauner) and was present at the release of one into...<\/p><\/div>\n            \n            <!-- Read More Button -->\n            <a href='#' target='_self' title='' class='dt-sc-button   small icon-right with-icon  filled  type1' > Weiterlesen <span class='fa fa-long-arrow-right'> <\/span><\/a><!-- Read More Button -->\n\n            <div class=\"entry-format hidden\">\n                <a class=\"ico-format\" href=\"\"><\/a>\n            <\/div>\n\n        <\/div><!-- Post Details --><\/article><\/div><div class='column dt-sc-one-half first'><article id=\"post-6342\" class=\"blog-entry entry-date-left outer-frame-border format-standard post-6342 post type-post status-publish hentry category-uncategorized\">\n        <!-- Featured Image -->\n        <div class=\"entry-thumb\">\n        \t\t\t<\/div><!-- Featured Image -->\n\n        <!-- Post Details -->\n        <div class=\"entry-details\">\n\n            <!-- Date -->\n            <div class=\"entry-date \">\n                <span>14<\/span>Apr            <\/div><!-- Date -->\n\n            <!-- Author & Category & Tag -->\n                        <div class=\"entry-meta-data hidden\">\n            \t<p class=\"author hidden\">\n                \tby                    <a href=\"https:\/\/www.hausamstrom.de\/en\/author\/eidechse-has\/\" \n                    \t\t\t\t\ttitle=\"View all posts by Haus am Strom Redaktion\">Haus am Strom Redaktion<\/a>\n\t\t\t\t<\/p>\n                \n                <!-- Comment -->\n                <p class=\"comments hidden\"><a href=\"https:\/\/www.hausamstrom.de\/en\/exhibition-and-events-provisionally-closed\/#respond\">0 comments<\/a>                <\/p><!-- Comment -->\n\n                \n                <p class=\"hidden category\">in <a href=\"https:\/\/www.hausamstrom.de\/en\/category\/uncategorized\/\" rel=\"category tag\">Uncategorized<\/a><\/p>\n            <\/div><!-- Author & Category & Tag -->\n\n            <div class=\"entry-title\">\n                                <h4><a href=\"https:\/\/www.hausamstrom.de\/en\/exhibition-and-events-provisionally-closed\/\" title=\"Permalink to Exhibition and events provisionally closed\">Exhibition and events provisionally closed<\/a><\/h4>\n            <\/div>\n\n\t\t\t            \t<div class=\"entry-body\"><p>Dear visitors, due to the Coronavirus our exhibition is closed. All events that take place through us or at our location, are also cancelled. We expect to remain closed...<\/p><\/div>\n            \n            <!-- Read More Button -->\n            <a href='#' target='_self' title='' class='dt-sc-button   small icon-right with-icon  filled  type1' > Weiterlesen <span class='fa fa-long-arrow-right'> <\/span><\/a><!-- Read More Button -->\n\n            <div class=\"entry-format hidden\">\n                <a class=\"ico-format\" href=\"\"><\/a>\n            <\/div>\n\n        <\/div><!-- Post Details --><\/article><\/div><div class='column dt-sc-one-half'><article id=\"post-6341\" class=\"blog-entry entry-date-left outer-frame-border format-standard post-6341 post type-post status-publish hentry\">\n        <!-- Featured Image -->\n        <div class=\"entry-thumb\">\n        \t\t\t<\/div><!-- Featured Image -->\n\n        <!-- Post Details -->\n        <div class=\"entry-details\">\n\n            <!-- Date -->\n            <div class=\"entry-date \">\n                <span>14<\/span>Apr            <\/div><!-- Date -->\n\n            <!-- Author & Category & Tag -->\n                        <div class=\"entry-meta-data hidden\">\n            \t<p class=\"author hidden\">\n                \tby                    <a href=\"https:\/\/www.hausamstrom.de\/en\/author\/eidechse-has\/\" \n                    \t\t\t\t\ttitle=\"View all posts by Haus am Strom Redaktion\">Haus am Strom Redaktion<\/a>\n\t\t\t\t<\/p>\n                \n                <!-- Comment -->\n                <p class=\"comments hidden\"><a href=\"https:\/\/www.hausamstrom.de\/en\/anna-und-die-wilden-tiere-in-the-valley-of-lizards-and-snakes\/#respond\">0 comments<\/a>                <\/p><!-- Comment -->\n\n                \n                <p class=\"hidden category\">in Uncategorized<\/p>\n            <\/div><!-- Author & Category & Tag -->\n\n            <div class=\"entry-title\">\n                                <h4><a href=\"https:\/\/www.hausamstrom.de\/en\/anna-und-die-wilden-tiere-in-the-valley-of-lizards-and-snakes\/\" title=\"Permalink to \u201cAnna und die Wilden Tiere\u201d in the valley of lizards and snakes\">\u201cAnna und die Wilden Tiere\u201d in the valley of lizards and snakes<\/a><\/h4>\n            <\/div>\n\n\t\t\t            \t<div class=\"entry-body\"><p>Anna met up with the House at the stream, in the valley of lizards and snakes, in search of snakes. You can watch the episode here: https:\/\/www.kika.de\/anna-und-die-wilden-tiere\/sendungen\/sendung95916.html<\/p><\/div>\n            \n            <!-- Read More Button -->\n            <a href='#' target='_self' title='' class='dt-sc-button   small icon-right with-icon  filled  type1' > Weiterlesen <span class='fa fa-long-arrow-right'> <\/span><\/a><!-- Read More Button -->\n\n            <div class=\"entry-format hidden\">\n                <a class=\"ico-format\" href=\"\"><\/a>\n            <\/div>\n\n        <\/div><!-- Post Details --><\/article><\/div><\/div><\/div><div id=\"1559485355185-f648b5ce-5a27\" class=\"dt-sc-empty-space\"><\/div>[\/vc_column][\/vc_row][vc_row][vc_column][vc_custom_heading text=\u201dOpinions\u201d font_container=\u201dtag:h2|font_size:30px|text_align:center\u201d google_fonts=\u201dfont_family:Bubblegum%20Sans%3Aregular|font_style:400%20regular%3A400%3Anormal\u201d]<div class='dt-sc-testimonial-wrapper carousel_items type2 ' data-animation='scroll'><ul class=\"dt-sc-testimonial-carousel\"><li><div class='dt-sc-testimonial type2 '><div class=\"dt-sc-testimonial-quote\"><blockquote> <q>Das Sommerfest war super \u2026 am n\u00e4chsten Tag die Ausstellung inklusive Erlebnispfad \u2013 hat allen Spa\u00df gemacht! Nur zu empfehlen!<\/q> <\/blockquote><\/div><div class=\"dt-sc-testimonial-author\"><cite>Museumsverein Aschach a. d. Donau<small>19.01.2018<\/small><div class='rating-review-container'><div class='rating-review'><span class='author-rating rating-5'><\/span><\/div><\/div><\/cite><\/div><\/div><\/li><li><div class='dt-sc-testimonial type2 '><div class=\"dt-sc-testimonial-quote\"><blockquote> <q>Selten so eine abwechslungsreiche Ausstellung besucht!<\/q> <\/blockquote><\/div><div class=\"dt-sc-testimonial-author\"><cite>Fam. Beck<small>06.08.2017<\/small><div class='rating-review-container'><div class='rating-review'><span class='author-rating rating-5'><\/span><\/div><\/div><\/cite><\/div><\/div><\/li><li><div class='dt-sc-testimonial type2 '><div class=\"dt-sc-testimonial-quote\"><blockquote> <q>Viel Wissenswertes und interessant gestaltete R\u00e4ume. Einmal muss man mindestens hier gewesen sein!<\/q> <\/blockquote><\/div><div class=\"dt-sc-testimonial-author\"><cite>Matthias und Bianca<small>11.11.2017<\/small><div class='rating-review-container'><div class='rating-review'><span class='author-rating rating-5'><\/span><\/div><\/div><\/cite><\/div><\/div><\/li><li><div class='dt-sc-testimonial type2 '><div class=\"dt-sc-testimonial-quote\"><blockquote> <q>So toll! Ich war am Detektivtag, \u2026 Das fand ich super!<\/q> <\/blockquote><\/div><div class=\"dt-sc-testimonial-author\"><cite>Fam. Schiling<small>09.08.2017<\/small><div class='rating-review-container'><div class='rating-review'><span class='author-rating rating-5'><\/span><\/div><\/div><\/cite><\/div><\/div><\/li><li><div class='dt-sc-testimonial type2 '><div class=\"dt-sc-testimonial-quote\"><blockquote> <q>Sehr liebevolle und interessante Ausstellung mit viel Mitmachm\u00f6glichkeiten. Danke daf\u00fcr!<\/q> <\/blockquote><\/div><div class=\"dt-sc-testimonial-author\"><cite>Hannah-Sophie<small>12.04.2017<\/small><div class='rating-review-container'><div class='rating-review'><span class='author-rating rating-5'><\/span><\/div><\/div><\/cite><\/div><\/div><\/li><li><div class='dt-sc-testimonial type2 '><div class=\"dt-sc-testimonial-quote\"><blockquote> <q>Eine wunderbare, ansprechende und sehr interessante Ausstellung, Danke!<\/q> <\/blockquote><\/div><div class=\"dt-sc-testimonial-author\"><cite>A. Haadt<small>07.03.2017<\/small><div class='rating-review-container'><div class='rating-review'><span class='author-rating rating-5'><\/span><\/div><\/div><\/cite><\/div><\/div><\/li><li><div class='dt-sc-testimonial type2 '><div class=\"dt-sc-testimonial-quote\"><blockquote> <q>Super Angebote f\u00fcr klein und gro\u00df. Sehr viel Interessantes.<\/q> <\/blockquote><\/div><div class=\"dt-sc-testimonial-author\"><cite>Michaela und Andr\u00e9<small>05.02.2017<\/small><div class='rating-review-container'><div class='rating-review'><span class='author-rating rating-5'><\/span><\/div><\/div><\/cite><\/div><\/div><\/li><li><div class='dt-sc-testimonial type2 '><div class=\"dt-sc-testimonial-quote\"><blockquote> <q>Hatten einen tollen Tagesausflug. War super.<\/q> <\/blockquote><\/div><div class=\"dt-sc-testimonial-author\"><cite>Susi, Sonja und Johannes<small>07.05.2016<\/small><div class='rating-review-container'><div class='rating-review'><span class='author-rating rating-5'><\/span><\/div><\/div><\/cite><\/div><\/div><\/li><li><div class='dt-sc-testimonial type2 '><div class=\"dt-sc-testimonial-quote\"><blockquote> <q>Wir Kinder wollten eigentlich gar nicht ins Museum, aber jetzt sind wir positiv \u00fcberrascht. Danke.<\/q> <\/blockquote><\/div><div class=\"dt-sc-testimonial-author\"><cite>Denise, Kati und Verena<small>29.03.2016<\/small><div class='rating-review-container'><div class='rating-review'><span class='author-rating rating-5'><\/span><\/div><\/div><\/cite><\/div><\/div><\/li><li><div class='dt-sc-testimonial type2 '><div class=\"dt-sc-testimonial-quote\"><blockquote> <q>Heute am 29.03.2016 waren wir hier! Uns hat es sehr gefallen. Vor allem der Wasseraufzug. Das ist das beste Museum ever.<\/q> <\/blockquote><\/div><div class=\"dt-sc-testimonial-author\"><cite>Die Kringauer<small>02.04.2016<\/small><div class='rating-review-container'><div class='rating-review'><span class='author-rating rating-5'><\/span><\/div><\/div><\/cite><\/div><\/div><\/li><li><div class='dt-sc-testimonial type2 '><div class=\"dt-sc-testimonial-quote\"><blockquote> <q>Don Bosco Schule ist begeistert<\/q> <\/blockquote><\/div><div class=\"dt-sc-testimonial-author\"><cite>\u00b4Don Bosco Schule<small>25.03.2019<\/small><div class='rating-review-container'><div class='rating-review'><span class='author-rating rating-5'><\/span><\/div><\/div><\/cite><\/div><\/div><\/li><li><div class='dt-sc-testimonial type2 '><div class=\"dt-sc-testimonial-quote\"><blockquote> <q>Ein tolles Erlebnis, so viel Wissenswertes \u00fcber unser Wasser und Tierwelt<\/q> <\/blockquote><\/div><div class=\"dt-sc-testimonial-author\"><cite>Norbert und Christa aus Koblenz<small>28.03.2019<\/small><div class='rating-review-container'><div class='rating-review'><span class='author-rating rating-5'><\/span><\/div><\/div><\/cite><\/div><\/div><\/li><li><div class='dt-sc-testimonial type2 '><div class=\"dt-sc-testimonial-quote\"><blockquote> <q>Die Ausstellung ist zusammen mit dem Erlebnisweg eine runde und tolle Sache!<\/q> <\/blockquote><\/div><div class=\"dt-sc-testimonial-author\"><cite>Familie Zidler<small>11.07.2019<\/small><div class='rating-review-container'><div class='rating-review'><span class='author-rating rating-5'><\/span><\/div><\/div><\/cite><\/div><\/div><\/li><li><div class='dt-sc-testimonial type2 '><div class=\"dt-sc-testimonial-quote\"><blockquote> <q>Das Museum ist sehr lehrreich. Der Klangraum hat mir am meisten gefallen. Liebe Gr\u00fc\u00dfe aus Hessen<\/q> <\/blockquote><\/div><div class=\"dt-sc-testimonial-author\"><cite><small>22.07.2019<\/small><div class='rating-review-container'><div class='rating-review'><span class='author-rating rating-5'><\/span><\/div><\/div><\/cite><\/div><\/div><\/li><li><div class='dt-sc-testimonial type2 '><div class=\"dt-sc-testimonial-quote\"><blockquote> <q>Gro\u00dfe Klasse, mit viel Liebe zum Detail, der Klangraum hatte f\u00fcr jeden Geschmack etwas zu bieten. Wir werden es weiter empfehlen und hoffen, dass noch viele kleine und gro\u00dfe Wasserfans den Weg hierher finden. Alles Gute von 4 Chemnitzern<\/q> <\/blockquote><\/div><div class=\"dt-sc-testimonial-author\"><cite><small>28.07.2019<\/small><div class='rating-review-container'><div class='rating-review'><span class='author-rating rating-5'><\/span><\/div><\/div><\/cite><\/div><\/div><\/li><\/ul><div class=\"carousel-arrows\">\t<a href=\"#\" class=\"testimonial-prev\"> <\/a>\t<a href=\"#\" class=\"testimonial-next\"> <\/a><\/div><\/div>[\/vc_column][\/vc_row][vc_row][vc_column width=\u201d1\/3\u2033]<div id=\"1772011438845-22fd7ca9-a642\" class=\"dt-sc-empty-space\"><\/div>[vc_single_image image=\u201d4263\u2033 img_size=\u201dlarge\u201d css=\u201d\u201d][vc_single_image image=\u201d5587\u2033 img_size=\u201dlarge\u201d css=\u201d\u201d][\/vc_column][vc_column width=\u201d1\/3\u2033]<div id=\"1559485405406-3d34b30d-7ac7\" class=\"dt-sc-empty-space\"><\/div>[vc_single_image image=\u201d13586\u2033 img_size=\u201dlarge\u201d css=\u201d\u201d]<div id=\"1772011900968-58917df3-72ce\" class=\"dt-sc-empty-space\"><\/div>[vc_single_image image=\u201d13592\u2033 img_size=\u201dlarge\u201d css=\u201d\u201d][\/vc_column][vc_column width=\u201d1\/3\u2033]<div id=\"1772011571775-de454bc4-a203\" class=\"dt-sc-empty-space\"><\/div>[vc_single_image image=\u201d5591\u2033 img_size=\u201dlarge\u201d css=\u201d\u201d][vc_single_image image=\u201d4265\u2033 img_size=\u201dlarge\u201d css=\u201d\u201d][\/vc_column][\/vc_row]<\/p>\n<\/div>","protected":false},"excerpt":{"rendered":"<p>[vc_row full_width=\u201dstretch_row_content_no_spaces\u201d][vc_column][rev_slider_vc alias=\u201dstartseite\u201d][\/vc_column][\/vc_row][vc_row][vc_column][vc_custom_heading text=\u201dWelcome to the Haus am Strom\u201d font_container=\u201dtag:h2|font_size:30px|text_align:left\u201d google_fonts=\u201dfont_family:Bubblegum%20Sans%3Aregular|font_style:400%20regular%3A400%3Anormal\u201d][vc_column_text css=\u201d\u201d]The Haus am Strom is the environmental station of the district of Passau. Visit our exhibition or one of our numerous events. The Donauleiten nature reserve, that we are managing, also invites you to a pleasurable hike. Let a day end in our cosy [&hellip;]<\/p>\n","protected":false},"author":1,"featured_media":0,"parent":0,"menu_order":0,"comment_status":"closed","ping_status":"closed","template":"","meta":{"footnotes":""},"class_list":["post-5030","page","type-page","status-publish","hentry"],"yoast_head":"<!-- This site is optimized with the Yoast SEO plugin v27.5 - https:\/\/yoast.com\/product\/yoast-seo-wordpress\/ -->\n<title>Home - Haus am Strom<\/title>\n<meta name=\"robots\" content=\"index, follow, max-snippet:-1, max-image-preview:large, max-video-preview:-1\" \/>\n<link rel=\"canonical\" href=\"https:\/\/www.hausamstrom.de\/en\/\" \/>\n<meta property=\"og:locale\" content=\"en_US\" \/>\n<meta property=\"og:type\" content=\"article\" \/>\n<meta property=\"og:title\" content=\"Home - Haus am Strom\" \/>\n<meta property=\"og:description\" content=\"[vc_row full_width=\u201dstretch_row_content_no_spaces\u201d][vc_column][rev_slider_vc alias=\u201dstartseite\u201d][\/vc_column][\/vc_row][vc_row][vc_column][vc_custom_heading text=\u201dWelcome to the Haus am Strom\u201d font_container=\u201dtag:h2|font_size:30px|text_align:left\u201d google_fonts=\u201dfont_family:Bubblegum%20Sans%3Aregular|font_style:400%20regular%3A400%3Anormal\u201d][vc_column_text css=\u201d\u201d]The Haus am Strom is the environmental station of the district of Passau. Visit our exhibition or one of our numerous events. The Donauleiten nature reserve, that we are managing, also invites you to a pleasurable hike. Let a day end in our cosy [&hellip;]\" \/>\n<meta property=\"og:url\" content=\"https:\/\/www.hausamstrom.de\/en\/\" \/>\n<meta property=\"og:site_name\" content=\"Haus am Strom\" \/>\n<meta property=\"article:publisher\" content=\"https:\/\/www.facebook.com\/hausamstrom\" \/>\n<meta property=\"article:modified_time\" content=\"2026-02-26T09:18:23+00:00\" \/>\n<meta name=\"twitter:card\" content=\"summary_large_image\" \/>\n<meta name=\"twitter:label1\" content=\"Est. reading time\" \/>\n\t<meta name=\"twitter:data1\" content=\"6 minutes\" \/>\n<script type=\"application\/ld+json\" class=\"yoast-schema-graph\">{\"@context\":\"https:\\\/\\\/schema.org\",\"@graph\":[{\"@type\":\"WebPage\",\"@id\":\"https:\\\/\\\/www.hausamstrom.de\\\/en\\\/\",\"url\":\"https:\\\/\\\/www.hausamstrom.de\\\/en\\\/\",\"name\":\"Home - Haus am Strom\",\"isPartOf\":{\"@id\":\"https:\\\/\\\/www.hausamstrom.de\\\/de\\\/#website\"},\"datePublished\":\"2019-11-13T13:58:33+00:00\",\"dateModified\":\"2026-02-26T09:18:23+00:00\",\"breadcrumb\":{\"@id\":\"https:\\\/\\\/www.hausamstrom.de\\\/en\\\/#breadcrumb\"},\"inLanguage\":\"en-US\",\"potentialAction\":[{\"@type\":\"ReadAction\",\"target\":[\"https:\\\/\\\/www.hausamstrom.de\\\/en\\\/\"]}]},{\"@type\":\"BreadcrumbList\",\"@id\":\"https:\\\/\\\/www.hausamstrom.de\\\/en\\\/#breadcrumb\",\"itemListElement\":[{\"@type\":\"ListItem\",\"position\":1,\"name\":\"Home\",\"item\":\"https:\\\/\\\/www.hausamstrom.de\\\/en\\\/\"},{\"@type\":\"ListItem\",\"position\":2,\"name\":\"Home\"}]},{\"@type\":\"WebSite\",\"@id\":\"https:\\\/\\\/www.hausamstrom.de\\\/de\\\/#website\",\"url\":\"https:\\\/\\\/www.hausamstrom.de\\\/de\\\/\",\"name\":\"Haus am Strom\",\"description\":\"Umweltbildungsstation im Passauer Donautal. Umweltbildung und Naturschutz f\u00fcr Kinder und Erwachsenen.\",\"publisher\":{\"@id\":\"https:\\\/\\\/www.hausamstrom.de\\\/de\\\/#organization\"},\"potentialAction\":[{\"@type\":\"SearchAction\",\"target\":{\"@type\":\"EntryPoint\",\"urlTemplate\":\"https:\\\/\\\/www.hausamstrom.de\\\/de\\\/?s={search_term_string}\"},\"query-input\":{\"@type\":\"PropertyValueSpecification\",\"valueRequired\":true,\"valueName\":\"search_term_string\"}}],\"inLanguage\":\"en-US\"},{\"@type\":\"Organization\",\"@id\":\"https:\\\/\\\/www.hausamstrom.de\\\/de\\\/#organization\",\"name\":\"Haus am Strom\",\"url\":\"https:\\\/\\\/www.hausamstrom.de\\\/de\\\/\",\"logo\":{\"@type\":\"ImageObject\",\"inLanguage\":\"en-US\",\"@id\":\"https:\\\/\\\/www.hausamstrom.de\\\/de\\\/#\\\/schema\\\/logo\\\/image\\\/\",\"url\":\"https:\\\/\\\/www.hausamstrom.de\\\/wp-content\\\/uploads\\\/2025\\\/06\\\/Logo-quadratisch-1024x1024.jpg\",\"contentUrl\":\"https:\\\/\\\/www.hausamstrom.de\\\/wp-content\\\/uploads\\\/2025\\\/06\\\/Logo-quadratisch-1024x1024.jpg\",\"width\":1024,\"height\":1024,\"caption\":\"Haus am Strom\"},\"image\":{\"@id\":\"https:\\\/\\\/www.hausamstrom.de\\\/de\\\/#\\\/schema\\\/logo\\\/image\\\/\"},\"sameAs\":[\"https:\\\/\\\/www.facebook.com\\\/hausamstrom\",\"https:\\\/\\\/www.instagram.com\\\/\"]}]}<\/script>\n<!-- \/ Yoast SEO plugin. -->","yoast_head_json":{"title":"Home - Haus am Strom","robots":{"index":"index","follow":"follow","max-snippet":"max-snippet:-1","max-image-preview":"max-image-preview:large","max-video-preview":"max-video-preview:-1"},"canonical":"https:\/\/www.hausamstrom.de\/en\/","og_locale":"en_US","og_type":"article","og_title":"Home - Haus am Strom","og_description":"[vc_row full_width=\u201dstretch_row_content_no_spaces\u201d][vc_column][rev_slider_vc alias=\u201dstartseite\u201d][\/vc_column][\/vc_row][vc_row][vc_column][vc_custom_heading text=\u201dWelcome to the Haus am Strom\u201d font_container=\u201dtag:h2|font_size:30px|text_align:left\u201d google_fonts=\u201dfont_family:Bubblegum%20Sans%3Aregular|font_style:400%20regular%3A400%3Anormal\u201d][vc_column_text css=\u201d\u201d]The Haus am Strom is the environmental station of the district of Passau. Visit our exhibition or one of our numerous events. The Donauleiten nature reserve, that we are managing, also invites you to a pleasurable hike. Let a day end in our cosy [&hellip;]","og_url":"https:\/\/www.hausamstrom.de\/en\/","og_site_name":"Haus am Strom","article_publisher":"https:\/\/www.facebook.com\/hausamstrom","article_modified_time":"2026-02-26T09:18:23+00:00","twitter_card":"summary_large_image","twitter_misc":{"Est. reading time":"6 minutes"},"schema":{"@context":"https:\/\/schema.org","@graph":[{"@type":"WebPage","@id":"https:\/\/www.hausamstrom.de\/en\/","url":"https:\/\/www.hausamstrom.de\/en\/","name":"Home - Haus am Strom","isPartOf":{"@id":"https:\/\/www.hausamstrom.de\/de\/#website"},"datePublished":"2019-11-13T13:58:33+00:00","dateModified":"2026-02-26T09:18:23+00:00","breadcrumb":{"@id":"https:\/\/www.hausamstrom.de\/en\/#breadcrumb"},"inLanguage":"en-US","potentialAction":[{"@type":"ReadAction","target":["https:\/\/www.hausamstrom.de\/en\/"]}]},{"@type":"BreadcrumbList","@id":"https:\/\/www.hausamstrom.de\/en\/#breadcrumb","itemListElement":[{"@type":"ListItem","position":1,"name":"Home","item":"https:\/\/www.hausamstrom.de\/en\/"},{"@type":"ListItem","position":2,"name":"Home"}]},{"@type":"WebSite","@id":"https:\/\/www.hausamstrom.de\/de\/#website","url":"https:\/\/www.hausamstrom.de\/de\/","name":"Haus am Strom","description":"Umweltbildungsstation im Passauer Donautal. Umweltbildung und Naturschutz f\u00fcr Kinder und Erwachsenen.","publisher":{"@id":"https:\/\/www.hausamstrom.de\/de\/#organization"},"potentialAction":[{"@type":"SearchAction","target":{"@type":"EntryPoint","urlTemplate":"https:\/\/www.hausamstrom.de\/de\/?s={search_term_string}"},"query-input":{"@type":"PropertyValueSpecification","valueRequired":true,"valueName":"search_term_string"}}],"inLanguage":"en-US"},{"@type":"Organization","@id":"https:\/\/www.hausamstrom.de\/de\/#organization","name":"Haus am Strom","url":"https:\/\/www.hausamstrom.de\/de\/","logo":{"@type":"ImageObject","inLanguage":"en-US","@id":"https:\/\/www.hausamstrom.de\/de\/#\/schema\/logo\/image\/","url":"https:\/\/www.hausamstrom.de\/wp-content\/uploads\/2025\/06\/Logo-quadratisch-1024x1024.jpg","contentUrl":"https:\/\/www.hausamstrom.de\/wp-content\/uploads\/2025\/06\/Logo-quadratisch-1024x1024.jpg","width":1024,"height":1024,"caption":"Haus am Strom"},"image":{"@id":"https:\/\/www.hausamstrom.de\/de\/#\/schema\/logo\/image\/"},"sameAs":["https:\/\/www.facebook.com\/hausamstrom","https:\/\/www.instagram.com\/"]}]}},"_links":{"self":[{"href":"https:\/\/www.hausamstrom.de\/en\/wp-json\/wp\/v2\/pages\/5030","targetHints":{"allow":["GET"]}}],"collection":[{"href":"https:\/\/www.hausamstrom.de\/en\/wp-json\/wp\/v2\/pages"}],"about":[{"href":"https:\/\/www.hausamstrom.de\/en\/wp-json\/wp\/v2\/types\/page"}],"author":[{"embeddable":true,"href":"https:\/\/www.hausamstrom.de\/en\/wp-json\/wp\/v2\/users\/1"}],"replies":[{"embeddable":true,"href":"https:\/\/www.hausamstrom.de\/en\/wp-json\/wp\/v2\/comments?post=5030"}],"version-history":[{"count":10,"href":"https:\/\/www.hausamstrom.de\/en\/wp-json\/wp\/v2\/pages\/5030\/revisions"}],"predecessor-version":[{"id":14147,"href":"https:\/\/www.hausamstrom.de\/en\/wp-json\/wp\/v2\/pages\/5030\/revisions\/14147"}],"wp:attachment":[{"href":"https:\/\/www.hausamstrom.de\/en\/wp-json\/wp\/v2\/media?parent=5030"}],"curies":[{"name":"wp","href":"https:\/\/api.w.org\/{rel}","templated":true}]}}